{"id":29059,"date":"2022-10-25T13:56:29","date_gmt":"2022-10-25T11:56:29","guid":{"rendered":"https:\/\/new.afi-ipl.org\/afi_ipl_consiglia\/das-buergereinkommen-in-suedtirol-im-vergleich-zum-restlichen-italien\/"},"modified":"2024-09-25T15:55:04","modified_gmt":"2024-09-25T13:55:04","slug":"das-buergereinkommen-in-suedtirol-im-vergleich-zum-restlichen-italien","status":"publish","type":"afi_ipl_consiglia","link":"https:\/\/www.afi-ipl.org\/de\/afi_ipl_consiglia\/das-buergereinkommen-in-suedtirol-im-vergleich-zum-restlichen-italien\/","title":{"rendered":"Das \u201eB\u00fcrgereinkommen\u201c in S\u00fcdtirol im Vergleich zum restlichen Italien"},"content":{"rendered":"<p style=\"text-align: justify;\">Das \u201eB\u00fcrgereinkommen\u201c, it. <em>Reddito di Cittadinanza (RdC) <\/em>sowie die \u201cB\u00fcrgerrente\u201d, it. <em>Pensione di Cittadinanza<\/em> <em>(PdC) <\/em>wurden Italienweit im Januar 2019 eingef\u00fchrt. Seither dienten diese Staatsbeitr\u00e4ge als wichtige Form der Mindestsicherung, welche mit anderen europ\u00e4ischen Sozialstaatparametern verglichen werden k\u00f6nnen. Laut INPS\/NISF-Daten, die j\u00fcngst ver\u00f6ffentlicht wurden, erhielten im August 2022 circa 1 Million Familien den <em>RdC<\/em>, knapp 200.000 Tausend Familien die <em>PdC<\/em>, also umgerechnet ungef\u00e4hr 2,5 Millionen Personen.<\/p>\n<p style=\"text-align: justify;\">S\u00fcdtirolweit bel\u00e4uft sich die Anzahl von <em>RdC<\/em>&#8211; und <em>PdC<\/em>-Empf\u00e4ngern auf jeweils 656 und 40. Der, vor allem im Vergleich zu s\u00fcditalienischen Provinzen geringe Anteil, den S\u00fcdtiroler ausmachen (er entspricht nur 0,028% aller Empf\u00e4nger in Italien), l\u00e4sst sich nicht nur durch die bessere wirtschaftliche Lage in S\u00fcdtirol erkl\u00e4ren, sondern auch durch den Umstnd, dass die Landespolitik in Sachen \u00d6ffentliche F\u00fcrsorge und Wohlfahrt bereits seit den 70er Jahren \u2013 nach bundesdeutschem Vorbild \u2013 wichtige Leistungen eingef\u00fchrt hat \u2013 z.B. das soziale Mindesteinkommen, welches sich im Vergleich zum B\u00fcrgereinkommen als niederschwelliger erwiesen hat und oftmals gro\u00dfz\u00fcgigere Beitr\u00e4ge anbietet.<\/p>\n<p><strong><em>Quelle<\/em><\/strong>: INPS\/NISF (September 2022)<\/p>\n","protected":false},"featured_media":21503,"template":"","class_list":["post-29059","afi_ipl_consiglia","type-afi_ipl_consiglia","status-publish","has-post-thumbnail","hentry"],"acf":[],"aioseo_notices":[],"yoast_head":"<!-- This site is optimized with the Yoast SEO plugin v27.4 - https:\/\/yoast.com\/product\/yoast-seo-wordpress\/ -->\n<title>Das \u201eB\u00fcrgereinkommen\u201c in S\u00fcdtirol im Vergleich zum restlichen Italien - AFI-IPL<\/title>\n<meta name=\"robots\" content=\"index, follow, max-snippet:-1, max-image-preview:large, max-video-preview:-1\" \/>\n<link rel=\"canonical\" href=\"https:\/\/www.afi-ipl.org\/de\/afi_ipl_consiglia\/das-buergereinkommen-in-suedtirol-im-vergleich-zum-restlichen-italien\/\" \/>\n<meta property=\"og:locale\" content=\"de_DE\" \/>\n<meta property=\"og:type\" content=\"article\" \/>\n<meta property=\"og:title\" content=\"Das \u201eB\u00fcrgereinkommen\u201c in S\u00fcdtirol im Vergleich zum restlichen Italien - AFI-IPL\" \/>\n<meta property=\"og:description\" content=\"Das \u201eB\u00fcrgereinkommen\u201c, it. Reddito di Cittadinanza (RdC) sowie die \u201cB\u00fcrgerrente\u201d, it. Pensione di Cittadinanza (PdC) wurden Italienweit im Januar 2019 eingef\u00fchrt. Seither dienten diese Staatsbeitr\u00e4ge als wichtige Form der Mindestsicherung, welche mit anderen europ\u00e4ischen Sozialstaatparametern verglichen werden k\u00f6nnen. Laut INPS\/NISF-Daten, die j\u00fcngst ver\u00f6ffentlicht wurden, erhielten im August 2022 circa 1 Million Familien den RdC, knapp [&hellip;]\" \/>\n<meta property=\"og:url\" content=\"https:\/\/www.afi-ipl.org\/de\/afi_ipl_consiglia\/das-buergereinkommen-in-suedtirol-im-vergleich-zum-restlichen-italien\/\" \/>\n<meta property=\"og:site_name\" content=\"AFI-IPL\" \/>\n<meta property=\"article:publisher\" content=\"https:\/\/www.facebook.com\/afi.ipl\" \/>\n<meta property=\"article:modified_time\" content=\"2024-09-25T13:55:04+00:00\" \/>\n<meta property=\"og:image\" content=\"https:\/\/www.afi-ipl.org\/wp-content\/uploads\/AltoAdige-cartaRdC.png\" \/>\n\t<meta property=\"og:image:width\" content=\"1566\" \/>\n\t<meta property=\"og:image:height\" content=\"1038\" \/>\n\t<meta property=\"og:image:type\" content=\"image\/png\" \/>\n<meta name=\"twitter:card\" content=\"summary_large_image\" \/>\n<meta name=\"twitter:site\" content=\"@afi_ipl\" \/>\n<meta name=\"twitter:label1\" content=\"Gesch\u00e4tzte Lesezeit\" \/>\n\t<meta name=\"twitter:data1\" content=\"2\u00a0Minuten\" \/>\n<script type=\"application\/ld+json\" class=\"yoast-schema-graph\">{\"@context\":\"https:\\\/\\\/schema.org\",\"@graph\":[{\"@type\":\"WebPage\",\"@id\":\"https:\\\/\\\/www.afi-ipl.org\\\/de\\\/afi_ipl_consiglia\\\/das-buergereinkommen-in-suedtirol-im-vergleich-zum-restlichen-italien\\\/\",\"url\":\"https:\\\/\\\/www.afi-ipl.org\\\/de\\\/afi_ipl_consiglia\\\/das-buergereinkommen-in-suedtirol-im-vergleich-zum-restlichen-italien\\\/\",\"name\":\"Das \u201eB\u00fcrgereinkommen\u201c in S\u00fcdtirol im Vergleich zum restlichen Italien - AFI-IPL\",\"isPartOf\":{\"@id\":\"https:\\\/\\\/www.afi-ipl.org\\\/de\\\/#website\"},\"primaryImageOfPage\":{\"@id\":\"https:\\\/\\\/www.afi-ipl.org\\\/de\\\/afi_ipl_consiglia\\\/das-buergereinkommen-in-suedtirol-im-vergleich-zum-restlichen-italien\\\/#primaryimage\"},\"image\":{\"@id\":\"https:\\\/\\\/www.afi-ipl.org\\\/de\\\/afi_ipl_consiglia\\\/das-buergereinkommen-in-suedtirol-im-vergleich-zum-restlichen-italien\\\/#primaryimage\"},\"thumbnailUrl\":\"https:\\\/\\\/www.afi-ipl.org\\\/wp-content\\\/uploads\\\/AltoAdige-cartaRdC.png\",\"datePublished\":\"2022-10-25T11:56:29+00:00\",\"dateModified\":\"2024-09-25T13:55:04+00:00\",\"breadcrumb\":{\"@id\":\"https:\\\/\\\/www.afi-ipl.org\\\/de\\\/afi_ipl_consiglia\\\/das-buergereinkommen-in-suedtirol-im-vergleich-zum-restlichen-italien\\\/#breadcrumb\"},\"inLanguage\":\"de\",\"potentialAction\":[{\"@type\":\"ReadAction\",\"target\":[\"https:\\\/\\\/www.afi-ipl.org\\\/de\\\/afi_ipl_consiglia\\\/das-buergereinkommen-in-suedtirol-im-vergleich-zum-restlichen-italien\\\/\"]}]},{\"@type\":\"ImageObject\",\"inLanguage\":\"de\",\"@id\":\"https:\\\/\\\/www.afi-ipl.org\\\/de\\\/afi_ipl_consiglia\\\/das-buergereinkommen-in-suedtirol-im-vergleich-zum-restlichen-italien\\\/#primaryimage\",\"url\":\"https:\\\/\\\/www.afi-ipl.org\\\/wp-content\\\/uploads\\\/AltoAdige-cartaRdC.png\",\"contentUrl\":\"https:\\\/\\\/www.afi-ipl.org\\\/wp-content\\\/uploads\\\/AltoAdige-cartaRdC.png\",\"width\":1566,\"height\":1038},{\"@type\":\"BreadcrumbList\",\"@id\":\"https:\\\/\\\/www.afi-ipl.org\\\/de\\\/afi_ipl_consiglia\\\/das-buergereinkommen-in-suedtirol-im-vergleich-zum-restlichen-italien\\\/#breadcrumb\",\"itemListElement\":[{\"@type\":\"ListItem\",\"position\":1,\"name\":\"Home\",\"item\":\"https:\\\/\\\/www.afi-ipl.org\\\/de\\\/\"},{\"@type\":\"ListItem\",\"position\":2,\"name\":\"Das \u201eB\u00fcrgereinkommen\u201c in S\u00fcdtirol im Vergleich zum restlichen Italien\"}]},{\"@type\":\"WebSite\",\"@id\":\"https:\\\/\\\/www.afi-ipl.org\\\/de\\\/#website\",\"url\":\"https:\\\/\\\/www.afi-ipl.org\\\/de\\\/\",\"name\":\"AFI-IPL\",\"description\":\"\",\"publisher\":{\"@id\":\"https:\\\/\\\/www.afi-ipl.org\\\/de\\\/#organization\"},\"potentialAction\":[{\"@type\":\"SearchAction\",\"target\":{\"@type\":\"EntryPoint\",\"urlTemplate\":\"https:\\\/\\\/www.afi-ipl.org\\\/de\\\/?s={search_term_string}\"},\"query-input\":{\"@type\":\"PropertyValueSpecification\",\"valueRequired\":true,\"valueName\":\"search_term_string\"}}],\"inLanguage\":\"de\"},{\"@type\":\"Organization\",\"@id\":\"https:\\\/\\\/www.afi-ipl.org\\\/de\\\/#organization\",\"name\":\"AFI-IPL\",\"url\":\"https:\\\/\\\/www.afi-ipl.org\\\/de\\\/\",\"logo\":{\"@type\":\"ImageObject\",\"inLanguage\":\"de\",\"@id\":\"https:\\\/\\\/www.afi-ipl.org\\\/de\\\/#\\\/schema\\\/logo\\\/image\\\/\",\"url\":\"https:\\\/\\\/www.afi-ipl.org\\\/wp-content\\\/uploads\\\/Logo-mit-Zusatz.svg\",\"contentUrl\":\"https:\\\/\\\/www.afi-ipl.org\\\/wp-content\\\/uploads\\\/Logo-mit-Zusatz.svg\",\"width\":241,\"height\":58,\"caption\":\"AFI-IPL\"},\"image\":{\"@id\":\"https:\\\/\\\/www.afi-ipl.org\\\/de\\\/#\\\/schema\\\/logo\\\/image\\\/\"},\"sameAs\":[\"https:\\\/\\\/www.facebook.com\\\/afi.ipl\",\"https:\\\/\\\/x.com\\\/afi_ipl\",\"https:\\\/\\\/www.youtube.com\\\/@afiipl\",\"https:\\\/\\\/www.instagram.com\\\/afiipl\",\"https:\\\/\\\/www.instagram.com\\\/perinistefan\"]}]}<\/script>\n<!-- \/ Yoast SEO plugin. -->","yoast_head_json":{"title":"Das \u201eB\u00fcrgereinkommen\u201c in S\u00fcdtirol im Vergleich zum restlichen Italien - AFI-IPL","robots":{"index":"index","follow":"follow","max-snippet":"max-snippet:-1","max-image-preview":"max-image-preview:large","max-video-preview":"max-video-preview:-1"},"canonical":"https:\/\/www.afi-ipl.org\/de\/afi_ipl_consiglia\/das-buergereinkommen-in-suedtirol-im-vergleich-zum-restlichen-italien\/","og_locale":"de_DE","og_type":"article","og_title":"Das \u201eB\u00fcrgereinkommen\u201c in S\u00fcdtirol im Vergleich zum restlichen Italien - AFI-IPL","og_description":"Das \u201eB\u00fcrgereinkommen\u201c, it. Reddito di Cittadinanza (RdC) sowie die \u201cB\u00fcrgerrente\u201d, it. Pensione di Cittadinanza (PdC) wurden Italienweit im Januar 2019 eingef\u00fchrt. Seither dienten diese Staatsbeitr\u00e4ge als wichtige Form der Mindestsicherung, welche mit anderen europ\u00e4ischen Sozialstaatparametern verglichen werden k\u00f6nnen. Laut INPS\/NISF-Daten, die j\u00fcngst ver\u00f6ffentlicht wurden, erhielten im August 2022 circa 1 Million Familien den RdC, knapp [&hellip;]","og_url":"https:\/\/www.afi-ipl.org\/de\/afi_ipl_consiglia\/das-buergereinkommen-in-suedtirol-im-vergleich-zum-restlichen-italien\/","og_site_name":"AFI-IPL","article_publisher":"https:\/\/www.facebook.com\/afi.ipl","article_modified_time":"2024-09-25T13:55:04+00:00","og_image":[{"width":1566,"height":1038,"url":"https:\/\/www.afi-ipl.org\/wp-content\/uploads\/AltoAdige-cartaRdC.png","type":"image\/png"}],"twitter_card":"summary_large_image","twitter_site":"@afi_ipl","twitter_misc":{"Gesch\u00e4tzte Lesezeit":"2\u00a0Minuten"},"schema":{"@context":"https:\/\/schema.org","@graph":[{"@type":"WebPage","@id":"https:\/\/www.afi-ipl.org\/de\/afi_ipl_consiglia\/das-buergereinkommen-in-suedtirol-im-vergleich-zum-restlichen-italien\/","url":"https:\/\/www.afi-ipl.org\/de\/afi_ipl_consiglia\/das-buergereinkommen-in-suedtirol-im-vergleich-zum-restlichen-italien\/","name":"Das \u201eB\u00fcrgereinkommen\u201c in S\u00fcdtirol im Vergleich zum restlichen Italien - AFI-IPL","isPartOf":{"@id":"https:\/\/www.afi-ipl.org\/de\/#website"},"primaryImageOfPage":{"@id":"https:\/\/www.afi-ipl.org\/de\/afi_ipl_consiglia\/das-buergereinkommen-in-suedtirol-im-vergleich-zum-restlichen-italien\/#primaryimage"},"image":{"@id":"https:\/\/www.afi-ipl.org\/de\/afi_ipl_consiglia\/das-buergereinkommen-in-suedtirol-im-vergleich-zum-restlichen-italien\/#primaryimage"},"thumbnailUrl":"https:\/\/www.afi-ipl.org\/wp-content\/uploads\/AltoAdige-cartaRdC.png","datePublished":"2022-10-25T11:56:29+00:00","dateModified":"2024-09-25T13:55:04+00:00","breadcrumb":{"@id":"https:\/\/www.afi-ipl.org\/de\/afi_ipl_consiglia\/das-buergereinkommen-in-suedtirol-im-vergleich-zum-restlichen-italien\/#breadcrumb"},"inLanguage":"de","potentialAction":[{"@type":"ReadAction","target":["https:\/\/www.afi-ipl.org\/de\/afi_ipl_consiglia\/das-buergereinkommen-in-suedtirol-im-vergleich-zum-restlichen-italien\/"]}]},{"@type":"ImageObject","inLanguage":"de","@id":"https:\/\/www.afi-ipl.org\/de\/afi_ipl_consiglia\/das-buergereinkommen-in-suedtirol-im-vergleich-zum-restlichen-italien\/#primaryimage","url":"https:\/\/www.afi-ipl.org\/wp-content\/uploads\/AltoAdige-cartaRdC.png","contentUrl":"https:\/\/www.afi-ipl.org\/wp-content\/uploads\/AltoAdige-cartaRdC.png","width":1566,"height":1038},{"@type":"BreadcrumbList","@id":"https:\/\/www.afi-ipl.org\/de\/afi_ipl_consiglia\/das-buergereinkommen-in-suedtirol-im-vergleich-zum-restlichen-italien\/#breadcrumb","itemListElement":[{"@type":"ListItem","position":1,"name":"Home","item":"https:\/\/www.afi-ipl.org\/de\/"},{"@type":"ListItem","position":2,"name":"Das \u201eB\u00fcrgereinkommen\u201c in S\u00fcdtirol im Vergleich zum restlichen Italien"}]},{"@type":"WebSite","@id":"https:\/\/www.afi-ipl.org\/de\/#website","url":"https:\/\/www.afi-ipl.org\/de\/","name":"AFI-IPL","description":"","publisher":{"@id":"https:\/\/www.afi-ipl.org\/de\/#organization"},"potentialAction":[{"@type":"SearchAction","target":{"@type":"EntryPoint","urlTemplate":"https:\/\/www.afi-ipl.org\/de\/?s={search_term_string}"},"query-input":{"@type":"PropertyValueSpecification","valueRequired":true,"valueName":"search_term_string"}}],"inLanguage":"de"},{"@type":"Organization","@id":"https:\/\/www.afi-ipl.org\/de\/#organization","name":"AFI-IPL","url":"https:\/\/www.afi-ipl.org\/de\/","logo":{"@type":"ImageObject","inLanguage":"de","@id":"https:\/\/www.afi-ipl.org\/de\/#\/schema\/logo\/image\/","url":"https:\/\/www.afi-ipl.org\/wp-content\/uploads\/Logo-mit-Zusatz.svg","contentUrl":"https:\/\/www.afi-ipl.org\/wp-content\/uploads\/Logo-mit-Zusatz.svg","width":241,"height":58,"caption":"AFI-IPL"},"image":{"@id":"https:\/\/www.afi-ipl.org\/de\/#\/schema\/logo\/image\/"},"sameAs":["https:\/\/www.facebook.com\/afi.ipl","https:\/\/x.com\/afi_ipl","https:\/\/www.youtube.com\/@afiipl","https:\/\/www.instagram.com\/afiipl","https:\/\/www.instagram.com\/perinistefan"]}]}},"_links":{"self":[{"href":"https:\/\/www.afi-ipl.org\/de\/wp-json\/wp\/v2\/afi_ipl_consiglia\/29059","targetHints":{"allow":["GET"]}}],"collection":[{"href":"https:\/\/www.afi-ipl.org\/de\/wp-json\/wp\/v2\/afi_ipl_consiglia"}],"about":[{"href":"https:\/\/www.afi-ipl.org\/de\/wp-json\/wp\/v2\/types\/afi_ipl_consiglia"}],"version-history":[{"count":1,"href":"https:\/\/www.afi-ipl.org\/de\/wp-json\/wp\/v2\/afi_ipl_consiglia\/29059\/revisions"}],"predecessor-version":[{"id":53088,"href":"https:\/\/www.afi-ipl.org\/de\/wp-json\/wp\/v2\/afi_ipl_consiglia\/29059\/revisions\/53088"}],"wp:featuredmedia":[{"embeddable":true,"href":"https:\/\/www.afi-ipl.org\/de\/wp-json\/wp\/v2\/media\/21503"}],"wp:attachment":[{"href":"https:\/\/www.afi-ipl.org\/de\/wp-json\/wp\/v2\/media?parent=29059"}],"curies":[{"name":"wp","href":"https:\/\/api.w.org\/{rel}","templated":true}]}}