{"id":33715,"date":"2016-05-05T13:43:52","date_gmt":"2016-05-05T11:43:52","guid":{"rendered":"https:\/\/new.afi-ipl.org\/afi_ipl_eventi\/malattie-croniche-occupabilita-e-condizioni-di-lavoro-dei-soggetti-coinvolti-documentazione-convegno\/"},"modified":"2024-09-25T09:49:22","modified_gmt":"2024-09-25T07:49:22","slug":"chronische-krankheiten-beschaeftigungsfaehigkeit-und-arbeitsbedingungen-der-betroffenen-tagungsdokumentation","status":"publish","type":"afi_ipl_eventi","link":"https:\/\/www.afi-ipl.org\/de\/afi_ipl_eventi\/chronische-krankheiten-beschaeftigungsfaehigkeit-und-arbeitsbedingungen-der-betroffenen-tagungsdokumentation\/","title":{"rendered":"Chronische Krankheiten. Besch\u00e4ftigungsf\u00e4higkeit und Arbeitsbedingungen der Betroffenen [Tagungsdokumentation]"},"content":{"rendered":"<p><strong><span lang=\"IT\">Der Umgang mit chronisch Kranken wird in der Arbeitswelt stets wichtiger, da &#8211; bedingt durch die demografische Entwicklung &#8211; mehr Besch\u00e4ftigte davon betroffen sind. Mit dieser Tagung will das AFI | Arbeitsf\u00f6rderungsinstitut \u00fcber die Thematik informieren und innovative Ans\u00e4tze aufzeigen.\u00a0<\/span><\/strong><\/p>\n<ul>\n<li><a href=\"https:\/\/afi-ipl.org\/wp-content\/uploads\/2016-05-27-Programm-Chronische-Krankheiten-Programma-Malattie-Croniche.pdf\" target=\"_blank\" rel=\"noopener\"><strong>Programm &gt;&gt;<\/strong><\/a><\/li>\n<\/ul>\n<hr \/>\n<h4>Tagungsbeitr\u00e4ge<\/h4>\n<ul>\n<li><a href=\"https:\/\/afi-ipl.org\/wp-content\/uploads\/2016-05-27-01-Slides-Vortrag-Verbreitung-chronische-Krankheiten-Melani-zweisprachig.pdf\" target=\"_blank\" rel=\"noopener\"><strong>Die Verbreitung der chronischen Krankheiten in S\u00fcdtirol<\/strong> (Carla Melani, Epidemiologische Beobachtungsstelle) &gt;&gt;<\/a><\/li>\n<\/ul>\n<ul>\n<li><a href=\"https:\/\/afi-ipl.org\/wp-content\/uploads\/2016-05-27-02-deu-Abstract-Varva-Spannungsfeld-chronische-Krankheit.pdf\" target=\"_blank\" rel=\"noopener\"><strong>Abstract &#8211; Chronische Krankheiten und Arbeitswelt im Spannungsfeld der gesetzlichen Vorgaben und der Praxis<\/strong> (Simone Varva, PhD in Rechswissenschaften und Vertragsdozent f\u00fcr Arbeitsrecht (Universit\u00e0 degli Studi di Milano &#8211; Bicocca) ) &gt;&gt;<\/a><\/li>\n<\/ul>\n<ul>\n<li><a href=\"https:\/\/afi-ipl.org\/wp-content\/uploads\/2016-05-27-03-deu-Abstract-Caragnano-dezentrale-Verhandlungen.pdf\" target=\"_blank\" rel=\"noopener\"><strong>Abstract &#8211; Chronische Krankheiten und deren Auswirkungen auf den Arbeitsmarkt: Die Rolle der dezentralen Kollektivvertr\u00e4ge<\/strong> (Roberta Caragnano, Rechtsanw\u00e4ltin, Expertin f\u00fcr Arbeitspolitik, Dozentin f\u00fcr Arbeitsrecht der europ\u00e4ischen Union) &gt;&gt;<\/a><\/li>\n<\/ul>\n<ul>\n<li><a href=\"https:\/\/afi-ipl.org\/wp-content\/uploads\/2016-05-27-03-Slides-Caragnano-Contrattazione-decentrata.pdf\" target=\"_blank\" rel=\"noopener\"><strong>Slides &#8211; Malattie croniche: l\u2019impatto sul mercato del lavoro e il ruolo della contrattazione decentrata<\/strong> &gt;&gt;<\/a>\u00a0 (nur in italienischer Sprache verf\u00fcgbar)<\/li>\n<\/ul>\n<ul>\n<li><strong><a href=\"https:\/\/afi-ipl.org\/wp-content\/uploads\/2016-05-27-Slides-Varva-Malattie-croniche-e-lavoro-tra-normativa-e-prassi.pdf\" target=\"_blank\" rel=\"noopener\">Slides &#8211; Malattie croniche e lavoro tra normativa e prassi &gt;&gt;<\/a><\/strong> (nur in italienischer Sprache verf\u00fcgbar)<\/li>\n<\/ul>\n<ul>\n<li><a href=\"https:\/\/afi-ipl.org\/wp-content\/uploads\/2016-05-27-04-Slides-Eingliederungsmanagement-am-Bsp-\u00d6sterreich.pdf\" target=\"_blank\" rel=\"noopener\"><strong>Slides &#8211; Das \u00f6sterreichische Eingliederungsmanagement chronisch Kranker<\/strong> &gt;&gt;<\/a><\/li>\n<\/ul>\n","protected":false},"featured_media":8405,"template":"","class_list":["post-33715","afi_ipl_eventi","type-afi_ipl_eventi","status-publish","has-post-thumbnail","hentry","unterteilungen-tagungen-und-webinare"],"acf":[],"aioseo_notices":[],"yoast_head":"<!-- This site is optimized with the Yoast SEO plugin v27.4 - https:\/\/yoast.com\/product\/yoast-seo-wordpress\/ -->\n<title>Chronische Krankheiten. Besch\u00e4ftigungsf\u00e4higkeit und Arbeitsbedingungen der Betroffenen [Tagungsdokumentation] - AFI-IPL<\/title>\n<meta name=\"robots\" content=\"index, follow, max-snippet:-1, max-image-preview:large, max-video-preview:-1\" \/>\n<link rel=\"canonical\" href=\"https:\/\/www.afi-ipl.org\/de\/afi_ipl_eventi\/chronische-krankheiten-beschaeftigungsfaehigkeit-und-arbeitsbedingungen-der-betroffenen-tagungsdokumentation\/\" \/>\n<meta property=\"og:locale\" content=\"de_DE\" \/>\n<meta property=\"og:type\" content=\"article\" \/>\n<meta property=\"og:title\" content=\"Chronische Krankheiten. Besch\u00e4ftigungsf\u00e4higkeit und Arbeitsbedingungen der Betroffenen [Tagungsdokumentation] - AFI-IPL\" \/>\n<meta property=\"og:description\" content=\"Der Umgang mit chronisch Kranken wird in der Arbeitswelt stets wichtiger, da &#8211; bedingt durch die demografische Entwicklung &#8211; mehr Besch\u00e4ftigte davon betroffen sind. Mit dieser Tagung will das AFI | Arbeitsf\u00f6rderungsinstitut \u00fcber die Thematik informieren und innovative Ans\u00e4tze aufzeigen.\u00a0 Programm &gt;&gt; Tagungsbeitr\u00e4ge Die Verbreitung der chronischen Krankheiten in S\u00fcdtirol (Carla Melani, Epidemiologische Beobachtungsstelle) &gt;&gt; [&hellip;]\" \/>\n<meta property=\"og:url\" content=\"https:\/\/www.afi-ipl.org\/de\/afi_ipl_eventi\/chronische-krankheiten-beschaeftigungsfaehigkeit-und-arbeitsbedingungen-der-betroffenen-tagungsdokumentation\/\" \/>\n<meta property=\"og:site_name\" content=\"AFI-IPL\" \/>\n<meta property=\"article:publisher\" content=\"https:\/\/www.facebook.com\/afi.ipl\" \/>\n<meta property=\"article:modified_time\" content=\"2024-09-25T07:49:22+00:00\" \/>\n<meta property=\"og:image\" content=\"https:\/\/www.afi-ipl.org\/wp-content\/uploads\/Evento-FB-malattie-croniche.png\" \/>\n\t<meta property=\"og:image:width\" content=\"1920\" \/>\n\t<meta property=\"og:image:height\" content=\"1080\" \/>\n\t<meta property=\"og:image:type\" content=\"image\/png\" \/>\n<meta name=\"twitter:card\" content=\"summary_large_image\" \/>\n<meta name=\"twitter:site\" content=\"@afi_ipl\" \/>\n<meta name=\"twitter:label1\" content=\"Gesch\u00e4tzte Lesezeit\" \/>\n\t<meta name=\"twitter:data1\" content=\"2\u00a0Minuten\" \/>\n<script type=\"application\/ld+json\" class=\"yoast-schema-graph\">{\"@context\":\"https:\\\/\\\/schema.org\",\"@graph\":[{\"@type\":\"WebPage\",\"@id\":\"https:\\\/\\\/www.afi-ipl.org\\\/de\\\/afi_ipl_eventi\\\/chronische-krankheiten-beschaeftigungsfaehigkeit-und-arbeitsbedingungen-der-betroffenen-tagungsdokumentation\\\/\",\"url\":\"https:\\\/\\\/www.afi-ipl.org\\\/de\\\/afi_ipl_eventi\\\/chronische-krankheiten-beschaeftigungsfaehigkeit-und-arbeitsbedingungen-der-betroffenen-tagungsdokumentation\\\/\",\"name\":\"Chronische Krankheiten. Besch\u00e4ftigungsf\u00e4higkeit und Arbeitsbedingungen der Betroffenen [Tagungsdokumentation] - AFI-IPL\",\"isPartOf\":{\"@id\":\"https:\\\/\\\/www.afi-ipl.org\\\/de\\\/#website\"},\"primaryImageOfPage\":{\"@id\":\"https:\\\/\\\/www.afi-ipl.org\\\/de\\\/afi_ipl_eventi\\\/chronische-krankheiten-beschaeftigungsfaehigkeit-und-arbeitsbedingungen-der-betroffenen-tagungsdokumentation\\\/#primaryimage\"},\"image\":{\"@id\":\"https:\\\/\\\/www.afi-ipl.org\\\/de\\\/afi_ipl_eventi\\\/chronische-krankheiten-beschaeftigungsfaehigkeit-und-arbeitsbedingungen-der-betroffenen-tagungsdokumentation\\\/#primaryimage\"},\"thumbnailUrl\":\"https:\\\/\\\/www.afi-ipl.org\\\/wp-content\\\/uploads\\\/Evento-FB-malattie-croniche.png\",\"datePublished\":\"2016-05-05T11:43:52+00:00\",\"dateModified\":\"2024-09-25T07:49:22+00:00\",\"breadcrumb\":{\"@id\":\"https:\\\/\\\/www.afi-ipl.org\\\/de\\\/afi_ipl_eventi\\\/chronische-krankheiten-beschaeftigungsfaehigkeit-und-arbeitsbedingungen-der-betroffenen-tagungsdokumentation\\\/#breadcrumb\"},\"inLanguage\":\"de\",\"potentialAction\":[{\"@type\":\"ReadAction\",\"target\":[\"https:\\\/\\\/www.afi-ipl.org\\\/de\\\/afi_ipl_eventi\\\/chronische-krankheiten-beschaeftigungsfaehigkeit-und-arbeitsbedingungen-der-betroffenen-tagungsdokumentation\\\/\"]}]},{\"@type\":\"ImageObject\",\"inLanguage\":\"de\",\"@id\":\"https:\\\/\\\/www.afi-ipl.org\\\/de\\\/afi_ipl_eventi\\\/chronische-krankheiten-beschaeftigungsfaehigkeit-und-arbeitsbedingungen-der-betroffenen-tagungsdokumentation\\\/#primaryimage\",\"url\":\"https:\\\/\\\/www.afi-ipl.org\\\/wp-content\\\/uploads\\\/Evento-FB-malattie-croniche.png\",\"contentUrl\":\"https:\\\/\\\/www.afi-ipl.org\\\/wp-content\\\/uploads\\\/Evento-FB-malattie-croniche.png\",\"width\":1920,\"height\":1080},{\"@type\":\"BreadcrumbList\",\"@id\":\"https:\\\/\\\/www.afi-ipl.org\\\/de\\\/afi_ipl_eventi\\\/chronische-krankheiten-beschaeftigungsfaehigkeit-und-arbeitsbedingungen-der-betroffenen-tagungsdokumentation\\\/#breadcrumb\",\"itemListElement\":[{\"@type\":\"ListItem\",\"position\":1,\"name\":\"Home\",\"item\":\"https:\\\/\\\/www.afi-ipl.org\\\/de\\\/\"},{\"@type\":\"ListItem\",\"position\":2,\"name\":\"Chronische Krankheiten. Besch\u00e4ftigungsf\u00e4higkeit und Arbeitsbedingungen der Betroffenen [Tagungsdokumentation]\"}]},{\"@type\":\"WebSite\",\"@id\":\"https:\\\/\\\/www.afi-ipl.org\\\/de\\\/#website\",\"url\":\"https:\\\/\\\/www.afi-ipl.org\\\/de\\\/\",\"name\":\"AFI-IPL\",\"description\":\"\",\"publisher\":{\"@id\":\"https:\\\/\\\/www.afi-ipl.org\\\/de\\\/#organization\"},\"potentialAction\":[{\"@type\":\"SearchAction\",\"target\":{\"@type\":\"EntryPoint\",\"urlTemplate\":\"https:\\\/\\\/www.afi-ipl.org\\\/de\\\/?s={search_term_string}\"},\"query-input\":{\"@type\":\"PropertyValueSpecification\",\"valueRequired\":true,\"valueName\":\"search_term_string\"}}],\"inLanguage\":\"de\"},{\"@type\":\"Organization\",\"@id\":\"https:\\\/\\\/www.afi-ipl.org\\\/de\\\/#organization\",\"name\":\"AFI-IPL\",\"url\":\"https:\\\/\\\/www.afi-ipl.org\\\/de\\\/\",\"logo\":{\"@type\":\"ImageObject\",\"inLanguage\":\"de\",\"@id\":\"https:\\\/\\\/www.afi-ipl.org\\\/de\\\/#\\\/schema\\\/logo\\\/image\\\/\",\"url\":\"https:\\\/\\\/www.afi-ipl.org\\\/wp-content\\\/uploads\\\/Logo-mit-Zusatz.svg\",\"contentUrl\":\"https:\\\/\\\/www.afi-ipl.org\\\/wp-content\\\/uploads\\\/Logo-mit-Zusatz.svg\",\"width\":241,\"height\":58,\"caption\":\"AFI-IPL\"},\"image\":{\"@id\":\"https:\\\/\\\/www.afi-ipl.org\\\/de\\\/#\\\/schema\\\/logo\\\/image\\\/\"},\"sameAs\":[\"https:\\\/\\\/www.facebook.com\\\/afi.ipl\",\"https:\\\/\\\/x.com\\\/afi_ipl\",\"https:\\\/\\\/www.youtube.com\\\/@afiipl\",\"https:\\\/\\\/www.instagram.com\\\/afiipl\",\"https:\\\/\\\/www.instagram.com\\\/perinistefan\"]}]}<\/script>\n<!-- \/ Yoast SEO plugin. -->","yoast_head_json":{"title":"Chronische Krankheiten. Besch\u00e4ftigungsf\u00e4higkeit und Arbeitsbedingungen der Betroffenen [Tagungsdokumentation] - AFI-IPL","robots":{"index":"index","follow":"follow","max-snippet":"max-snippet:-1","max-image-preview":"max-image-preview:large","max-video-preview":"max-video-preview:-1"},"canonical":"https:\/\/www.afi-ipl.org\/de\/afi_ipl_eventi\/chronische-krankheiten-beschaeftigungsfaehigkeit-und-arbeitsbedingungen-der-betroffenen-tagungsdokumentation\/","og_locale":"de_DE","og_type":"article","og_title":"Chronische Krankheiten. Besch\u00e4ftigungsf\u00e4higkeit und Arbeitsbedingungen der Betroffenen [Tagungsdokumentation] - AFI-IPL","og_description":"Der Umgang mit chronisch Kranken wird in der Arbeitswelt stets wichtiger, da &#8211; bedingt durch die demografische Entwicklung &#8211; mehr Besch\u00e4ftigte davon betroffen sind. Mit dieser Tagung will das AFI | Arbeitsf\u00f6rderungsinstitut \u00fcber die Thematik informieren und innovative Ans\u00e4tze aufzeigen.\u00a0 Programm &gt;&gt; Tagungsbeitr\u00e4ge Die Verbreitung der chronischen Krankheiten in S\u00fcdtirol (Carla Melani, Epidemiologische Beobachtungsstelle) &gt;&gt; [&hellip;]","og_url":"https:\/\/www.afi-ipl.org\/de\/afi_ipl_eventi\/chronische-krankheiten-beschaeftigungsfaehigkeit-und-arbeitsbedingungen-der-betroffenen-tagungsdokumentation\/","og_site_name":"AFI-IPL","article_publisher":"https:\/\/www.facebook.com\/afi.ipl","article_modified_time":"2024-09-25T07:49:22+00:00","og_image":[{"width":1920,"height":1080,"url":"https:\/\/www.afi-ipl.org\/wp-content\/uploads\/Evento-FB-malattie-croniche.png","type":"image\/png"}],"twitter_card":"summary_large_image","twitter_site":"@afi_ipl","twitter_misc":{"Gesch\u00e4tzte Lesezeit":"2\u00a0Minuten"},"schema":{"@context":"https:\/\/schema.org","@graph":[{"@type":"WebPage","@id":"https:\/\/www.afi-ipl.org\/de\/afi_ipl_eventi\/chronische-krankheiten-beschaeftigungsfaehigkeit-und-arbeitsbedingungen-der-betroffenen-tagungsdokumentation\/","url":"https:\/\/www.afi-ipl.org\/de\/afi_ipl_eventi\/chronische-krankheiten-beschaeftigungsfaehigkeit-und-arbeitsbedingungen-der-betroffenen-tagungsdokumentation\/","name":"Chronische Krankheiten. Besch\u00e4ftigungsf\u00e4higkeit und Arbeitsbedingungen der Betroffenen [Tagungsdokumentation] - AFI-IPL","isPartOf":{"@id":"https:\/\/www.afi-ipl.org\/de\/#website"},"primaryImageOfPage":{"@id":"https:\/\/www.afi-ipl.org\/de\/afi_ipl_eventi\/chronische-krankheiten-beschaeftigungsfaehigkeit-und-arbeitsbedingungen-der-betroffenen-tagungsdokumentation\/#primaryimage"},"image":{"@id":"https:\/\/www.afi-ipl.org\/de\/afi_ipl_eventi\/chronische-krankheiten-beschaeftigungsfaehigkeit-und-arbeitsbedingungen-der-betroffenen-tagungsdokumentation\/#primaryimage"},"thumbnailUrl":"https:\/\/www.afi-ipl.org\/wp-content\/uploads\/Evento-FB-malattie-croniche.png","datePublished":"2016-05-05T11:43:52+00:00","dateModified":"2024-09-25T07:49:22+00:00","breadcrumb":{"@id":"https:\/\/www.afi-ipl.org\/de\/afi_ipl_eventi\/chronische-krankheiten-beschaeftigungsfaehigkeit-und-arbeitsbedingungen-der-betroffenen-tagungsdokumentation\/#breadcrumb"},"inLanguage":"de","potentialAction":[{"@type":"ReadAction","target":["https:\/\/www.afi-ipl.org\/de\/afi_ipl_eventi\/chronische-krankheiten-beschaeftigungsfaehigkeit-und-arbeitsbedingungen-der-betroffenen-tagungsdokumentation\/"]}]},{"@type":"ImageObject","inLanguage":"de","@id":"https:\/\/www.afi-ipl.org\/de\/afi_ipl_eventi\/chronische-krankheiten-beschaeftigungsfaehigkeit-und-arbeitsbedingungen-der-betroffenen-tagungsdokumentation\/#primaryimage","url":"https:\/\/www.afi-ipl.org\/wp-content\/uploads\/Evento-FB-malattie-croniche.png","contentUrl":"https:\/\/www.afi-ipl.org\/wp-content\/uploads\/Evento-FB-malattie-croniche.png","width":1920,"height":1080},{"@type":"BreadcrumbList","@id":"https:\/\/www.afi-ipl.org\/de\/afi_ipl_eventi\/chronische-krankheiten-beschaeftigungsfaehigkeit-und-arbeitsbedingungen-der-betroffenen-tagungsdokumentation\/#breadcrumb","itemListElement":[{"@type":"ListItem","position":1,"name":"Home","item":"https:\/\/www.afi-ipl.org\/de\/"},{"@type":"ListItem","position":2,"name":"Chronische Krankheiten. Besch\u00e4ftigungsf\u00e4higkeit und Arbeitsbedingungen der Betroffenen [Tagungsdokumentation]"}]},{"@type":"WebSite","@id":"https:\/\/www.afi-ipl.org\/de\/#website","url":"https:\/\/www.afi-ipl.org\/de\/","name":"AFI-IPL","description":"","publisher":{"@id":"https:\/\/www.afi-ipl.org\/de\/#organization"},"potentialAction":[{"@type":"SearchAction","target":{"@type":"EntryPoint","urlTemplate":"https:\/\/www.afi-ipl.org\/de\/?s={search_term_string}"},"query-input":{"@type":"PropertyValueSpecification","valueRequired":true,"valueName":"search_term_string"}}],"inLanguage":"de"},{"@type":"Organization","@id":"https:\/\/www.afi-ipl.org\/de\/#organization","name":"AFI-IPL","url":"https:\/\/www.afi-ipl.org\/de\/","logo":{"@type":"ImageObject","inLanguage":"de","@id":"https:\/\/www.afi-ipl.org\/de\/#\/schema\/logo\/image\/","url":"https:\/\/www.afi-ipl.org\/wp-content\/uploads\/Logo-mit-Zusatz.svg","contentUrl":"https:\/\/www.afi-ipl.org\/wp-content\/uploads\/Logo-mit-Zusatz.svg","width":241,"height":58,"caption":"AFI-IPL"},"image":{"@id":"https:\/\/www.afi-ipl.org\/de\/#\/schema\/logo\/image\/"},"sameAs":["https:\/\/www.facebook.com\/afi.ipl","https:\/\/x.com\/afi_ipl","https:\/\/www.youtube.com\/@afiipl","https:\/\/www.instagram.com\/afiipl","https:\/\/www.instagram.com\/perinistefan"]}]}},"_links":{"self":[{"href":"https:\/\/www.afi-ipl.org\/de\/wp-json\/wp\/v2\/afi_ipl_eventi\/33715","targetHints":{"allow":["GET"]}}],"collection":[{"href":"https:\/\/www.afi-ipl.org\/de\/wp-json\/wp\/v2\/afi_ipl_eventi"}],"about":[{"href":"https:\/\/www.afi-ipl.org\/de\/wp-json\/wp\/v2\/types\/afi_ipl_eventi"}],"version-history":[{"count":2,"href":"https:\/\/www.afi-ipl.org\/de\/wp-json\/wp\/v2\/afi_ipl_eventi\/33715\/revisions"}],"predecessor-version":[{"id":33902,"href":"https:\/\/www.afi-ipl.org\/de\/wp-json\/wp\/v2\/afi_ipl_eventi\/33715\/revisions\/33902"}],"wp:featuredmedia":[{"embeddable":true,"href":"https:\/\/www.afi-ipl.org\/de\/wp-json\/wp\/v2\/media\/8405"}],"wp:attachment":[{"href":"https:\/\/www.afi-ipl.org\/de\/wp-json\/wp\/v2\/media?parent=33715"}],"curies":[{"name":"wp","href":"https:\/\/api.w.org\/{rel}","templated":true}]}}