{"id":33721,"date":"2016-06-23T10:33:00","date_gmt":"2016-06-23T08:33:00","guid":{"rendered":"https:\/\/new.afi-ipl.org\/afi_ipl_eventi\/lassegno-di-cura-in-alto-adige-stato-attuale-sviluppo-prospettive\/"},"modified":"2024-09-25T09:46:32","modified_gmt":"2024-09-25T07:46:32","slug":"das-pflegegeld-in-suedtirol-stand-entwicklungen-perspektiven","status":"publish","type":"afi_ipl_eventi","link":"https:\/\/www.afi-ipl.org\/de\/afi_ipl_eventi\/das-pflegegeld-in-suedtirol-stand-entwicklungen-perspektiven\/","title":{"rendered":"Das Pflegegeld in S\u00fcdtirol: Stand. Entwicklungen. Perspektiven"},"content":{"rendered":"<p>Das AFI | Arbeitsf\u00f6rderungsinstitut l\u00e4dt zur Vorstellung der Studie &#8222;Das Pflegegeld in S\u00fcdtirol&#8220; herzlichst ein.<\/p>\n<p>Wer an der Pressekonferenz teilnimmt, erf\u00e4hrt N\u00e4heres zu diesen Fragestellungen:<\/p>\n<p>&#8211; Wer sind die Personen, an denen das Pflegegeld ausbezahlt wird?<\/p>\n<p>&#8211; Wie ist das Betreuungsnetz bei den Pflegegeldempf\u00e4ngern zu Hause zusammengesetzt und wer \u00fcbernimmt die Pflegearbeit?<\/p>\n<p>&#8211; Welche Arbeitsmarkteffekte gehen vom Pflegegeld aus?<\/p>\n<p>&#8211; Welche territorialen und wirtschaftlichen Effekte hat das Pflegegeld?<\/p>\n<p>&#8211; Wie kann die Zukunft des Pflegegeldes aussehen?<\/p>\n<p>&#8211; Welche Herausforderungen stehen an?<\/p>\n<p><strong><a href=\"https:\/\/afi-ipl.org\/wp-content\/uploads\/2016-06-30-Programm-PK-Pflegegeld-Programma-CS-Assegno-di-cura.pdf\" target=\"_blank\" rel=\"noopener\">Das Programm der Pressekonferenz &gt;&gt;<\/a><\/strong><\/p>\n","protected":false},"featured_media":1326,"template":"","class_list":["post-33721","afi_ipl_eventi","type-afi_ipl_eventi","status-publish","has-post-thumbnail","hentry","unterteilungen-pressekonferenzen"],"acf":[],"aioseo_notices":[],"yoast_head":"<!-- This site is optimized with the Yoast SEO plugin v27.4 - https:\/\/yoast.com\/product\/yoast-seo-wordpress\/ -->\n<title>Das Pflegegeld in S\u00fcdtirol: Stand. Entwicklungen. Perspektiven - AFI-IPL<\/title>\n<meta name=\"robots\" content=\"index, follow, max-snippet:-1, max-image-preview:large, max-video-preview:-1\" \/>\n<link rel=\"canonical\" href=\"https:\/\/www.afi-ipl.org\/de\/afi_ipl_eventi\/das-pflegegeld-in-suedtirol-stand-entwicklungen-perspektiven\/\" \/>\n<meta property=\"og:locale\" content=\"de_DE\" \/>\n<meta property=\"og:type\" content=\"article\" \/>\n<meta property=\"og:title\" content=\"Das Pflegegeld in S\u00fcdtirol: Stand. Entwicklungen. Perspektiven - AFI-IPL\" \/>\n<meta property=\"og:description\" content=\"Das AFI | Arbeitsf\u00f6rderungsinstitut l\u00e4dt zur Vorstellung der Studie &#8222;Das Pflegegeld in S\u00fcdtirol&#8220; herzlichst ein. Wer an der Pressekonferenz teilnimmt, erf\u00e4hrt N\u00e4heres zu diesen Fragestellungen: &#8211; Wer sind die Personen, an denen das Pflegegeld ausbezahlt wird? &#8211; Wie ist das Betreuungsnetz bei den Pflegegeldempf\u00e4ngern zu Hause zusammengesetzt und wer \u00fcbernimmt die Pflegearbeit? &#8211; Welche Arbeitsmarkteffekte [&hellip;]\" \/>\n<meta property=\"og:url\" content=\"https:\/\/www.afi-ipl.org\/de\/afi_ipl_eventi\/das-pflegegeld-in-suedtirol-stand-entwicklungen-perspektiven\/\" \/>\n<meta property=\"og:site_name\" content=\"AFI-IPL\" \/>\n<meta property=\"article:publisher\" content=\"https:\/\/www.facebook.com\/afi.ipl\" \/>\n<meta property=\"article:modified_time\" content=\"2024-09-25T07:46:32+00:00\" \/>\n<meta property=\"og:image\" content=\"https:\/\/www.afi-ipl.org\/wp-content\/uploads\/bild_cover.png\" \/>\n\t<meta property=\"og:image:width\" content=\"705\" \/>\n\t<meta property=\"og:image:height\" content=\"482\" \/>\n\t<meta property=\"og:image:type\" content=\"image\/png\" \/>\n<meta name=\"twitter:card\" content=\"summary_large_image\" \/>\n<meta name=\"twitter:site\" content=\"@afi_ipl\" \/>\n<meta name=\"twitter:label1\" content=\"Gesch\u00e4tzte Lesezeit\" \/>\n\t<meta name=\"twitter:data1\" content=\"1\u00a0Minute\" \/>\n<script type=\"application\/ld+json\" class=\"yoast-schema-graph\">{\"@context\":\"https:\\\/\\\/schema.org\",\"@graph\":[{\"@type\":\"WebPage\",\"@id\":\"https:\\\/\\\/www.afi-ipl.org\\\/de\\\/afi_ipl_eventi\\\/das-pflegegeld-in-suedtirol-stand-entwicklungen-perspektiven\\\/\",\"url\":\"https:\\\/\\\/www.afi-ipl.org\\\/de\\\/afi_ipl_eventi\\\/das-pflegegeld-in-suedtirol-stand-entwicklungen-perspektiven\\\/\",\"name\":\"Das Pflegegeld in S\u00fcdtirol: Stand. Entwicklungen. Perspektiven - AFI-IPL\",\"isPartOf\":{\"@id\":\"https:\\\/\\\/www.afi-ipl.org\\\/de\\\/#website\"},\"primaryImageOfPage\":{\"@id\":\"https:\\\/\\\/www.afi-ipl.org\\\/de\\\/afi_ipl_eventi\\\/das-pflegegeld-in-suedtirol-stand-entwicklungen-perspektiven\\\/#primaryimage\"},\"image\":{\"@id\":\"https:\\\/\\\/www.afi-ipl.org\\\/de\\\/afi_ipl_eventi\\\/das-pflegegeld-in-suedtirol-stand-entwicklungen-perspektiven\\\/#primaryimage\"},\"thumbnailUrl\":\"https:\\\/\\\/www.afi-ipl.org\\\/wp-content\\\/uploads\\\/bild_cover.png\",\"datePublished\":\"2016-06-23T08:33:00+00:00\",\"dateModified\":\"2024-09-25T07:46:32+00:00\",\"breadcrumb\":{\"@id\":\"https:\\\/\\\/www.afi-ipl.org\\\/de\\\/afi_ipl_eventi\\\/das-pflegegeld-in-suedtirol-stand-entwicklungen-perspektiven\\\/#breadcrumb\"},\"inLanguage\":\"de\",\"potentialAction\":[{\"@type\":\"ReadAction\",\"target\":[\"https:\\\/\\\/www.afi-ipl.org\\\/de\\\/afi_ipl_eventi\\\/das-pflegegeld-in-suedtirol-stand-entwicklungen-perspektiven\\\/\"]}]},{\"@type\":\"ImageObject\",\"inLanguage\":\"de\",\"@id\":\"https:\\\/\\\/www.afi-ipl.org\\\/de\\\/afi_ipl_eventi\\\/das-pflegegeld-in-suedtirol-stand-entwicklungen-perspektiven\\\/#primaryimage\",\"url\":\"https:\\\/\\\/www.afi-ipl.org\\\/wp-content\\\/uploads\\\/bild_cover.png\",\"contentUrl\":\"https:\\\/\\\/www.afi-ipl.org\\\/wp-content\\\/uploads\\\/bild_cover.png\",\"width\":705,\"height\":482},{\"@type\":\"BreadcrumbList\",\"@id\":\"https:\\\/\\\/www.afi-ipl.org\\\/de\\\/afi_ipl_eventi\\\/das-pflegegeld-in-suedtirol-stand-entwicklungen-perspektiven\\\/#breadcrumb\",\"itemListElement\":[{\"@type\":\"ListItem\",\"position\":1,\"name\":\"Home\",\"item\":\"https:\\\/\\\/www.afi-ipl.org\\\/de\\\/\"},{\"@type\":\"ListItem\",\"position\":2,\"name\":\"Das Pflegegeld in S\u00fcdtirol: Stand. Entwicklungen. Perspektiven\"}]},{\"@type\":\"WebSite\",\"@id\":\"https:\\\/\\\/www.afi-ipl.org\\\/de\\\/#website\",\"url\":\"https:\\\/\\\/www.afi-ipl.org\\\/de\\\/\",\"name\":\"AFI-IPL\",\"description\":\"\",\"publisher\":{\"@id\":\"https:\\\/\\\/www.afi-ipl.org\\\/de\\\/#organization\"},\"potentialAction\":[{\"@type\":\"SearchAction\",\"target\":{\"@type\":\"EntryPoint\",\"urlTemplate\":\"https:\\\/\\\/www.afi-ipl.org\\\/de\\\/?s={search_term_string}\"},\"query-input\":{\"@type\":\"PropertyValueSpecification\",\"valueRequired\":true,\"valueName\":\"search_term_string\"}}],\"inLanguage\":\"de\"},{\"@type\":\"Organization\",\"@id\":\"https:\\\/\\\/www.afi-ipl.org\\\/de\\\/#organization\",\"name\":\"AFI-IPL\",\"url\":\"https:\\\/\\\/www.afi-ipl.org\\\/de\\\/\",\"logo\":{\"@type\":\"ImageObject\",\"inLanguage\":\"de\",\"@id\":\"https:\\\/\\\/www.afi-ipl.org\\\/de\\\/#\\\/schema\\\/logo\\\/image\\\/\",\"url\":\"https:\\\/\\\/www.afi-ipl.org\\\/wp-content\\\/uploads\\\/Logo-mit-Zusatz.svg\",\"contentUrl\":\"https:\\\/\\\/www.afi-ipl.org\\\/wp-content\\\/uploads\\\/Logo-mit-Zusatz.svg\",\"width\":241,\"height\":58,\"caption\":\"AFI-IPL\"},\"image\":{\"@id\":\"https:\\\/\\\/www.afi-ipl.org\\\/de\\\/#\\\/schema\\\/logo\\\/image\\\/\"},\"sameAs\":[\"https:\\\/\\\/www.facebook.com\\\/afi.ipl\",\"https:\\\/\\\/x.com\\\/afi_ipl\",\"https:\\\/\\\/www.youtube.com\\\/@afiipl\",\"https:\\\/\\\/www.instagram.com\\\/afiipl\",\"https:\\\/\\\/www.instagram.com\\\/perinistefan\"]}]}<\/script>\n<!-- \/ Yoast SEO plugin. -->","yoast_head_json":{"title":"Das Pflegegeld in S\u00fcdtirol: Stand. Entwicklungen. Perspektiven - AFI-IPL","robots":{"index":"index","follow":"follow","max-snippet":"max-snippet:-1","max-image-preview":"max-image-preview:large","max-video-preview":"max-video-preview:-1"},"canonical":"https:\/\/www.afi-ipl.org\/de\/afi_ipl_eventi\/das-pflegegeld-in-suedtirol-stand-entwicklungen-perspektiven\/","og_locale":"de_DE","og_type":"article","og_title":"Das Pflegegeld in S\u00fcdtirol: Stand. Entwicklungen. Perspektiven - AFI-IPL","og_description":"Das AFI | Arbeitsf\u00f6rderungsinstitut l\u00e4dt zur Vorstellung der Studie &#8222;Das Pflegegeld in S\u00fcdtirol&#8220; herzlichst ein. Wer an der Pressekonferenz teilnimmt, erf\u00e4hrt N\u00e4heres zu diesen Fragestellungen: &#8211; Wer sind die Personen, an denen das Pflegegeld ausbezahlt wird? &#8211; Wie ist das Betreuungsnetz bei den Pflegegeldempf\u00e4ngern zu Hause zusammengesetzt und wer \u00fcbernimmt die Pflegearbeit? &#8211; Welche Arbeitsmarkteffekte [&hellip;]","og_url":"https:\/\/www.afi-ipl.org\/de\/afi_ipl_eventi\/das-pflegegeld-in-suedtirol-stand-entwicklungen-perspektiven\/","og_site_name":"AFI-IPL","article_publisher":"https:\/\/www.facebook.com\/afi.ipl","article_modified_time":"2024-09-25T07:46:32+00:00","og_image":[{"width":705,"height":482,"url":"https:\/\/www.afi-ipl.org\/wp-content\/uploads\/bild_cover.png","type":"image\/png"}],"twitter_card":"summary_large_image","twitter_site":"@afi_ipl","twitter_misc":{"Gesch\u00e4tzte Lesezeit":"1\u00a0Minute"},"schema":{"@context":"https:\/\/schema.org","@graph":[{"@type":"WebPage","@id":"https:\/\/www.afi-ipl.org\/de\/afi_ipl_eventi\/das-pflegegeld-in-suedtirol-stand-entwicklungen-perspektiven\/","url":"https:\/\/www.afi-ipl.org\/de\/afi_ipl_eventi\/das-pflegegeld-in-suedtirol-stand-entwicklungen-perspektiven\/","name":"Das Pflegegeld in S\u00fcdtirol: Stand. Entwicklungen. Perspektiven - AFI-IPL","isPartOf":{"@id":"https:\/\/www.afi-ipl.org\/de\/#website"},"primaryImageOfPage":{"@id":"https:\/\/www.afi-ipl.org\/de\/afi_ipl_eventi\/das-pflegegeld-in-suedtirol-stand-entwicklungen-perspektiven\/#primaryimage"},"image":{"@id":"https:\/\/www.afi-ipl.org\/de\/afi_ipl_eventi\/das-pflegegeld-in-suedtirol-stand-entwicklungen-perspektiven\/#primaryimage"},"thumbnailUrl":"https:\/\/www.afi-ipl.org\/wp-content\/uploads\/bild_cover.png","datePublished":"2016-06-23T08:33:00+00:00","dateModified":"2024-09-25T07:46:32+00:00","breadcrumb":{"@id":"https:\/\/www.afi-ipl.org\/de\/afi_ipl_eventi\/das-pflegegeld-in-suedtirol-stand-entwicklungen-perspektiven\/#breadcrumb"},"inLanguage":"de","potentialAction":[{"@type":"ReadAction","target":["https:\/\/www.afi-ipl.org\/de\/afi_ipl_eventi\/das-pflegegeld-in-suedtirol-stand-entwicklungen-perspektiven\/"]}]},{"@type":"ImageObject","inLanguage":"de","@id":"https:\/\/www.afi-ipl.org\/de\/afi_ipl_eventi\/das-pflegegeld-in-suedtirol-stand-entwicklungen-perspektiven\/#primaryimage","url":"https:\/\/www.afi-ipl.org\/wp-content\/uploads\/bild_cover.png","contentUrl":"https:\/\/www.afi-ipl.org\/wp-content\/uploads\/bild_cover.png","width":705,"height":482},{"@type":"BreadcrumbList","@id":"https:\/\/www.afi-ipl.org\/de\/afi_ipl_eventi\/das-pflegegeld-in-suedtirol-stand-entwicklungen-perspektiven\/#breadcrumb","itemListElement":[{"@type":"ListItem","position":1,"name":"Home","item":"https:\/\/www.afi-ipl.org\/de\/"},{"@type":"ListItem","position":2,"name":"Das Pflegegeld in S\u00fcdtirol: Stand. Entwicklungen. Perspektiven"}]},{"@type":"WebSite","@id":"https:\/\/www.afi-ipl.org\/de\/#website","url":"https:\/\/www.afi-ipl.org\/de\/","name":"AFI-IPL","description":"","publisher":{"@id":"https:\/\/www.afi-ipl.org\/de\/#organization"},"potentialAction":[{"@type":"SearchAction","target":{"@type":"EntryPoint","urlTemplate":"https:\/\/www.afi-ipl.org\/de\/?s={search_term_string}"},"query-input":{"@type":"PropertyValueSpecification","valueRequired":true,"valueName":"search_term_string"}}],"inLanguage":"de"},{"@type":"Organization","@id":"https:\/\/www.afi-ipl.org\/de\/#organization","name":"AFI-IPL","url":"https:\/\/www.afi-ipl.org\/de\/","logo":{"@type":"ImageObject","inLanguage":"de","@id":"https:\/\/www.afi-ipl.org\/de\/#\/schema\/logo\/image\/","url":"https:\/\/www.afi-ipl.org\/wp-content\/uploads\/Logo-mit-Zusatz.svg","contentUrl":"https:\/\/www.afi-ipl.org\/wp-content\/uploads\/Logo-mit-Zusatz.svg","width":241,"height":58,"caption":"AFI-IPL"},"image":{"@id":"https:\/\/www.afi-ipl.org\/de\/#\/schema\/logo\/image\/"},"sameAs":["https:\/\/www.facebook.com\/afi.ipl","https:\/\/x.com\/afi_ipl","https:\/\/www.youtube.com\/@afiipl","https:\/\/www.instagram.com\/afiipl","https:\/\/www.instagram.com\/perinistefan"]}]}},"_links":{"self":[{"href":"https:\/\/www.afi-ipl.org\/de\/wp-json\/wp\/v2\/afi_ipl_eventi\/33721","targetHints":{"allow":["GET"]}}],"collection":[{"href":"https:\/\/www.afi-ipl.org\/de\/wp-json\/wp\/v2\/afi_ipl_eventi"}],"about":[{"href":"https:\/\/www.afi-ipl.org\/de\/wp-json\/wp\/v2\/types\/afi_ipl_eventi"}],"version-history":[{"count":2,"href":"https:\/\/www.afi-ipl.org\/de\/wp-json\/wp\/v2\/afi_ipl_eventi\/33721\/revisions"}],"predecessor-version":[{"id":33965,"href":"https:\/\/www.afi-ipl.org\/de\/wp-json\/wp\/v2\/afi_ipl_eventi\/33721\/revisions\/33965"}],"wp:featuredmedia":[{"embeddable":true,"href":"https:\/\/www.afi-ipl.org\/de\/wp-json\/wp\/v2\/media\/1326"}],"wp:attachment":[{"href":"https:\/\/www.afi-ipl.org\/de\/wp-json\/wp\/v2\/media?parent=33721"}],"curies":[{"name":"wp","href":"https:\/\/api.w.org\/{rel}","templated":true}]}}