{"id":33729,"date":"2016-11-22T09:23:46","date_gmt":"2016-11-22T08:23:46","guid":{"rendered":"https:\/\/new.afi-ipl.org\/afi_ipl_eventi\/risultati-del-convegno-lascensore-sociale-e-fuori-servizio\/"},"modified":"2024-09-25T09:43:11","modified_gmt":"2024-09-25T07:43:11","slug":"tagungsergebnisse-eine-panne-im-sozialen-aufzug","status":"publish","type":"afi_ipl_eventi","link":"https:\/\/www.afi-ipl.org\/de\/afi_ipl_eventi\/tagungsergebnisse-eine-panne-im-sozialen-aufzug\/","title":{"rendered":"[Tagungsergebnisse] Eine Panne im sozialen Aufzug?"},"content":{"rendered":"<ul>\n<li><strong><a href=\"#risultati\">Ergebnisse &gt;<\/a><\/strong><\/li>\n<li><strong><a href=\"#relazioni\">Vortr\u00e4ge &gt;<\/a><\/strong><\/li>\n<li><strong><a href=\"#video\">Videos &gt;<\/a><\/strong><\/li>\n<li><strong><a href=\"#foto\">Fotos &gt;<\/a><br \/>\n<\/strong><\/li>\n<\/ul>\n<hr \/>\n<h4><strong><a name=\"risultati\"><\/a>Ergebnisse<br \/>\n<\/strong><\/h4>\n<p><strong><a href=\"https:\/\/afi-ipl.org\/wp-content\/uploads\/2016-11-22-Tagungsergebnisse-Soziale-Mobilit\u00e4t.pdf\" target=\"_blank\" rel=\"noopener\">Tagungsergebnisse &gt;<\/a><\/strong><\/p>\n<hr \/>\n<h4 style=\"text-align: justify;\"><a name=\"relazioni\"><\/a>Vortr\u00e4ge<\/h4>\n<p>Stefani Scherer (Universit\u00e4t Trient) <a href=\"https:\/\/afi-ipl.org\/wp-content\/uploads\/BZ_SozialeMobiliaet_20.10.2016_Scherer-1.pdf\" target=\"_blank\" rel=\"noopener\"><strong>Soziale Mobilit\u00e4t: Definitionen und die Situation in Europa<\/strong> <\/a><\/p>\n<p>Antonio Schizzerotto (FBK-IRVAPP und Universit\u00e4t Trient) <strong><a href=\"https:\/\/afi-ipl.org\/wp-content\/uploads\/Presentazione_Schizzerotto_20-10-2016.pdf\" target=\"_blank\" rel=\"noopener\">Wie haben sich die M\u00f6glichkeiten der sozialen Mobilit\u00e4t f\u00fcr Jugendliche in Italien im Laufe der Zeit ver\u00e4ndert?<\/a><\/strong><\/p>\n<p>Franco Russo (Landes-Evaluationsstelle f\u00fcr das italienischsprachige Bildungssystem) <a href=\"https:\/\/afi-ipl.org\/wp-content\/uploads\/Intervento_Franco_Russo_DEF.pdf\" target=\"_blank\" rel=\"noopener\"><strong>Welchen Einfluss hat der soziale Status der Sch\u00fcler auf den schulischen Erfolg?<\/strong> <\/a><\/p>\n<p>Rolanda Tschugguel (Bildungsf\u00f6rderung Autonome Provinz Bozen) <strong><a href=\"https:\/\/afi-ipl.org\/wp-content\/uploads\/Tschugguel-Bildung-f\u00f6rdern-20.10.16.pdf\" target=\"_blank\" rel=\"noopener\">Bildung f\u00f6rdern, Chancengerechtigkeit schaffen<\/a><\/strong><\/p>\n<hr \/>\n<h4 style=\"text-align: justify;\"><strong><a name=\"video\"><\/a>Videos<br \/>\n<\/strong><\/h4>\n<p><iframe loading=\"lazy\" src=\"https:\/\/www.youtube.com\/embed\/videoseries?list=PLXxxzIFmxPxaYG2IoIfO3cGRpAxy4ZfMG\" width=\"560\" height=\"315\" frameborder=\"0\" allowfullscreen=\"allowfullscreen\"><\/iframe><\/p>\n<hr \/>\n<h4 style=\"text-align: justify;\"><strong><a name=\"foto\"><\/a>Fotos<br \/>\n<\/strong><\/h4>\n\n<hr \/>\n","protected":false},"featured_media":1398,"template":"","class_list":["post-33729","afi_ipl_eventi","type-afi_ipl_eventi","status-publish","has-post-thumbnail","hentry","unterteilungen-tagungen-und-webinare"],"acf":[],"aioseo_notices":[],"yoast_head":"<!-- This site is optimized with the Yoast SEO plugin v27.4 - https:\/\/yoast.com\/product\/yoast-seo-wordpress\/ -->\n<title>[Tagungsergebnisse] Eine Panne im sozialen Aufzug? - AFI-IPL<\/title>\n<meta name=\"robots\" content=\"index, follow, max-snippet:-1, max-image-preview:large, max-video-preview:-1\" \/>\n<link rel=\"canonical\" href=\"https:\/\/www.afi-ipl.org\/de\/afi_ipl_eventi\/tagungsergebnisse-eine-panne-im-sozialen-aufzug\/\" \/>\n<meta property=\"og:locale\" content=\"de_DE\" \/>\n<meta property=\"og:type\" content=\"article\" \/>\n<meta property=\"og:title\" content=\"[Tagungsergebnisse] Eine Panne im sozialen Aufzug? - AFI-IPL\" \/>\n<meta property=\"og:description\" content=\"Ergebnisse &gt; Vortr\u00e4ge &gt; Videos &gt; Fotos &gt; Ergebnisse Tagungsergebnisse &gt; Vortr\u00e4ge Stefani Scherer (Universit\u00e4t Trient) Soziale Mobilit\u00e4t: Definitionen und die Situation in Europa Antonio Schizzerotto (FBK-IRVAPP und Universit\u00e4t Trient) Wie haben sich die M\u00f6glichkeiten der sozialen Mobilit\u00e4t f\u00fcr Jugendliche in Italien im Laufe der Zeit ver\u00e4ndert? Franco Russo (Landes-Evaluationsstelle f\u00fcr das italienischsprachige Bildungssystem) Welchen [&hellip;]\" \/>\n<meta property=\"og:url\" content=\"https:\/\/www.afi-ipl.org\/de\/afi_ipl_eventi\/tagungsergebnisse-eine-panne-im-sozialen-aufzug\/\" \/>\n<meta property=\"og:site_name\" content=\"AFI-IPL\" \/>\n<meta property=\"article:publisher\" content=\"https:\/\/www.facebook.com\/afi.ipl\" \/>\n<meta property=\"article:modified_time\" content=\"2024-09-25T07:43:11+00:00\" \/>\n<meta property=\"og:image\" content=\"https:\/\/www.afi-ipl.org\/wp-content\/uploads\/Mobilita-sociale-WEB.png\" \/>\n\t<meta property=\"og:image:width\" content=\"1809\" \/>\n\t<meta property=\"og:image:height\" content=\"1190\" \/>\n\t<meta property=\"og:image:type\" content=\"image\/png\" \/>\n<meta name=\"twitter:card\" content=\"summary_large_image\" \/>\n<meta name=\"twitter:site\" content=\"@afi_ipl\" \/>\n<meta name=\"twitter:label1\" content=\"Gesch\u00e4tzte Lesezeit\" \/>\n\t<meta name=\"twitter:data1\" content=\"1\u00a0Minute\" \/>\n<script type=\"application\/ld+json\" class=\"yoast-schema-graph\">{\"@context\":\"https:\\\/\\\/schema.org\",\"@graph\":[{\"@type\":\"WebPage\",\"@id\":\"https:\\\/\\\/www.afi-ipl.org\\\/de\\\/afi_ipl_eventi\\\/tagungsergebnisse-eine-panne-im-sozialen-aufzug\\\/\",\"url\":\"https:\\\/\\\/www.afi-ipl.org\\\/de\\\/afi_ipl_eventi\\\/tagungsergebnisse-eine-panne-im-sozialen-aufzug\\\/\",\"name\":\"[Tagungsergebnisse] Eine Panne im sozialen Aufzug? - AFI-IPL\",\"isPartOf\":{\"@id\":\"https:\\\/\\\/www.afi-ipl.org\\\/de\\\/#website\"},\"primaryImageOfPage\":{\"@id\":\"https:\\\/\\\/www.afi-ipl.org\\\/de\\\/afi_ipl_eventi\\\/tagungsergebnisse-eine-panne-im-sozialen-aufzug\\\/#primaryimage\"},\"image\":{\"@id\":\"https:\\\/\\\/www.afi-ipl.org\\\/de\\\/afi_ipl_eventi\\\/tagungsergebnisse-eine-panne-im-sozialen-aufzug\\\/#primaryimage\"},\"thumbnailUrl\":\"https:\\\/\\\/www.afi-ipl.org\\\/wp-content\\\/uploads\\\/Mobilita-sociale-WEB.png\",\"datePublished\":\"2016-11-22T08:23:46+00:00\",\"dateModified\":\"2024-09-25T07:43:11+00:00\",\"breadcrumb\":{\"@id\":\"https:\\\/\\\/www.afi-ipl.org\\\/de\\\/afi_ipl_eventi\\\/tagungsergebnisse-eine-panne-im-sozialen-aufzug\\\/#breadcrumb\"},\"inLanguage\":\"de\",\"potentialAction\":[{\"@type\":\"ReadAction\",\"target\":[\"https:\\\/\\\/www.afi-ipl.org\\\/de\\\/afi_ipl_eventi\\\/tagungsergebnisse-eine-panne-im-sozialen-aufzug\\\/\"]}]},{\"@type\":\"ImageObject\",\"inLanguage\":\"de\",\"@id\":\"https:\\\/\\\/www.afi-ipl.org\\\/de\\\/afi_ipl_eventi\\\/tagungsergebnisse-eine-panne-im-sozialen-aufzug\\\/#primaryimage\",\"url\":\"https:\\\/\\\/www.afi-ipl.org\\\/wp-content\\\/uploads\\\/Mobilita-sociale-WEB.png\",\"contentUrl\":\"https:\\\/\\\/www.afi-ipl.org\\\/wp-content\\\/uploads\\\/Mobilita-sociale-WEB.png\",\"width\":1809,\"height\":1190},{\"@type\":\"BreadcrumbList\",\"@id\":\"https:\\\/\\\/www.afi-ipl.org\\\/de\\\/afi_ipl_eventi\\\/tagungsergebnisse-eine-panne-im-sozialen-aufzug\\\/#breadcrumb\",\"itemListElement\":[{\"@type\":\"ListItem\",\"position\":1,\"name\":\"Home\",\"item\":\"https:\\\/\\\/www.afi-ipl.org\\\/de\\\/\"},{\"@type\":\"ListItem\",\"position\":2,\"name\":\"[Tagungsergebnisse] Eine Panne im sozialen Aufzug?\"}]},{\"@type\":\"WebSite\",\"@id\":\"https:\\\/\\\/www.afi-ipl.org\\\/de\\\/#website\",\"url\":\"https:\\\/\\\/www.afi-ipl.org\\\/de\\\/\",\"name\":\"AFI-IPL\",\"description\":\"\",\"publisher\":{\"@id\":\"https:\\\/\\\/www.afi-ipl.org\\\/de\\\/#organization\"},\"potentialAction\":[{\"@type\":\"SearchAction\",\"target\":{\"@type\":\"EntryPoint\",\"urlTemplate\":\"https:\\\/\\\/www.afi-ipl.org\\\/de\\\/?s={search_term_string}\"},\"query-input\":{\"@type\":\"PropertyValueSpecification\",\"valueRequired\":true,\"valueName\":\"search_term_string\"}}],\"inLanguage\":\"de\"},{\"@type\":\"Organization\",\"@id\":\"https:\\\/\\\/www.afi-ipl.org\\\/de\\\/#organization\",\"name\":\"AFI-IPL\",\"url\":\"https:\\\/\\\/www.afi-ipl.org\\\/de\\\/\",\"logo\":{\"@type\":\"ImageObject\",\"inLanguage\":\"de\",\"@id\":\"https:\\\/\\\/www.afi-ipl.org\\\/de\\\/#\\\/schema\\\/logo\\\/image\\\/\",\"url\":\"https:\\\/\\\/www.afi-ipl.org\\\/wp-content\\\/uploads\\\/Logo-mit-Zusatz.svg\",\"contentUrl\":\"https:\\\/\\\/www.afi-ipl.org\\\/wp-content\\\/uploads\\\/Logo-mit-Zusatz.svg\",\"width\":241,\"height\":58,\"caption\":\"AFI-IPL\"},\"image\":{\"@id\":\"https:\\\/\\\/www.afi-ipl.org\\\/de\\\/#\\\/schema\\\/logo\\\/image\\\/\"},\"sameAs\":[\"https:\\\/\\\/www.facebook.com\\\/afi.ipl\",\"https:\\\/\\\/x.com\\\/afi_ipl\",\"https:\\\/\\\/www.youtube.com\\\/@afiipl\",\"https:\\\/\\\/www.instagram.com\\\/afiipl\",\"https:\\\/\\\/www.instagram.com\\\/perinistefan\"]}]}<\/script>\n<!-- \/ Yoast SEO plugin. -->","yoast_head_json":{"title":"[Tagungsergebnisse] Eine Panne im sozialen Aufzug? - AFI-IPL","robots":{"index":"index","follow":"follow","max-snippet":"max-snippet:-1","max-image-preview":"max-image-preview:large","max-video-preview":"max-video-preview:-1"},"canonical":"https:\/\/www.afi-ipl.org\/de\/afi_ipl_eventi\/tagungsergebnisse-eine-panne-im-sozialen-aufzug\/","og_locale":"de_DE","og_type":"article","og_title":"[Tagungsergebnisse] Eine Panne im sozialen Aufzug? - AFI-IPL","og_description":"Ergebnisse &gt; Vortr\u00e4ge &gt; Videos &gt; Fotos &gt; Ergebnisse Tagungsergebnisse &gt; Vortr\u00e4ge Stefani Scherer (Universit\u00e4t Trient) Soziale Mobilit\u00e4t: Definitionen und die Situation in Europa Antonio Schizzerotto (FBK-IRVAPP und Universit\u00e4t Trient) Wie haben sich die M\u00f6glichkeiten der sozialen Mobilit\u00e4t f\u00fcr Jugendliche in Italien im Laufe der Zeit ver\u00e4ndert? Franco Russo (Landes-Evaluationsstelle f\u00fcr das italienischsprachige Bildungssystem) Welchen [&hellip;]","og_url":"https:\/\/www.afi-ipl.org\/de\/afi_ipl_eventi\/tagungsergebnisse-eine-panne-im-sozialen-aufzug\/","og_site_name":"AFI-IPL","article_publisher":"https:\/\/www.facebook.com\/afi.ipl","article_modified_time":"2024-09-25T07:43:11+00:00","og_image":[{"width":1809,"height":1190,"url":"https:\/\/www.afi-ipl.org\/wp-content\/uploads\/Mobilita-sociale-WEB.png","type":"image\/png"}],"twitter_card":"summary_large_image","twitter_site":"@afi_ipl","twitter_misc":{"Gesch\u00e4tzte Lesezeit":"1\u00a0Minute"},"schema":{"@context":"https:\/\/schema.org","@graph":[{"@type":"WebPage","@id":"https:\/\/www.afi-ipl.org\/de\/afi_ipl_eventi\/tagungsergebnisse-eine-panne-im-sozialen-aufzug\/","url":"https:\/\/www.afi-ipl.org\/de\/afi_ipl_eventi\/tagungsergebnisse-eine-panne-im-sozialen-aufzug\/","name":"[Tagungsergebnisse] Eine Panne im sozialen Aufzug? - AFI-IPL","isPartOf":{"@id":"https:\/\/www.afi-ipl.org\/de\/#website"},"primaryImageOfPage":{"@id":"https:\/\/www.afi-ipl.org\/de\/afi_ipl_eventi\/tagungsergebnisse-eine-panne-im-sozialen-aufzug\/#primaryimage"},"image":{"@id":"https:\/\/www.afi-ipl.org\/de\/afi_ipl_eventi\/tagungsergebnisse-eine-panne-im-sozialen-aufzug\/#primaryimage"},"thumbnailUrl":"https:\/\/www.afi-ipl.org\/wp-content\/uploads\/Mobilita-sociale-WEB.png","datePublished":"2016-11-22T08:23:46+00:00","dateModified":"2024-09-25T07:43:11+00:00","breadcrumb":{"@id":"https:\/\/www.afi-ipl.org\/de\/afi_ipl_eventi\/tagungsergebnisse-eine-panne-im-sozialen-aufzug\/#breadcrumb"},"inLanguage":"de","potentialAction":[{"@type":"ReadAction","target":["https:\/\/www.afi-ipl.org\/de\/afi_ipl_eventi\/tagungsergebnisse-eine-panne-im-sozialen-aufzug\/"]}]},{"@type":"ImageObject","inLanguage":"de","@id":"https:\/\/www.afi-ipl.org\/de\/afi_ipl_eventi\/tagungsergebnisse-eine-panne-im-sozialen-aufzug\/#primaryimage","url":"https:\/\/www.afi-ipl.org\/wp-content\/uploads\/Mobilita-sociale-WEB.png","contentUrl":"https:\/\/www.afi-ipl.org\/wp-content\/uploads\/Mobilita-sociale-WEB.png","width":1809,"height":1190},{"@type":"BreadcrumbList","@id":"https:\/\/www.afi-ipl.org\/de\/afi_ipl_eventi\/tagungsergebnisse-eine-panne-im-sozialen-aufzug\/#breadcrumb","itemListElement":[{"@type":"ListItem","position":1,"name":"Home","item":"https:\/\/www.afi-ipl.org\/de\/"},{"@type":"ListItem","position":2,"name":"[Tagungsergebnisse] Eine Panne im sozialen Aufzug?"}]},{"@type":"WebSite","@id":"https:\/\/www.afi-ipl.org\/de\/#website","url":"https:\/\/www.afi-ipl.org\/de\/","name":"AFI-IPL","description":"","publisher":{"@id":"https:\/\/www.afi-ipl.org\/de\/#organization"},"potentialAction":[{"@type":"SearchAction","target":{"@type":"EntryPoint","urlTemplate":"https:\/\/www.afi-ipl.org\/de\/?s={search_term_string}"},"query-input":{"@type":"PropertyValueSpecification","valueRequired":true,"valueName":"search_term_string"}}],"inLanguage":"de"},{"@type":"Organization","@id":"https:\/\/www.afi-ipl.org\/de\/#organization","name":"AFI-IPL","url":"https:\/\/www.afi-ipl.org\/de\/","logo":{"@type":"ImageObject","inLanguage":"de","@id":"https:\/\/www.afi-ipl.org\/de\/#\/schema\/logo\/image\/","url":"https:\/\/www.afi-ipl.org\/wp-content\/uploads\/Logo-mit-Zusatz.svg","contentUrl":"https:\/\/www.afi-ipl.org\/wp-content\/uploads\/Logo-mit-Zusatz.svg","width":241,"height":58,"caption":"AFI-IPL"},"image":{"@id":"https:\/\/www.afi-ipl.org\/de\/#\/schema\/logo\/image\/"},"sameAs":["https:\/\/www.facebook.com\/afi.ipl","https:\/\/x.com\/afi_ipl","https:\/\/www.youtube.com\/@afiipl","https:\/\/www.instagram.com\/afiipl","https:\/\/www.instagram.com\/perinistefan"]}]}},"_links":{"self":[{"href":"https:\/\/www.afi-ipl.org\/de\/wp-json\/wp\/v2\/afi_ipl_eventi\/33729","targetHints":{"allow":["GET"]}}],"collection":[{"href":"https:\/\/www.afi-ipl.org\/de\/wp-json\/wp\/v2\/afi_ipl_eventi"}],"about":[{"href":"https:\/\/www.afi-ipl.org\/de\/wp-json\/wp\/v2\/types\/afi_ipl_eventi"}],"version-history":[{"count":2,"href":"https:\/\/www.afi-ipl.org\/de\/wp-json\/wp\/v2\/afi_ipl_eventi\/33729\/revisions"}],"predecessor-version":[{"id":33973,"href":"https:\/\/www.afi-ipl.org\/de\/wp-json\/wp\/v2\/afi_ipl_eventi\/33729\/revisions\/33973"}],"wp:featuredmedia":[{"embeddable":true,"href":"https:\/\/www.afi-ipl.org\/de\/wp-json\/wp\/v2\/media\/1398"}],"wp:attachment":[{"href":"https:\/\/www.afi-ipl.org\/de\/wp-json\/wp\/v2\/media?parent=33729"}],"curies":[{"name":"wp","href":"https:\/\/api.w.org\/{rel}","templated":true}]}}