{"id":33741,"date":"2017-08-16T08:25:57","date_gmt":"2017-08-16T06:25:57","guid":{"rendered":"https:\/\/new.afi-ipl.org\/afi_ipl_eventi\/invito-conferenza-stampa-ewcs-alto-adige-carichi-di-lavoro-fisici-in-alto-adige\/"},"modified":"2024-09-25T09:39:34","modified_gmt":"2024-09-25T07:39:34","slug":"einladung-pressekonferenz-ewcs-suedtirol-koerperliche-belastungen-in-der-suedtiroler-arbeitswelt","status":"publish","type":"afi_ipl_eventi","link":"https:\/\/www.afi-ipl.org\/de\/afi_ipl_eventi\/einladung-pressekonferenz-ewcs-suedtirol-koerperliche-belastungen-in-der-suedtiroler-arbeitswelt\/","title":{"rendered":"Einladung Pressekonferenz &#8222;EWCS S\u00fcdtirol: K\u00f6rperliche Belastungen in der S\u00fcdtiroler Arbeitswelt&#8220;"},"content":{"rendered":"<p>Das AFI | Arbeitsf\u00f6rderungsinstitut stellt gemeinsam mit der Landesdirektion des INAIL ausgew\u00e4hlte Ergebnisse des \u201eEuropean Working Conditions Survey S\u00fcdtirol 2016\u201c vor. Seit 1991 anerkanntes Erhebungsinstrument in den Staaten der EU und dar\u00fcber hinaus bew\u00e4hrt, hat S\u00fcdtirol als erste Region in Europa die EWCS-Befragung gem\u00e4\u00df europ\u00e4ischen Vorgaben auf lokaler Ebene durchgef\u00fchrt. Die Ergebnisse sind repr\u00e4sentativ f\u00fcr die Besch\u00e4ftigten in S\u00fcdtirol und erlauben einen europaweiten Vergleich.<\/p>\n<p>Wer an der Pressekonferenz teilnimmt, erf\u00e4hrt N\u00e4heres zu diesen Fragestellungen:<br \/>\n\u2022 Welchen k\u00f6rperlichen Arbeitsbelastungen sind S\u00fcdtirols Besch\u00e4ftigte ausgesetzt?<br \/>\n\u2022 Wie steht S\u00fcdtirol im nationalen und internationalen Vergleich?<br \/>\n\u2022 In welchen Branchen treten k\u00f6rperliche Belastungen besonders h\u00e4ufig auf?<br \/>\nReferent: Tobias H\u00f6lbling, Arbeitspsychologe und AFI-Forschungsmitarbeiter<\/p>\n<p>Die Ergebnisse werden von INAIL-Landesdirektorin Mira Vivarelli kommentiert.<\/p>\n<p><a href=\"https:\/\/afi-ipl.org\/wp-content\/uploads\/2017-08-11-Programm-k\u00f6rperliche-Arbeitsbelastungen-Programma-charichi-fisici.pdf\">Zum\u00a0Programm der Pressekonferenz<\/a><\/p>\n<p>Die Forschungsmitarbeiter stehen den Medien ab 09:15 Uhr f\u00fcr Interviews zur Verf\u00fcgung.<\/p>\n<p>Wir freuen uns auf Ihre Teilnahme.<\/p>\n<p>Christine Pichler<br \/>\nPr\u00e4sidentin<\/p>\n<p>Silvia Vogliotti<br \/>\nVizedirektorin<\/p>\n","protected":false},"featured_media":8818,"template":"","class_list":["post-33741","afi_ipl_eventi","type-afi_ipl_eventi","status-publish","has-post-thumbnail","hentry","unterteilungen-pressekonferenzen"],"acf":[],"aioseo_notices":[],"yoast_head":"<!-- This site is optimized with the Yoast SEO plugin v27.4 - https:\/\/yoast.com\/product\/yoast-seo-wordpress\/ -->\n<title>Einladung Pressekonferenz &quot;EWCS S\u00fcdtirol: K\u00f6rperliche Belastungen in der S\u00fcdtiroler Arbeitswelt&quot; - AFI-IPL<\/title>\n<meta name=\"robots\" content=\"index, follow, max-snippet:-1, max-image-preview:large, max-video-preview:-1\" \/>\n<link rel=\"canonical\" href=\"https:\/\/www.afi-ipl.org\/de\/afi_ipl_eventi\/einladung-pressekonferenz-ewcs-suedtirol-koerperliche-belastungen-in-der-suedtiroler-arbeitswelt\/\" \/>\n<meta property=\"og:locale\" content=\"de_DE\" \/>\n<meta property=\"og:type\" content=\"article\" \/>\n<meta property=\"og:title\" content=\"Einladung Pressekonferenz &quot;EWCS S\u00fcdtirol: K\u00f6rperliche Belastungen in der S\u00fcdtiroler Arbeitswelt&quot; - AFI-IPL\" \/>\n<meta property=\"og:description\" content=\"Das AFI | Arbeitsf\u00f6rderungsinstitut stellt gemeinsam mit der Landesdirektion des INAIL ausgew\u00e4hlte Ergebnisse des \u201eEuropean Working Conditions Survey S\u00fcdtirol 2016\u201c vor. Seit 1991 anerkanntes Erhebungsinstrument in den Staaten der EU und dar\u00fcber hinaus bew\u00e4hrt, hat S\u00fcdtirol als erste Region in Europa die EWCS-Befragung gem\u00e4\u00df europ\u00e4ischen Vorgaben auf lokaler Ebene durchgef\u00fchrt. Die Ergebnisse sind repr\u00e4sentativ f\u00fcr [&hellip;]\" \/>\n<meta property=\"og:url\" content=\"https:\/\/www.afi-ipl.org\/de\/afi_ipl_eventi\/einladung-pressekonferenz-ewcs-suedtirol-koerperliche-belastungen-in-der-suedtiroler-arbeitswelt\/\" \/>\n<meta property=\"og:site_name\" content=\"AFI-IPL\" \/>\n<meta property=\"article:publisher\" content=\"https:\/\/www.facebook.com\/afi.ipl\" \/>\n<meta property=\"article:modified_time\" content=\"2024-09-25T07:39:34+00:00\" \/>\n<meta property=\"og:image\" content=\"https:\/\/www.afi-ipl.org\/wp-content\/uploads\/work-boots-889816_1280.jpg\" \/>\n\t<meta property=\"og:image:width\" content=\"1280\" \/>\n\t<meta property=\"og:image:height\" content=\"853\" \/>\n\t<meta property=\"og:image:type\" content=\"image\/jpeg\" \/>\n<meta name=\"twitter:card\" content=\"summary_large_image\" \/>\n<meta name=\"twitter:site\" content=\"@afi_ipl\" \/>\n<meta name=\"twitter:label1\" content=\"Gesch\u00e4tzte Lesezeit\" \/>\n\t<meta name=\"twitter:data1\" content=\"1\u00a0Minute\" \/>\n<script type=\"application\/ld+json\" class=\"yoast-schema-graph\">{\"@context\":\"https:\\\/\\\/schema.org\",\"@graph\":[{\"@type\":\"WebPage\",\"@id\":\"https:\\\/\\\/www.afi-ipl.org\\\/de\\\/afi_ipl_eventi\\\/einladung-pressekonferenz-ewcs-suedtirol-koerperliche-belastungen-in-der-suedtiroler-arbeitswelt\\\/\",\"url\":\"https:\\\/\\\/www.afi-ipl.org\\\/de\\\/afi_ipl_eventi\\\/einladung-pressekonferenz-ewcs-suedtirol-koerperliche-belastungen-in-der-suedtiroler-arbeitswelt\\\/\",\"name\":\"Einladung Pressekonferenz \\\"EWCS S\u00fcdtirol: K\u00f6rperliche Belastungen in der S\u00fcdtiroler Arbeitswelt\\\" - AFI-IPL\",\"isPartOf\":{\"@id\":\"https:\\\/\\\/www.afi-ipl.org\\\/de\\\/#website\"},\"primaryImageOfPage\":{\"@id\":\"https:\\\/\\\/www.afi-ipl.org\\\/de\\\/afi_ipl_eventi\\\/einladung-pressekonferenz-ewcs-suedtirol-koerperliche-belastungen-in-der-suedtiroler-arbeitswelt\\\/#primaryimage\"},\"image\":{\"@id\":\"https:\\\/\\\/www.afi-ipl.org\\\/de\\\/afi_ipl_eventi\\\/einladung-pressekonferenz-ewcs-suedtirol-koerperliche-belastungen-in-der-suedtiroler-arbeitswelt\\\/#primaryimage\"},\"thumbnailUrl\":\"https:\\\/\\\/www.afi-ipl.org\\\/wp-content\\\/uploads\\\/work-boots-889816_1280.jpg\",\"datePublished\":\"2017-08-16T06:25:57+00:00\",\"dateModified\":\"2024-09-25T07:39:34+00:00\",\"breadcrumb\":{\"@id\":\"https:\\\/\\\/www.afi-ipl.org\\\/de\\\/afi_ipl_eventi\\\/einladung-pressekonferenz-ewcs-suedtirol-koerperliche-belastungen-in-der-suedtiroler-arbeitswelt\\\/#breadcrumb\"},\"inLanguage\":\"de\",\"potentialAction\":[{\"@type\":\"ReadAction\",\"target\":[\"https:\\\/\\\/www.afi-ipl.org\\\/de\\\/afi_ipl_eventi\\\/einladung-pressekonferenz-ewcs-suedtirol-koerperliche-belastungen-in-der-suedtiroler-arbeitswelt\\\/\"]}]},{\"@type\":\"ImageObject\",\"inLanguage\":\"de\",\"@id\":\"https:\\\/\\\/www.afi-ipl.org\\\/de\\\/afi_ipl_eventi\\\/einladung-pressekonferenz-ewcs-suedtirol-koerperliche-belastungen-in-der-suedtiroler-arbeitswelt\\\/#primaryimage\",\"url\":\"https:\\\/\\\/www.afi-ipl.org\\\/wp-content\\\/uploads\\\/work-boots-889816_1280.jpg\",\"contentUrl\":\"https:\\\/\\\/www.afi-ipl.org\\\/wp-content\\\/uploads\\\/work-boots-889816_1280.jpg\",\"width\":1280,\"height\":853},{\"@type\":\"BreadcrumbList\",\"@id\":\"https:\\\/\\\/www.afi-ipl.org\\\/de\\\/afi_ipl_eventi\\\/einladung-pressekonferenz-ewcs-suedtirol-koerperliche-belastungen-in-der-suedtiroler-arbeitswelt\\\/#breadcrumb\",\"itemListElement\":[{\"@type\":\"ListItem\",\"position\":1,\"name\":\"Home\",\"item\":\"https:\\\/\\\/www.afi-ipl.org\\\/de\\\/\"},{\"@type\":\"ListItem\",\"position\":2,\"name\":\"Einladung Pressekonferenz &#8220;EWCS S\u00fcdtirol: K\u00f6rperliche Belastungen in der S\u00fcdtiroler Arbeitswelt&#8221;\"}]},{\"@type\":\"WebSite\",\"@id\":\"https:\\\/\\\/www.afi-ipl.org\\\/de\\\/#website\",\"url\":\"https:\\\/\\\/www.afi-ipl.org\\\/de\\\/\",\"name\":\"AFI-IPL\",\"description\":\"\",\"publisher\":{\"@id\":\"https:\\\/\\\/www.afi-ipl.org\\\/de\\\/#organization\"},\"potentialAction\":[{\"@type\":\"SearchAction\",\"target\":{\"@type\":\"EntryPoint\",\"urlTemplate\":\"https:\\\/\\\/www.afi-ipl.org\\\/de\\\/?s={search_term_string}\"},\"query-input\":{\"@type\":\"PropertyValueSpecification\",\"valueRequired\":true,\"valueName\":\"search_term_string\"}}],\"inLanguage\":\"de\"},{\"@type\":\"Organization\",\"@id\":\"https:\\\/\\\/www.afi-ipl.org\\\/de\\\/#organization\",\"name\":\"AFI-IPL\",\"url\":\"https:\\\/\\\/www.afi-ipl.org\\\/de\\\/\",\"logo\":{\"@type\":\"ImageObject\",\"inLanguage\":\"de\",\"@id\":\"https:\\\/\\\/www.afi-ipl.org\\\/de\\\/#\\\/schema\\\/logo\\\/image\\\/\",\"url\":\"https:\\\/\\\/www.afi-ipl.org\\\/wp-content\\\/uploads\\\/Logo-mit-Zusatz.svg\",\"contentUrl\":\"https:\\\/\\\/www.afi-ipl.org\\\/wp-content\\\/uploads\\\/Logo-mit-Zusatz.svg\",\"width\":241,\"height\":58,\"caption\":\"AFI-IPL\"},\"image\":{\"@id\":\"https:\\\/\\\/www.afi-ipl.org\\\/de\\\/#\\\/schema\\\/logo\\\/image\\\/\"},\"sameAs\":[\"https:\\\/\\\/www.facebook.com\\\/afi.ipl\",\"https:\\\/\\\/x.com\\\/afi_ipl\",\"https:\\\/\\\/www.youtube.com\\\/@afiipl\",\"https:\\\/\\\/www.instagram.com\\\/afiipl\",\"https:\\\/\\\/www.instagram.com\\\/perinistefan\"]}]}<\/script>\n<!-- \/ Yoast SEO plugin. -->","yoast_head_json":{"title":"Einladung Pressekonferenz \"EWCS S\u00fcdtirol: K\u00f6rperliche Belastungen in der S\u00fcdtiroler Arbeitswelt\" - AFI-IPL","robots":{"index":"index","follow":"follow","max-snippet":"max-snippet:-1","max-image-preview":"max-image-preview:large","max-video-preview":"max-video-preview:-1"},"canonical":"https:\/\/www.afi-ipl.org\/de\/afi_ipl_eventi\/einladung-pressekonferenz-ewcs-suedtirol-koerperliche-belastungen-in-der-suedtiroler-arbeitswelt\/","og_locale":"de_DE","og_type":"article","og_title":"Einladung Pressekonferenz \"EWCS S\u00fcdtirol: K\u00f6rperliche Belastungen in der S\u00fcdtiroler Arbeitswelt\" - AFI-IPL","og_description":"Das AFI | Arbeitsf\u00f6rderungsinstitut stellt gemeinsam mit der Landesdirektion des INAIL ausgew\u00e4hlte Ergebnisse des \u201eEuropean Working Conditions Survey S\u00fcdtirol 2016\u201c vor. Seit 1991 anerkanntes Erhebungsinstrument in den Staaten der EU und dar\u00fcber hinaus bew\u00e4hrt, hat S\u00fcdtirol als erste Region in Europa die EWCS-Befragung gem\u00e4\u00df europ\u00e4ischen Vorgaben auf lokaler Ebene durchgef\u00fchrt. Die Ergebnisse sind repr\u00e4sentativ f\u00fcr [&hellip;]","og_url":"https:\/\/www.afi-ipl.org\/de\/afi_ipl_eventi\/einladung-pressekonferenz-ewcs-suedtirol-koerperliche-belastungen-in-der-suedtiroler-arbeitswelt\/","og_site_name":"AFI-IPL","article_publisher":"https:\/\/www.facebook.com\/afi.ipl","article_modified_time":"2024-09-25T07:39:34+00:00","og_image":[{"width":1280,"height":853,"url":"https:\/\/www.afi-ipl.org\/wp-content\/uploads\/work-boots-889816_1280.jpg","type":"image\/jpeg"}],"twitter_card":"summary_large_image","twitter_site":"@afi_ipl","twitter_misc":{"Gesch\u00e4tzte Lesezeit":"1\u00a0Minute"},"schema":{"@context":"https:\/\/schema.org","@graph":[{"@type":"WebPage","@id":"https:\/\/www.afi-ipl.org\/de\/afi_ipl_eventi\/einladung-pressekonferenz-ewcs-suedtirol-koerperliche-belastungen-in-der-suedtiroler-arbeitswelt\/","url":"https:\/\/www.afi-ipl.org\/de\/afi_ipl_eventi\/einladung-pressekonferenz-ewcs-suedtirol-koerperliche-belastungen-in-der-suedtiroler-arbeitswelt\/","name":"Einladung Pressekonferenz \"EWCS S\u00fcdtirol: K\u00f6rperliche Belastungen in der S\u00fcdtiroler Arbeitswelt\" - AFI-IPL","isPartOf":{"@id":"https:\/\/www.afi-ipl.org\/de\/#website"},"primaryImageOfPage":{"@id":"https:\/\/www.afi-ipl.org\/de\/afi_ipl_eventi\/einladung-pressekonferenz-ewcs-suedtirol-koerperliche-belastungen-in-der-suedtiroler-arbeitswelt\/#primaryimage"},"image":{"@id":"https:\/\/www.afi-ipl.org\/de\/afi_ipl_eventi\/einladung-pressekonferenz-ewcs-suedtirol-koerperliche-belastungen-in-der-suedtiroler-arbeitswelt\/#primaryimage"},"thumbnailUrl":"https:\/\/www.afi-ipl.org\/wp-content\/uploads\/work-boots-889816_1280.jpg","datePublished":"2017-08-16T06:25:57+00:00","dateModified":"2024-09-25T07:39:34+00:00","breadcrumb":{"@id":"https:\/\/www.afi-ipl.org\/de\/afi_ipl_eventi\/einladung-pressekonferenz-ewcs-suedtirol-koerperliche-belastungen-in-der-suedtiroler-arbeitswelt\/#breadcrumb"},"inLanguage":"de","potentialAction":[{"@type":"ReadAction","target":["https:\/\/www.afi-ipl.org\/de\/afi_ipl_eventi\/einladung-pressekonferenz-ewcs-suedtirol-koerperliche-belastungen-in-der-suedtiroler-arbeitswelt\/"]}]},{"@type":"ImageObject","inLanguage":"de","@id":"https:\/\/www.afi-ipl.org\/de\/afi_ipl_eventi\/einladung-pressekonferenz-ewcs-suedtirol-koerperliche-belastungen-in-der-suedtiroler-arbeitswelt\/#primaryimage","url":"https:\/\/www.afi-ipl.org\/wp-content\/uploads\/work-boots-889816_1280.jpg","contentUrl":"https:\/\/www.afi-ipl.org\/wp-content\/uploads\/work-boots-889816_1280.jpg","width":1280,"height":853},{"@type":"BreadcrumbList","@id":"https:\/\/www.afi-ipl.org\/de\/afi_ipl_eventi\/einladung-pressekonferenz-ewcs-suedtirol-koerperliche-belastungen-in-der-suedtiroler-arbeitswelt\/#breadcrumb","itemListElement":[{"@type":"ListItem","position":1,"name":"Home","item":"https:\/\/www.afi-ipl.org\/de\/"},{"@type":"ListItem","position":2,"name":"Einladung Pressekonferenz &#8220;EWCS S\u00fcdtirol: K\u00f6rperliche Belastungen in der S\u00fcdtiroler Arbeitswelt&#8221;"}]},{"@type":"WebSite","@id":"https:\/\/www.afi-ipl.org\/de\/#website","url":"https:\/\/www.afi-ipl.org\/de\/","name":"AFI-IPL","description":"","publisher":{"@id":"https:\/\/www.afi-ipl.org\/de\/#organization"},"potentialAction":[{"@type":"SearchAction","target":{"@type":"EntryPoint","urlTemplate":"https:\/\/www.afi-ipl.org\/de\/?s={search_term_string}"},"query-input":{"@type":"PropertyValueSpecification","valueRequired":true,"valueName":"search_term_string"}}],"inLanguage":"de"},{"@type":"Organization","@id":"https:\/\/www.afi-ipl.org\/de\/#organization","name":"AFI-IPL","url":"https:\/\/www.afi-ipl.org\/de\/","logo":{"@type":"ImageObject","inLanguage":"de","@id":"https:\/\/www.afi-ipl.org\/de\/#\/schema\/logo\/image\/","url":"https:\/\/www.afi-ipl.org\/wp-content\/uploads\/Logo-mit-Zusatz.svg","contentUrl":"https:\/\/www.afi-ipl.org\/wp-content\/uploads\/Logo-mit-Zusatz.svg","width":241,"height":58,"caption":"AFI-IPL"},"image":{"@id":"https:\/\/www.afi-ipl.org\/de\/#\/schema\/logo\/image\/"},"sameAs":["https:\/\/www.facebook.com\/afi.ipl","https:\/\/x.com\/afi_ipl","https:\/\/www.youtube.com\/@afiipl","https:\/\/www.instagram.com\/afiipl","https:\/\/www.instagram.com\/perinistefan"]}]}},"_links":{"self":[{"href":"https:\/\/www.afi-ipl.org\/de\/wp-json\/wp\/v2\/afi_ipl_eventi\/33741","targetHints":{"allow":["GET"]}}],"collection":[{"href":"https:\/\/www.afi-ipl.org\/de\/wp-json\/wp\/v2\/afi_ipl_eventi"}],"about":[{"href":"https:\/\/www.afi-ipl.org\/de\/wp-json\/wp\/v2\/types\/afi_ipl_eventi"}],"version-history":[{"count":2,"href":"https:\/\/www.afi-ipl.org\/de\/wp-json\/wp\/v2\/afi_ipl_eventi\/33741\/revisions"}],"predecessor-version":[{"id":33985,"href":"https:\/\/www.afi-ipl.org\/de\/wp-json\/wp\/v2\/afi_ipl_eventi\/33741\/revisions\/33985"}],"wp:featuredmedia":[{"embeddable":true,"href":"https:\/\/www.afi-ipl.org\/de\/wp-json\/wp\/v2\/media\/8818"}],"wp:attachment":[{"href":"https:\/\/www.afi-ipl.org\/de\/wp-json\/wp\/v2\/media?parent=33741"}],"curies":[{"name":"wp","href":"https:\/\/api.w.org\/{rel}","templated":true}]}}