{"id":33799,"date":"2021-07-01T10:56:51","date_gmt":"2021-07-01T08:56:51","guid":{"rendered":"https:\/\/new.afi-ipl.org\/afi_ipl_eventi\/ipl-in-dialogo-carichi-di-lavoro-quando-il-tanto-diventa-troppo-webinar\/"},"modified":"2024-09-24T19:37:42","modified_gmt":"2024-09-24T17:37:42","slug":"afi-im-dialog-arbeitsbelastungen-wenn-alles-zuviel-wird-webinar","status":"publish","type":"afi_ipl_eventi","link":"https:\/\/www.afi-ipl.org\/de\/afi_ipl_eventi\/afi-im-dialog-arbeitsbelastungen-wenn-alles-zuviel-wird-webinar\/","title":{"rendered":"AFI im Dialog&#8230; Arbeitsbelastungen: Wenn alles zuviel wird [Webinar]"},"content":{"rendered":"<p><strong>Die Veranstaltungsreihe \u201eAFI im Dialog\u201c geht in die vierte Runde und greift ein Thema auf, das viele Arbeitnehmer und Selbstst\u00e4ndige aus eigener, manchmal leidvoller Erfahrung gut kennen: Termindruck, hohes Arbeitstempo, lange Arbeitstage und schlechte Arbeitsumst\u00e4nde (L\u00e4rm, Staub, Abgase, Temperatur) stellen bekannterma\u00dfen eine Belastung f\u00fcr K\u00f6rper und Geist dar &#8211; doch k\u00f6nnen auch Gef\u00fchle belasten.<\/strong><\/p>\n<p>Wieso reagieren Menschen unterschiedlich auf Belastungen? Kann Arbeitsbelastung krank machen, gar Arbeitsunf\u00e4lle verursachen? Und welche Strategien gibt es, um Arbeitsbelastungen etwas entgegenzusetzen?<\/p>\n<p><strong>Im AFI-Webinar diskutieren folgende Fachleute das Thema mit speziellem Bezug zu S\u00fcdtirol:<\/strong><\/p>\n<ul>\n<li>Raffaele Virgadaula (Arbeits- und Organisationspsychologe sowie Coach, Meran) f\u00fchrt uns anhand zweier Fallgeschichten aus seiner Coachingpraxis in das Thema Arbeitsbelastungen ein;<\/li>\n<li>Cornelia Strecker (Arbeits- und Organisationspsychologin, Gesch\u00e4ftsf\u00fchrerin \u201eHumane Arbeit\u201c, Innsbruck) bringt uns auf anschauliche Art und Weise anhand des Integrierten Modells zu lern- und gesundheitsf\u00f6rderlicher Arbeit auf den neuesten wissenschaftlichen Stand;<\/li>\n<li>Tobias H\u00f6lbling (Arbeits- und Organisationspsychologe des AFI, Bozen) bringt Daten und Fakten zu psychischen und k\u00f6rperlichen Arbeitsbelastungen aus der S\u00fcdtiroler EWCS-Studie und ordnet die Ergebnisse in das europ\u00e4ische Umfeld ein;<\/li>\n<li>Sebastian Wieser (Bereichsleiter Pr\u00e4vention, INAIL Bozen) geht auf Arbeitsunf\u00e4lle und Berufskrankheiten ein und zeigt, wie diese mit Arbeitsbelastungen in Verbindung stehen.<\/li>\n<\/ul>\n<p>Im Schlussteil des Webinars folgt ein reger Gedankenaustausch zwischen den Referenten und dem Publikum.<\/p>\n<p><a href=\"https:\/\/afi-ipl.org\/wp-content\/uploads\/2021-07-12-Programm-Webinar-Arbeitsbelastungen-Carichi-di-lavoro.pdf\">Das Programm des Webinars als Download<\/a><\/p>\n<p><strong><em>Die Teilnahme ist kostenlos. Eine Anmeldung unter diesem <a href=\"https:\/\/us06web.zoom.us\/webinar\/register\/WN_RHaI6xR7RS6SzYhq0i2uuA\">Link<\/a> ist erforderlich.<\/em><\/strong><\/p>\n<p><em>Die Veranstaltung kann alternativ auch auf der <a href=\"https:\/\/www.facebook.com\/afi.ipl\">Facebook-Seite des AFI<\/a> als Stream verfolgt werden.<\/em><\/p>\n<p><strong>Downloads:<\/strong><\/p>\n<p><iframe loading=\"lazy\" title=\"YouTube video player\" src=\"https:\/\/www.youtube.com\/embed\/FqBgpEATbRQ\" width=\"560\" height=\"315\" frameborder=\"0\" allowfullscreen=\"allowfullscreen\"><\/iframe><\/p>\n<div class=\"value style-scope ytcp-video-info\"><\/div>\n<p><iframe loading=\"lazy\" title=\"YouTube video player\" src=\"https:\/\/www.youtube.com\/embed\/txsGY-v1OkM\" width=\"560\" height=\"315\" frameborder=\"0\" allowfullscreen=\"allowfullscreen\"><span style=\"display: inline-block; width: 0px; overflow: hidden; line-height: 0;\" data-mce-type=\"bookmark\" class=\"mce_SELRES_start\">\ufeff<\/span><\/iframe><\/p>\n<ul>\n<li style=\"list-style-type: none;\">\n<ul>\n<li><a href=\"https:\/\/youtu.be\/q-mqHNSGTrk\">Raffaele Virgadaula: \u201cAllora \u00e8 meglio se mi impegno meno al lavoro?\u201d: Paola e Marco \u2013 due storie di lavoro<\/a> (Videopr\u00e4sentation in italienischer Sprache)<\/li>\n<li><a href=\"https:\/\/afi-ipl.org\/wp-content\/uploads\/20210712_Vortrag_AFI_Strecker.pdf\">Cornelia Strecker: Arbeitsbelastungen und -beanspruchungen aus wissenschaftlicher Sicht<\/a><\/li>\n<li><a href=\"https:\/\/afi-ipl.org\/wp-content\/uploads\/2021-07-12-H\u00f6lbling-Arbeitsbelastung.pdf\">Tobias H\u00f6lbling: Arbeitsbelastung in S\u00fcdtirol und in ausgew\u00e4hlten Vergleichsl\u00e4ndern: Was die EWCS-Daten erz\u00e4hlen<\/a><\/li>\n<li><a href=\"https:\/\/afi-ipl.org\/wp-content\/uploads\/Sebastian-Wieser_Vortrag-AFI-IPL.pdf\">Sebastian Wieser: Normative Grundlagen und statistische Daten zur Arbeitsbelastung in S\u00fcdtirol aus Sicht des Arbeitsunfallinstituts INAIL<\/a> (teils in italienischer Sprache)<\/li>\n<\/ul>\n<\/li>\n<\/ul>\n","protected":false},"featured_media":9765,"template":"","class_list":["post-33799","afi_ipl_eventi","type-afi_ipl_eventi","status-publish","has-post-thumbnail","hentry","unterteilungen-tagungen-und-webinare"],"acf":[],"aioseo_notices":[],"yoast_head":"<!-- This site is optimized with the Yoast SEO plugin v27.4 - https:\/\/yoast.com\/product\/yoast-seo-wordpress\/ -->\n<title>AFI im Dialog... Arbeitsbelastungen: Wenn alles zuviel wird [Webinar] - AFI-IPL<\/title>\n<meta name=\"robots\" content=\"index, follow, max-snippet:-1, max-image-preview:large, max-video-preview:-1\" \/>\n<link rel=\"canonical\" href=\"https:\/\/www.afi-ipl.org\/de\/afi_ipl_eventi\/afi-im-dialog-arbeitsbelastungen-wenn-alles-zuviel-wird-webinar\/\" \/>\n<meta property=\"og:locale\" content=\"de_DE\" \/>\n<meta property=\"og:type\" content=\"article\" \/>\n<meta property=\"og:title\" content=\"AFI im Dialog... Arbeitsbelastungen: Wenn alles zuviel wird [Webinar] - AFI-IPL\" \/>\n<meta property=\"og:description\" content=\"Die Veranstaltungsreihe \u201eAFI im Dialog\u201c geht in die vierte Runde und greift ein Thema auf, das viele Arbeitnehmer und Selbstst\u00e4ndige aus eigener, manchmal leidvoller Erfahrung gut kennen: Termindruck, hohes Arbeitstempo, lange Arbeitstage und schlechte Arbeitsumst\u00e4nde (L\u00e4rm, Staub, Abgase, Temperatur) stellen bekannterma\u00dfen eine Belastung f\u00fcr K\u00f6rper und Geist dar &#8211; doch k\u00f6nnen auch Gef\u00fchle belasten. Wieso [&hellip;]\" \/>\n<meta property=\"og:url\" content=\"https:\/\/www.afi-ipl.org\/de\/afi_ipl_eventi\/afi-im-dialog-arbeitsbelastungen-wenn-alles-zuviel-wird-webinar\/\" \/>\n<meta property=\"og:site_name\" content=\"AFI-IPL\" \/>\n<meta property=\"article:publisher\" content=\"https:\/\/www.facebook.com\/afi.ipl\" \/>\n<meta property=\"article:modified_time\" content=\"2024-09-24T17:37:42+00:00\" \/>\n<meta property=\"og:image\" content=\"https:\/\/www.afi-ipl.org\/wp-content\/uploads\/Fotolia_58678294_XS-1.jpg\" \/>\n\t<meta property=\"og:image:width\" content=\"410\" \/>\n\t<meta property=\"og:image:height\" content=\"293\" \/>\n\t<meta property=\"og:image:type\" content=\"image\/jpeg\" \/>\n<meta name=\"twitter:card\" content=\"summary_large_image\" \/>\n<meta name=\"twitter:site\" content=\"@afi_ipl\" \/>\n<meta name=\"twitter:label1\" content=\"Gesch\u00e4tzte Lesezeit\" \/>\n\t<meta name=\"twitter:data1\" content=\"2\u00a0Minuten\" \/>\n<script type=\"application\/ld+json\" class=\"yoast-schema-graph\">{\"@context\":\"https:\\\/\\\/schema.org\",\"@graph\":[{\"@type\":\"WebPage\",\"@id\":\"https:\\\/\\\/www.afi-ipl.org\\\/de\\\/afi_ipl_eventi\\\/afi-im-dialog-arbeitsbelastungen-wenn-alles-zuviel-wird-webinar\\\/\",\"url\":\"https:\\\/\\\/www.afi-ipl.org\\\/de\\\/afi_ipl_eventi\\\/afi-im-dialog-arbeitsbelastungen-wenn-alles-zuviel-wird-webinar\\\/\",\"name\":\"AFI im Dialog... Arbeitsbelastungen: Wenn alles zuviel wird [Webinar] - AFI-IPL\",\"isPartOf\":{\"@id\":\"https:\\\/\\\/www.afi-ipl.org\\\/de\\\/#website\"},\"primaryImageOfPage\":{\"@id\":\"https:\\\/\\\/www.afi-ipl.org\\\/de\\\/afi_ipl_eventi\\\/afi-im-dialog-arbeitsbelastungen-wenn-alles-zuviel-wird-webinar\\\/#primaryimage\"},\"image\":{\"@id\":\"https:\\\/\\\/www.afi-ipl.org\\\/de\\\/afi_ipl_eventi\\\/afi-im-dialog-arbeitsbelastungen-wenn-alles-zuviel-wird-webinar\\\/#primaryimage\"},\"thumbnailUrl\":\"https:\\\/\\\/www.afi-ipl.org\\\/wp-content\\\/uploads\\\/Fotolia_58678294_XS-1.jpg\",\"datePublished\":\"2021-07-01T08:56:51+00:00\",\"dateModified\":\"2024-09-24T17:37:42+00:00\",\"breadcrumb\":{\"@id\":\"https:\\\/\\\/www.afi-ipl.org\\\/de\\\/afi_ipl_eventi\\\/afi-im-dialog-arbeitsbelastungen-wenn-alles-zuviel-wird-webinar\\\/#breadcrumb\"},\"inLanguage\":\"de\",\"potentialAction\":[{\"@type\":\"ReadAction\",\"target\":[\"https:\\\/\\\/www.afi-ipl.org\\\/de\\\/afi_ipl_eventi\\\/afi-im-dialog-arbeitsbelastungen-wenn-alles-zuviel-wird-webinar\\\/\"]}]},{\"@type\":\"ImageObject\",\"inLanguage\":\"de\",\"@id\":\"https:\\\/\\\/www.afi-ipl.org\\\/de\\\/afi_ipl_eventi\\\/afi-im-dialog-arbeitsbelastungen-wenn-alles-zuviel-wird-webinar\\\/#primaryimage\",\"url\":\"https:\\\/\\\/www.afi-ipl.org\\\/wp-content\\\/uploads\\\/Fotolia_58678294_XS-1.jpg\",\"contentUrl\":\"https:\\\/\\\/www.afi-ipl.org\\\/wp-content\\\/uploads\\\/Fotolia_58678294_XS-1.jpg\",\"width\":410,\"height\":293,\"caption\":\"|Tired old man closing face by hand while locating on seat. Fatigue during job concept|\"},{\"@type\":\"BreadcrumbList\",\"@id\":\"https:\\\/\\\/www.afi-ipl.org\\\/de\\\/afi_ipl_eventi\\\/afi-im-dialog-arbeitsbelastungen-wenn-alles-zuviel-wird-webinar\\\/#breadcrumb\",\"itemListElement\":[{\"@type\":\"ListItem\",\"position\":1,\"name\":\"Home\",\"item\":\"https:\\\/\\\/www.afi-ipl.org\\\/de\\\/\"},{\"@type\":\"ListItem\",\"position\":2,\"name\":\"AFI im Dialog&#8230; Arbeitsbelastungen: Wenn alles zuviel wird [Webinar]\"}]},{\"@type\":\"WebSite\",\"@id\":\"https:\\\/\\\/www.afi-ipl.org\\\/de\\\/#website\",\"url\":\"https:\\\/\\\/www.afi-ipl.org\\\/de\\\/\",\"name\":\"AFI-IPL\",\"description\":\"\",\"publisher\":{\"@id\":\"https:\\\/\\\/www.afi-ipl.org\\\/de\\\/#organization\"},\"potentialAction\":[{\"@type\":\"SearchAction\",\"target\":{\"@type\":\"EntryPoint\",\"urlTemplate\":\"https:\\\/\\\/www.afi-ipl.org\\\/de\\\/?s={search_term_string}\"},\"query-input\":{\"@type\":\"PropertyValueSpecification\",\"valueRequired\":true,\"valueName\":\"search_term_string\"}}],\"inLanguage\":\"de\"},{\"@type\":\"Organization\",\"@id\":\"https:\\\/\\\/www.afi-ipl.org\\\/de\\\/#organization\",\"name\":\"AFI-IPL\",\"url\":\"https:\\\/\\\/www.afi-ipl.org\\\/de\\\/\",\"logo\":{\"@type\":\"ImageObject\",\"inLanguage\":\"de\",\"@id\":\"https:\\\/\\\/www.afi-ipl.org\\\/de\\\/#\\\/schema\\\/logo\\\/image\\\/\",\"url\":\"https:\\\/\\\/www.afi-ipl.org\\\/wp-content\\\/uploads\\\/Logo-mit-Zusatz.svg\",\"contentUrl\":\"https:\\\/\\\/www.afi-ipl.org\\\/wp-content\\\/uploads\\\/Logo-mit-Zusatz.svg\",\"width\":241,\"height\":58,\"caption\":\"AFI-IPL\"},\"image\":{\"@id\":\"https:\\\/\\\/www.afi-ipl.org\\\/de\\\/#\\\/schema\\\/logo\\\/image\\\/\"},\"sameAs\":[\"https:\\\/\\\/www.facebook.com\\\/afi.ipl\",\"https:\\\/\\\/x.com\\\/afi_ipl\",\"https:\\\/\\\/www.youtube.com\\\/@afiipl\",\"https:\\\/\\\/www.instagram.com\\\/afiipl\",\"https:\\\/\\\/www.instagram.com\\\/perinistefan\"]}]}<\/script>\n<!-- \/ Yoast SEO plugin. -->","yoast_head_json":{"title":"AFI im Dialog... Arbeitsbelastungen: Wenn alles zuviel wird [Webinar] - AFI-IPL","robots":{"index":"index","follow":"follow","max-snippet":"max-snippet:-1","max-image-preview":"max-image-preview:large","max-video-preview":"max-video-preview:-1"},"canonical":"https:\/\/www.afi-ipl.org\/de\/afi_ipl_eventi\/afi-im-dialog-arbeitsbelastungen-wenn-alles-zuviel-wird-webinar\/","og_locale":"de_DE","og_type":"article","og_title":"AFI im Dialog... Arbeitsbelastungen: Wenn alles zuviel wird [Webinar] - AFI-IPL","og_description":"Die Veranstaltungsreihe \u201eAFI im Dialog\u201c geht in die vierte Runde und greift ein Thema auf, das viele Arbeitnehmer und Selbstst\u00e4ndige aus eigener, manchmal leidvoller Erfahrung gut kennen: Termindruck, hohes Arbeitstempo, lange Arbeitstage und schlechte Arbeitsumst\u00e4nde (L\u00e4rm, Staub, Abgase, Temperatur) stellen bekannterma\u00dfen eine Belastung f\u00fcr K\u00f6rper und Geist dar &#8211; doch k\u00f6nnen auch Gef\u00fchle belasten. Wieso [&hellip;]","og_url":"https:\/\/www.afi-ipl.org\/de\/afi_ipl_eventi\/afi-im-dialog-arbeitsbelastungen-wenn-alles-zuviel-wird-webinar\/","og_site_name":"AFI-IPL","article_publisher":"https:\/\/www.facebook.com\/afi.ipl","article_modified_time":"2024-09-24T17:37:42+00:00","og_image":[{"width":410,"height":293,"url":"https:\/\/www.afi-ipl.org\/wp-content\/uploads\/Fotolia_58678294_XS-1.jpg","type":"image\/jpeg"}],"twitter_card":"summary_large_image","twitter_site":"@afi_ipl","twitter_misc":{"Gesch\u00e4tzte Lesezeit":"2\u00a0Minuten"},"schema":{"@context":"https:\/\/schema.org","@graph":[{"@type":"WebPage","@id":"https:\/\/www.afi-ipl.org\/de\/afi_ipl_eventi\/afi-im-dialog-arbeitsbelastungen-wenn-alles-zuviel-wird-webinar\/","url":"https:\/\/www.afi-ipl.org\/de\/afi_ipl_eventi\/afi-im-dialog-arbeitsbelastungen-wenn-alles-zuviel-wird-webinar\/","name":"AFI im Dialog... Arbeitsbelastungen: Wenn alles zuviel wird [Webinar] - AFI-IPL","isPartOf":{"@id":"https:\/\/www.afi-ipl.org\/de\/#website"},"primaryImageOfPage":{"@id":"https:\/\/www.afi-ipl.org\/de\/afi_ipl_eventi\/afi-im-dialog-arbeitsbelastungen-wenn-alles-zuviel-wird-webinar\/#primaryimage"},"image":{"@id":"https:\/\/www.afi-ipl.org\/de\/afi_ipl_eventi\/afi-im-dialog-arbeitsbelastungen-wenn-alles-zuviel-wird-webinar\/#primaryimage"},"thumbnailUrl":"https:\/\/www.afi-ipl.org\/wp-content\/uploads\/Fotolia_58678294_XS-1.jpg","datePublished":"2021-07-01T08:56:51+00:00","dateModified":"2024-09-24T17:37:42+00:00","breadcrumb":{"@id":"https:\/\/www.afi-ipl.org\/de\/afi_ipl_eventi\/afi-im-dialog-arbeitsbelastungen-wenn-alles-zuviel-wird-webinar\/#breadcrumb"},"inLanguage":"de","potentialAction":[{"@type":"ReadAction","target":["https:\/\/www.afi-ipl.org\/de\/afi_ipl_eventi\/afi-im-dialog-arbeitsbelastungen-wenn-alles-zuviel-wird-webinar\/"]}]},{"@type":"ImageObject","inLanguage":"de","@id":"https:\/\/www.afi-ipl.org\/de\/afi_ipl_eventi\/afi-im-dialog-arbeitsbelastungen-wenn-alles-zuviel-wird-webinar\/#primaryimage","url":"https:\/\/www.afi-ipl.org\/wp-content\/uploads\/Fotolia_58678294_XS-1.jpg","contentUrl":"https:\/\/www.afi-ipl.org\/wp-content\/uploads\/Fotolia_58678294_XS-1.jpg","width":410,"height":293,"caption":"|Tired old man closing face by hand while locating on seat. Fatigue during job concept|"},{"@type":"BreadcrumbList","@id":"https:\/\/www.afi-ipl.org\/de\/afi_ipl_eventi\/afi-im-dialog-arbeitsbelastungen-wenn-alles-zuviel-wird-webinar\/#breadcrumb","itemListElement":[{"@type":"ListItem","position":1,"name":"Home","item":"https:\/\/www.afi-ipl.org\/de\/"},{"@type":"ListItem","position":2,"name":"AFI im Dialog&#8230; Arbeitsbelastungen: Wenn alles zuviel wird [Webinar]"}]},{"@type":"WebSite","@id":"https:\/\/www.afi-ipl.org\/de\/#website","url":"https:\/\/www.afi-ipl.org\/de\/","name":"AFI-IPL","description":"","publisher":{"@id":"https:\/\/www.afi-ipl.org\/de\/#organization"},"potentialAction":[{"@type":"SearchAction","target":{"@type":"EntryPoint","urlTemplate":"https:\/\/www.afi-ipl.org\/de\/?s={search_term_string}"},"query-input":{"@type":"PropertyValueSpecification","valueRequired":true,"valueName":"search_term_string"}}],"inLanguage":"de"},{"@type":"Organization","@id":"https:\/\/www.afi-ipl.org\/de\/#organization","name":"AFI-IPL","url":"https:\/\/www.afi-ipl.org\/de\/","logo":{"@type":"ImageObject","inLanguage":"de","@id":"https:\/\/www.afi-ipl.org\/de\/#\/schema\/logo\/image\/","url":"https:\/\/www.afi-ipl.org\/wp-content\/uploads\/Logo-mit-Zusatz.svg","contentUrl":"https:\/\/www.afi-ipl.org\/wp-content\/uploads\/Logo-mit-Zusatz.svg","width":241,"height":58,"caption":"AFI-IPL"},"image":{"@id":"https:\/\/www.afi-ipl.org\/de\/#\/schema\/logo\/image\/"},"sameAs":["https:\/\/www.facebook.com\/afi.ipl","https:\/\/x.com\/afi_ipl","https:\/\/www.youtube.com\/@afiipl","https:\/\/www.instagram.com\/afiipl","https:\/\/www.instagram.com\/perinistefan"]}]}},"_links":{"self":[{"href":"https:\/\/www.afi-ipl.org\/de\/wp-json\/wp\/v2\/afi_ipl_eventi\/33799","targetHints":{"allow":["GET"]}}],"collection":[{"href":"https:\/\/www.afi-ipl.org\/de\/wp-json\/wp\/v2\/afi_ipl_eventi"}],"about":[{"href":"https:\/\/www.afi-ipl.org\/de\/wp-json\/wp\/v2\/types\/afi_ipl_eventi"}],"version-history":[{"count":2,"href":"https:\/\/www.afi-ipl.org\/de\/wp-json\/wp\/v2\/afi_ipl_eventi\/33799\/revisions"}],"predecessor-version":[{"id":34093,"href":"https:\/\/www.afi-ipl.org\/de\/wp-json\/wp\/v2\/afi_ipl_eventi\/33799\/revisions\/34093"}],"wp:featuredmedia":[{"embeddable":true,"href":"https:\/\/www.afi-ipl.org\/de\/wp-json\/wp\/v2\/media\/9765"}],"wp:attachment":[{"href":"https:\/\/www.afi-ipl.org\/de\/wp-json\/wp\/v2\/media?parent=33799"}],"curies":[{"name":"wp","href":"https:\/\/api.w.org\/{rel}","templated":true}]}}