{"id":33801,"date":"2021-08-31T07:18:11","date_gmt":"2021-08-31T05:18:11","guid":{"rendered":"https:\/\/new.afi-ipl.org\/afi_ipl_eventi\/crisi-abitativa-in-alto-adige-4-realta-4-linee-di-intervento-documentazione-del-convegno\/"},"modified":"2024-10-16T14:23:02","modified_gmt":"2024-10-16T12:23:02","slug":"wohnungsnot-in-suedtirol-4-realitaeten-4-handlungsschienen-tagungsdokumentation","status":"publish","type":"afi_ipl_eventi","link":"https:\/\/www.afi-ipl.org\/de\/afi_ipl_eventi\/wohnungsnot-in-suedtirol-4-realitaeten-4-handlungsschienen-tagungsdokumentation\/","title":{"rendered":"&#8222;Wohnungsnot in S\u00fcdtirol: 4 Realit\u00e4ten &#8211; 4 Handlungsschienen&#8220; [Tagungsdokumentation]"},"content":{"rendered":"<p>Im Jahr 2022 feiert die S\u00fcdtiroler Wohnbaupolitik ihr 50-j\u00e4hriges Bestehen: ein B\u00fcndel an Regeln und Instrumenten, mit dem wichtige Ziele erreicht werden konnten. Im Laufe der Zeit traten jedoch vermehrt Tendenzen ans Licht, welche die Vorteile schrittweise \u00fcberschattet haben.<\/p>\n<p>Was sind die Schwachstellen des heutigen Systems? Welche Strategien verfolgen die Verwaltungen und die sozialen Akteure, um den Grundwohnbedarf zu decken? Welchen Bed\u00fcrfnissen und Anforderungen muss die Wohnungspolitik der Zukunft gerecht werden?<\/p>\n<p>Das AFI | Arbeitsf\u00f6rderungsinstitut organisierte die Tagung &#8222;Wohnungsnot in S\u00fcdtirol: 4 Realit\u00e4ten &#8211; 4 Handlungsschienen&#8220; getragen vom Grundgedanken, dass die Wohnungssituation in S\u00fcdtirol nicht undifferenziert ist, sondern dass es vier verschiedene Wohnungsrealit\u00e4ten gibt, f\u00fcr die spezifische Ma\u00dfnahmen erforderlich sind. Eingeladen waren daher alle am Thema Interessierte, insbesondere Vertreter der Gewerkschaften, des Dritten Sektors, lokale Verwalter und Entscheidungstr\u00e4ger, die im Plenum und in &#8222;territorialen&#8220; Arbeitsgruppen Vorschl\u00e4ge entwickelten, um leistbares Wohnen \u2013 im Eigenheim oder Miete \u2013 erreichbar zu machen.<\/p>\n<ul>\n<li><strong><a href=\"https:\/\/afi-ipl.org\/wp-content\/uploads\/2021-09-03-Programm-Tagung-Wohnungsnot-in-S\u00fcdtirol-Programma-convegno-Crisi-abitativa-in-Alto-Adige.pdf\">Das Programm der Tagung<\/a><\/strong><\/li>\n<li><strong><a href=\"https:\/\/afi-ipl.org\/wp-content\/uploads\/2021-03-03-Prezi-Wohnungsnot-in-S\u00fcdtirol-Crisi-abitativa-in-Alto-Adige_Definitiv.pdf\">Die Pr\u00e4sentation: &#8222;Wohnungsnot in S\u00fcdtirol&#8220;<\/a><\/strong><\/li>\n<\/ul>\n","protected":false},"featured_media":9794,"template":"","class_list":["post-33801","afi_ipl_eventi","type-afi_ipl_eventi","status-publish","has-post-thumbnail","hentry","unterteilungen-tagungen-und-webinare"],"acf":[],"aioseo_notices":[],"yoast_head":"<!-- This site is optimized with the Yoast SEO plugin v27.4 - https:\/\/yoast.com\/product\/yoast-seo-wordpress\/ -->\n<title>&quot;Wohnungsnot in S\u00fcdtirol: 4 Realit\u00e4ten - 4 Handlungsschienen&quot; [Tagungsdokumentation] - AFI-IPL<\/title>\n<meta name=\"robots\" content=\"index, follow, max-snippet:-1, max-image-preview:large, max-video-preview:-1\" \/>\n<link rel=\"canonical\" href=\"https:\/\/www.afi-ipl.org\/de\/afi_ipl_eventi\/wohnungsnot-in-suedtirol-4-realitaeten-4-handlungsschienen-tagungsdokumentation\/\" \/>\n<meta property=\"og:locale\" content=\"de_DE\" \/>\n<meta property=\"og:type\" content=\"article\" \/>\n<meta property=\"og:title\" content=\"&quot;Wohnungsnot in S\u00fcdtirol: 4 Realit\u00e4ten - 4 Handlungsschienen&quot; [Tagungsdokumentation] - AFI-IPL\" \/>\n<meta property=\"og:description\" content=\"Im Jahr 2022 feiert die S\u00fcdtiroler Wohnbaupolitik ihr 50-j\u00e4hriges Bestehen: ein B\u00fcndel an Regeln und Instrumenten, mit dem wichtige Ziele erreicht werden konnten. Im Laufe der Zeit traten jedoch vermehrt Tendenzen ans Licht, welche die Vorteile schrittweise \u00fcberschattet haben. Was sind die Schwachstellen des heutigen Systems? Welche Strategien verfolgen die Verwaltungen und die sozialen Akteure, [&hellip;]\" \/>\n<meta property=\"og:url\" content=\"https:\/\/www.afi-ipl.org\/de\/afi_ipl_eventi\/wohnungsnot-in-suedtirol-4-realitaeten-4-handlungsschienen-tagungsdokumentation\/\" \/>\n<meta property=\"og:site_name\" content=\"AFI-IPL\" \/>\n<meta property=\"article:publisher\" content=\"https:\/\/www.facebook.com\/afi.ipl\" \/>\n<meta property=\"article:modified_time\" content=\"2024-10-16T12:23:02+00:00\" \/>\n<meta property=\"og:image\" content=\"https:\/\/www.afi-ipl.org\/wp-content\/uploads\/Workshop-AFI-Tagung-Convegno-IPL-scaled.jpg\" \/>\n\t<meta property=\"og:image:width\" content=\"2560\" \/>\n\t<meta property=\"og:image:height\" content=\"1707\" \/>\n\t<meta property=\"og:image:type\" content=\"image\/jpeg\" \/>\n<meta name=\"twitter:card\" content=\"summary_large_image\" \/>\n<meta name=\"twitter:site\" content=\"@afi_ipl\" \/>\n<meta name=\"twitter:label1\" content=\"Gesch\u00e4tzte Lesezeit\" \/>\n\t<meta name=\"twitter:data1\" content=\"2\u00a0Minuten\" \/>\n<script type=\"application\/ld+json\" class=\"yoast-schema-graph\">{\"@context\":\"https:\\\/\\\/schema.org\",\"@graph\":[{\"@type\":\"WebPage\",\"@id\":\"https:\\\/\\\/www.afi-ipl.org\\\/de\\\/afi_ipl_eventi\\\/wohnungsnot-in-suedtirol-4-realitaeten-4-handlungsschienen-tagungsdokumentation\\\/\",\"url\":\"https:\\\/\\\/www.afi-ipl.org\\\/de\\\/afi_ipl_eventi\\\/wohnungsnot-in-suedtirol-4-realitaeten-4-handlungsschienen-tagungsdokumentation\\\/\",\"name\":\"\\\"Wohnungsnot in S\u00fcdtirol: 4 Realit\u00e4ten - 4 Handlungsschienen\\\" [Tagungsdokumentation] - AFI-IPL\",\"isPartOf\":{\"@id\":\"https:\\\/\\\/www.afi-ipl.org\\\/de\\\/#website\"},\"primaryImageOfPage\":{\"@id\":\"https:\\\/\\\/www.afi-ipl.org\\\/de\\\/afi_ipl_eventi\\\/wohnungsnot-in-suedtirol-4-realitaeten-4-handlungsschienen-tagungsdokumentation\\\/#primaryimage\"},\"image\":{\"@id\":\"https:\\\/\\\/www.afi-ipl.org\\\/de\\\/afi_ipl_eventi\\\/wohnungsnot-in-suedtirol-4-realitaeten-4-handlungsschienen-tagungsdokumentation\\\/#primaryimage\"},\"thumbnailUrl\":\"https:\\\/\\\/www.afi-ipl.org\\\/wp-content\\\/uploads\\\/Workshop-AFI-Tagung-Convegno-IPL-scaled.jpg\",\"datePublished\":\"2021-08-31T05:18:11+00:00\",\"dateModified\":\"2024-10-16T12:23:02+00:00\",\"breadcrumb\":{\"@id\":\"https:\\\/\\\/www.afi-ipl.org\\\/de\\\/afi_ipl_eventi\\\/wohnungsnot-in-suedtirol-4-realitaeten-4-handlungsschienen-tagungsdokumentation\\\/#breadcrumb\"},\"inLanguage\":\"de\",\"potentialAction\":[{\"@type\":\"ReadAction\",\"target\":[\"https:\\\/\\\/www.afi-ipl.org\\\/de\\\/afi_ipl_eventi\\\/wohnungsnot-in-suedtirol-4-realitaeten-4-handlungsschienen-tagungsdokumentation\\\/\"]}]},{\"@type\":\"ImageObject\",\"inLanguage\":\"de\",\"@id\":\"https:\\\/\\\/www.afi-ipl.org\\\/de\\\/afi_ipl_eventi\\\/wohnungsnot-in-suedtirol-4-realitaeten-4-handlungsschienen-tagungsdokumentation\\\/#primaryimage\",\"url\":\"https:\\\/\\\/www.afi-ipl.org\\\/wp-content\\\/uploads\\\/Workshop-AFI-Tagung-Convegno-IPL-scaled.jpg\",\"contentUrl\":\"https:\\\/\\\/www.afi-ipl.org\\\/wp-content\\\/uploads\\\/Workshop-AFI-Tagung-Convegno-IPL-scaled.jpg\",\"width\":2560,\"height\":1707,\"caption\":\"|||||||||\"},{\"@type\":\"BreadcrumbList\",\"@id\":\"https:\\\/\\\/www.afi-ipl.org\\\/de\\\/afi_ipl_eventi\\\/wohnungsnot-in-suedtirol-4-realitaeten-4-handlungsschienen-tagungsdokumentation\\\/#breadcrumb\",\"itemListElement\":[{\"@type\":\"ListItem\",\"position\":1,\"name\":\"Home\",\"item\":\"https:\\\/\\\/www.afi-ipl.org\\\/de\\\/\"},{\"@type\":\"ListItem\",\"position\":2,\"name\":\"&#8220;Wohnungsnot in S\u00fcdtirol: 4 Realit\u00e4ten &#8211; 4 Handlungsschienen&#8221; [Tagungsdokumentation]\"}]},{\"@type\":\"WebSite\",\"@id\":\"https:\\\/\\\/www.afi-ipl.org\\\/de\\\/#website\",\"url\":\"https:\\\/\\\/www.afi-ipl.org\\\/de\\\/\",\"name\":\"AFI-IPL\",\"description\":\"\",\"publisher\":{\"@id\":\"https:\\\/\\\/www.afi-ipl.org\\\/de\\\/#organization\"},\"potentialAction\":[{\"@type\":\"SearchAction\",\"target\":{\"@type\":\"EntryPoint\",\"urlTemplate\":\"https:\\\/\\\/www.afi-ipl.org\\\/de\\\/?s={search_term_string}\"},\"query-input\":{\"@type\":\"PropertyValueSpecification\",\"valueRequired\":true,\"valueName\":\"search_term_string\"}}],\"inLanguage\":\"de\"},{\"@type\":\"Organization\",\"@id\":\"https:\\\/\\\/www.afi-ipl.org\\\/de\\\/#organization\",\"name\":\"AFI-IPL\",\"url\":\"https:\\\/\\\/www.afi-ipl.org\\\/de\\\/\",\"logo\":{\"@type\":\"ImageObject\",\"inLanguage\":\"de\",\"@id\":\"https:\\\/\\\/www.afi-ipl.org\\\/de\\\/#\\\/schema\\\/logo\\\/image\\\/\",\"url\":\"https:\\\/\\\/www.afi-ipl.org\\\/wp-content\\\/uploads\\\/Logo-mit-Zusatz.svg\",\"contentUrl\":\"https:\\\/\\\/www.afi-ipl.org\\\/wp-content\\\/uploads\\\/Logo-mit-Zusatz.svg\",\"width\":241,\"height\":58,\"caption\":\"AFI-IPL\"},\"image\":{\"@id\":\"https:\\\/\\\/www.afi-ipl.org\\\/de\\\/#\\\/schema\\\/logo\\\/image\\\/\"},\"sameAs\":[\"https:\\\/\\\/www.facebook.com\\\/afi.ipl\",\"https:\\\/\\\/x.com\\\/afi_ipl\",\"https:\\\/\\\/www.youtube.com\\\/@afiipl\",\"https:\\\/\\\/www.instagram.com\\\/afiipl\",\"https:\\\/\\\/www.instagram.com\\\/perinistefan\"]}]}<\/script>\n<!-- \/ Yoast SEO plugin. -->","yoast_head_json":{"title":"\"Wohnungsnot in S\u00fcdtirol: 4 Realit\u00e4ten - 4 Handlungsschienen\" [Tagungsdokumentation] - AFI-IPL","robots":{"index":"index","follow":"follow","max-snippet":"max-snippet:-1","max-image-preview":"max-image-preview:large","max-video-preview":"max-video-preview:-1"},"canonical":"https:\/\/www.afi-ipl.org\/de\/afi_ipl_eventi\/wohnungsnot-in-suedtirol-4-realitaeten-4-handlungsschienen-tagungsdokumentation\/","og_locale":"de_DE","og_type":"article","og_title":"\"Wohnungsnot in S\u00fcdtirol: 4 Realit\u00e4ten - 4 Handlungsschienen\" [Tagungsdokumentation] - AFI-IPL","og_description":"Im Jahr 2022 feiert die S\u00fcdtiroler Wohnbaupolitik ihr 50-j\u00e4hriges Bestehen: ein B\u00fcndel an Regeln und Instrumenten, mit dem wichtige Ziele erreicht werden konnten. Im Laufe der Zeit traten jedoch vermehrt Tendenzen ans Licht, welche die Vorteile schrittweise \u00fcberschattet haben. Was sind die Schwachstellen des heutigen Systems? Welche Strategien verfolgen die Verwaltungen und die sozialen Akteure, [&hellip;]","og_url":"https:\/\/www.afi-ipl.org\/de\/afi_ipl_eventi\/wohnungsnot-in-suedtirol-4-realitaeten-4-handlungsschienen-tagungsdokumentation\/","og_site_name":"AFI-IPL","article_publisher":"https:\/\/www.facebook.com\/afi.ipl","article_modified_time":"2024-10-16T12:23:02+00:00","og_image":[{"width":2560,"height":1707,"url":"https:\/\/www.afi-ipl.org\/wp-content\/uploads\/Workshop-AFI-Tagung-Convegno-IPL-scaled.jpg","type":"image\/jpeg"}],"twitter_card":"summary_large_image","twitter_site":"@afi_ipl","twitter_misc":{"Gesch\u00e4tzte Lesezeit":"2\u00a0Minuten"},"schema":{"@context":"https:\/\/schema.org","@graph":[{"@type":"WebPage","@id":"https:\/\/www.afi-ipl.org\/de\/afi_ipl_eventi\/wohnungsnot-in-suedtirol-4-realitaeten-4-handlungsschienen-tagungsdokumentation\/","url":"https:\/\/www.afi-ipl.org\/de\/afi_ipl_eventi\/wohnungsnot-in-suedtirol-4-realitaeten-4-handlungsschienen-tagungsdokumentation\/","name":"\"Wohnungsnot in S\u00fcdtirol: 4 Realit\u00e4ten - 4 Handlungsschienen\" [Tagungsdokumentation] - AFI-IPL","isPartOf":{"@id":"https:\/\/www.afi-ipl.org\/de\/#website"},"primaryImageOfPage":{"@id":"https:\/\/www.afi-ipl.org\/de\/afi_ipl_eventi\/wohnungsnot-in-suedtirol-4-realitaeten-4-handlungsschienen-tagungsdokumentation\/#primaryimage"},"image":{"@id":"https:\/\/www.afi-ipl.org\/de\/afi_ipl_eventi\/wohnungsnot-in-suedtirol-4-realitaeten-4-handlungsschienen-tagungsdokumentation\/#primaryimage"},"thumbnailUrl":"https:\/\/www.afi-ipl.org\/wp-content\/uploads\/Workshop-AFI-Tagung-Convegno-IPL-scaled.jpg","datePublished":"2021-08-31T05:18:11+00:00","dateModified":"2024-10-16T12:23:02+00:00","breadcrumb":{"@id":"https:\/\/www.afi-ipl.org\/de\/afi_ipl_eventi\/wohnungsnot-in-suedtirol-4-realitaeten-4-handlungsschienen-tagungsdokumentation\/#breadcrumb"},"inLanguage":"de","potentialAction":[{"@type":"ReadAction","target":["https:\/\/www.afi-ipl.org\/de\/afi_ipl_eventi\/wohnungsnot-in-suedtirol-4-realitaeten-4-handlungsschienen-tagungsdokumentation\/"]}]},{"@type":"ImageObject","inLanguage":"de","@id":"https:\/\/www.afi-ipl.org\/de\/afi_ipl_eventi\/wohnungsnot-in-suedtirol-4-realitaeten-4-handlungsschienen-tagungsdokumentation\/#primaryimage","url":"https:\/\/www.afi-ipl.org\/wp-content\/uploads\/Workshop-AFI-Tagung-Convegno-IPL-scaled.jpg","contentUrl":"https:\/\/www.afi-ipl.org\/wp-content\/uploads\/Workshop-AFI-Tagung-Convegno-IPL-scaled.jpg","width":2560,"height":1707,"caption":"|||||||||"},{"@type":"BreadcrumbList","@id":"https:\/\/www.afi-ipl.org\/de\/afi_ipl_eventi\/wohnungsnot-in-suedtirol-4-realitaeten-4-handlungsschienen-tagungsdokumentation\/#breadcrumb","itemListElement":[{"@type":"ListItem","position":1,"name":"Home","item":"https:\/\/www.afi-ipl.org\/de\/"},{"@type":"ListItem","position":2,"name":"&#8220;Wohnungsnot in S\u00fcdtirol: 4 Realit\u00e4ten &#8211; 4 Handlungsschienen&#8221; [Tagungsdokumentation]"}]},{"@type":"WebSite","@id":"https:\/\/www.afi-ipl.org\/de\/#website","url":"https:\/\/www.afi-ipl.org\/de\/","name":"AFI-IPL","description":"","publisher":{"@id":"https:\/\/www.afi-ipl.org\/de\/#organization"},"potentialAction":[{"@type":"SearchAction","target":{"@type":"EntryPoint","urlTemplate":"https:\/\/www.afi-ipl.org\/de\/?s={search_term_string}"},"query-input":{"@type":"PropertyValueSpecification","valueRequired":true,"valueName":"search_term_string"}}],"inLanguage":"de"},{"@type":"Organization","@id":"https:\/\/www.afi-ipl.org\/de\/#organization","name":"AFI-IPL","url":"https:\/\/www.afi-ipl.org\/de\/","logo":{"@type":"ImageObject","inLanguage":"de","@id":"https:\/\/www.afi-ipl.org\/de\/#\/schema\/logo\/image\/","url":"https:\/\/www.afi-ipl.org\/wp-content\/uploads\/Logo-mit-Zusatz.svg","contentUrl":"https:\/\/www.afi-ipl.org\/wp-content\/uploads\/Logo-mit-Zusatz.svg","width":241,"height":58,"caption":"AFI-IPL"},"image":{"@id":"https:\/\/www.afi-ipl.org\/de\/#\/schema\/logo\/image\/"},"sameAs":["https:\/\/www.facebook.com\/afi.ipl","https:\/\/x.com\/afi_ipl","https:\/\/www.youtube.com\/@afiipl","https:\/\/www.instagram.com\/afiipl","https:\/\/www.instagram.com\/perinistefan"]}]}},"_links":{"self":[{"href":"https:\/\/www.afi-ipl.org\/de\/wp-json\/wp\/v2\/afi_ipl_eventi\/33801","targetHints":{"allow":["GET"]}}],"collection":[{"href":"https:\/\/www.afi-ipl.org\/de\/wp-json\/wp\/v2\/afi_ipl_eventi"}],"about":[{"href":"https:\/\/www.afi-ipl.org\/de\/wp-json\/wp\/v2\/types\/afi_ipl_eventi"}],"version-history":[{"count":3,"href":"https:\/\/www.afi-ipl.org\/de\/wp-json\/wp\/v2\/afi_ipl_eventi\/33801\/revisions"}],"predecessor-version":[{"id":54132,"href":"https:\/\/www.afi-ipl.org\/de\/wp-json\/wp\/v2\/afi_ipl_eventi\/33801\/revisions\/54132"}],"wp:featuredmedia":[{"embeddable":true,"href":"https:\/\/www.afi-ipl.org\/de\/wp-json\/wp\/v2\/media\/9794"}],"wp:attachment":[{"href":"https:\/\/www.afi-ipl.org\/de\/wp-json\/wp\/v2\/media?parent=33801"}],"curies":[{"name":"wp","href":"https:\/\/api.w.org\/{rel}","templated":true}]}}