{"id":33812,"date":"2022-01-18T08:55:59","date_gmt":"2022-01-18T07:55:59","guid":{"rendered":"https:\/\/new.afi-ipl.org\/afi_ipl_eventi\/conferenza-stampa-barometro-ipl-inverno-2021-2022\/"},"modified":"2024-09-24T19:33:45","modified_gmt":"2024-09-24T17:33:45","slug":"pressekonferenz-afi-barometer-winter-2021-2022","status":"publish","type":"afi_ipl_eventi","link":"https:\/\/www.afi-ipl.org\/de\/afi_ipl_eventi\/pressekonferenz-afi-barometer-winter-2021-2022\/","title":{"rendered":"Pressekonferenz: AFI-Barometer &#8211; Winter 2021\/2022"},"content":{"rendered":"<p style=\"text-align: justify;\"><strong>Donnerstag, 20. J\u00e4nner 2022<\/strong><br \/>\n<strong>09:30 &#8211; 10:15 Uhr<\/strong><br \/>\n<strong>Innenhof Palais Widmann, Silvius-Magnago-Platz 1 \u2013 Bozen<\/strong><\/p>\n<p style=\"text-align: justify;\"><em><strong>In Pr\u00e4senz<br \/>\nTeilnahme nur mit Super Green Pass<\/strong><\/em><\/p>\n<p style=\"text-align: justify;\">In Anwesenheit von Arbeits-Landesrat Philipp Achammer stellt das AFI | Arbeitsf\u00f6rderungsinstitut die Ergebnisse der 35. Ausgabe des AFI-Barometers vor. Es handelt sich um eine repr\u00e4sentative Umfrage zu Konjunktur und Arbeitsmarkt in S\u00fcdtirol, die alle drei Monate unter den rund 200.000 S\u00fcdtiroler Arbeitnehmer\/Innen durchgef\u00fchrt wird.<\/p>\n<p style=\"text-align: justify;\">Die Themen der Pressekonferenz:<\/p>\n<ul style=\"text-align: justify;\">\n<li>R\u00fcckblick 2021: Wie war das Jahr?<\/li>\n<li>Wie ist die Stimmung der Arbeitnehmer\/innen zum Jahresauftakt 2022?<\/li>\n<li>Sind negative Auswirkungen auf den S\u00fcdtiroler Arbeitsmarkt zu erwarten?<\/li>\n<li>Wie lange wird die hohe Inflation anhalten?<\/li>\n<\/ul>\n<p style=\"text-align: justify;\">Die Redner stehen vor und nach der Pressekonferenz f\u00fcr Interviews zur Verf\u00fcgung.<\/p>\n<ul style=\"list-style-type: square;\">\n<li style=\"text-align: justify;\"><strong><a href=\"https:\/\/afi-ipl.org\/wp-content\/uploads\/2022-01-20-Programm-Programma.pdf\">Zum Programm<\/a><br \/>\n<\/strong><\/li>\n<li style=\"text-align: justify;\"><strong><a href=\"https:\/\/afi-ipl.org\/bildergalerie\/pressekonferenz-afi-barometer-winter-2021-2022\/#.YfJeNpbSKUk\">Zur Bildergalerie der Pressekonferenz<\/a><br \/>\n<\/strong><\/li>\n<\/ul>\n","protected":false},"featured_media":10025,"template":"","class_list":["post-33812","afi_ipl_eventi","type-afi_ipl_eventi","status-publish","has-post-thumbnail","hentry","unterteilungen-pressekonferenzen"],"acf":[],"aioseo_notices":[],"yoast_head":"<!-- This site is optimized with the Yoast SEO plugin v27.4 - https:\/\/yoast.com\/product\/yoast-seo-wordpress\/ -->\n<title>Pressekonferenz: AFI-Barometer - Winter 2021\/2022 - AFI-IPL<\/title>\n<meta name=\"robots\" content=\"index, follow, max-snippet:-1, max-image-preview:large, max-video-preview:-1\" \/>\n<link rel=\"canonical\" href=\"https:\/\/www.afi-ipl.org\/de\/afi_ipl_eventi\/pressekonferenz-afi-barometer-winter-2021-2022\/\" \/>\n<meta property=\"og:locale\" content=\"de_DE\" \/>\n<meta property=\"og:type\" content=\"article\" \/>\n<meta property=\"og:title\" content=\"Pressekonferenz: AFI-Barometer - Winter 2021\/2022 - AFI-IPL\" \/>\n<meta property=\"og:description\" content=\"Donnerstag, 20. J\u00e4nner 2022 09:30 &#8211; 10:15 Uhr Innenhof Palais Widmann, Silvius-Magnago-Platz 1 \u2013 Bozen In Pr\u00e4senz Teilnahme nur mit Super Green Pass In Anwesenheit von Arbeits-Landesrat Philipp Achammer stellt das AFI | Arbeitsf\u00f6rderungsinstitut die Ergebnisse der 35. Ausgabe des AFI-Barometers vor. Es handelt sich um eine repr\u00e4sentative Umfrage zu Konjunktur und Arbeitsmarkt in S\u00fcdtirol, [&hellip;]\" \/>\n<meta property=\"og:url\" content=\"https:\/\/www.afi-ipl.org\/de\/afi_ipl_eventi\/pressekonferenz-afi-barometer-winter-2021-2022\/\" \/>\n<meta property=\"og:site_name\" content=\"AFI-IPL\" \/>\n<meta property=\"article:publisher\" content=\"https:\/\/www.facebook.com\/afi.ipl\" \/>\n<meta property=\"article:modified_time\" content=\"2024-09-24T17:33:45+00:00\" \/>\n<meta property=\"og:image\" content=\"https:\/\/www.afi-ipl.org\/wp-content\/uploads\/trees-gb9a8dd789_1920.jpg\" \/>\n\t<meta property=\"og:image:width\" content=\"1920\" \/>\n\t<meta property=\"og:image:height\" content=\"1280\" \/>\n\t<meta property=\"og:image:type\" content=\"image\/jpeg\" \/>\n<meta name=\"twitter:card\" content=\"summary_large_image\" \/>\n<meta name=\"twitter:site\" content=\"@afi_ipl\" \/>\n<meta name=\"twitter:label1\" content=\"Gesch\u00e4tzte Lesezeit\" \/>\n\t<meta name=\"twitter:data1\" content=\"1\u00a0Minute\" \/>\n<script type=\"application\/ld+json\" class=\"yoast-schema-graph\">{\"@context\":\"https:\\\/\\\/schema.org\",\"@graph\":[{\"@type\":\"WebPage\",\"@id\":\"https:\\\/\\\/www.afi-ipl.org\\\/de\\\/afi_ipl_eventi\\\/pressekonferenz-afi-barometer-winter-2021-2022\\\/\",\"url\":\"https:\\\/\\\/www.afi-ipl.org\\\/de\\\/afi_ipl_eventi\\\/pressekonferenz-afi-barometer-winter-2021-2022\\\/\",\"name\":\"Pressekonferenz: AFI-Barometer - Winter 2021\\\/2022 - AFI-IPL\",\"isPartOf\":{\"@id\":\"https:\\\/\\\/www.afi-ipl.org\\\/de\\\/#website\"},\"primaryImageOfPage\":{\"@id\":\"https:\\\/\\\/www.afi-ipl.org\\\/de\\\/afi_ipl_eventi\\\/pressekonferenz-afi-barometer-winter-2021-2022\\\/#primaryimage\"},\"image\":{\"@id\":\"https:\\\/\\\/www.afi-ipl.org\\\/de\\\/afi_ipl_eventi\\\/pressekonferenz-afi-barometer-winter-2021-2022\\\/#primaryimage\"},\"thumbnailUrl\":\"https:\\\/\\\/www.afi-ipl.org\\\/wp-content\\\/uploads\\\/trees-gb9a8dd789_1920.jpg\",\"datePublished\":\"2022-01-18T07:55:59+00:00\",\"dateModified\":\"2024-09-24T17:33:45+00:00\",\"breadcrumb\":{\"@id\":\"https:\\\/\\\/www.afi-ipl.org\\\/de\\\/afi_ipl_eventi\\\/pressekonferenz-afi-barometer-winter-2021-2022\\\/#breadcrumb\"},\"inLanguage\":\"de\",\"potentialAction\":[{\"@type\":\"ReadAction\",\"target\":[\"https:\\\/\\\/www.afi-ipl.org\\\/de\\\/afi_ipl_eventi\\\/pressekonferenz-afi-barometer-winter-2021-2022\\\/\"]}]},{\"@type\":\"ImageObject\",\"inLanguage\":\"de\",\"@id\":\"https:\\\/\\\/www.afi-ipl.org\\\/de\\\/afi_ipl_eventi\\\/pressekonferenz-afi-barometer-winter-2021-2022\\\/#primaryimage\",\"url\":\"https:\\\/\\\/www.afi-ipl.org\\\/wp-content\\\/uploads\\\/trees-gb9a8dd789_1920.jpg\",\"contentUrl\":\"https:\\\/\\\/www.afi-ipl.org\\\/wp-content\\\/uploads\\\/trees-gb9a8dd789_1920.jpg\",\"width\":1920,\"height\":1280},{\"@type\":\"BreadcrumbList\",\"@id\":\"https:\\\/\\\/www.afi-ipl.org\\\/de\\\/afi_ipl_eventi\\\/pressekonferenz-afi-barometer-winter-2021-2022\\\/#breadcrumb\",\"itemListElement\":[{\"@type\":\"ListItem\",\"position\":1,\"name\":\"Home\",\"item\":\"https:\\\/\\\/www.afi-ipl.org\\\/de\\\/\"},{\"@type\":\"ListItem\",\"position\":2,\"name\":\"Pressekonferenz: AFI-Barometer &#8211; Winter 2021\\\/2022\"}]},{\"@type\":\"WebSite\",\"@id\":\"https:\\\/\\\/www.afi-ipl.org\\\/de\\\/#website\",\"url\":\"https:\\\/\\\/www.afi-ipl.org\\\/de\\\/\",\"name\":\"AFI-IPL\",\"description\":\"\",\"publisher\":{\"@id\":\"https:\\\/\\\/www.afi-ipl.org\\\/de\\\/#organization\"},\"potentialAction\":[{\"@type\":\"SearchAction\",\"target\":{\"@type\":\"EntryPoint\",\"urlTemplate\":\"https:\\\/\\\/www.afi-ipl.org\\\/de\\\/?s={search_term_string}\"},\"query-input\":{\"@type\":\"PropertyValueSpecification\",\"valueRequired\":true,\"valueName\":\"search_term_string\"}}],\"inLanguage\":\"de\"},{\"@type\":\"Organization\",\"@id\":\"https:\\\/\\\/www.afi-ipl.org\\\/de\\\/#organization\",\"name\":\"AFI-IPL\",\"url\":\"https:\\\/\\\/www.afi-ipl.org\\\/de\\\/\",\"logo\":{\"@type\":\"ImageObject\",\"inLanguage\":\"de\",\"@id\":\"https:\\\/\\\/www.afi-ipl.org\\\/de\\\/#\\\/schema\\\/logo\\\/image\\\/\",\"url\":\"https:\\\/\\\/www.afi-ipl.org\\\/wp-content\\\/uploads\\\/Logo-mit-Zusatz.svg\",\"contentUrl\":\"https:\\\/\\\/www.afi-ipl.org\\\/wp-content\\\/uploads\\\/Logo-mit-Zusatz.svg\",\"width\":241,\"height\":58,\"caption\":\"AFI-IPL\"},\"image\":{\"@id\":\"https:\\\/\\\/www.afi-ipl.org\\\/de\\\/#\\\/schema\\\/logo\\\/image\\\/\"},\"sameAs\":[\"https:\\\/\\\/www.facebook.com\\\/afi.ipl\",\"https:\\\/\\\/x.com\\\/afi_ipl\",\"https:\\\/\\\/www.youtube.com\\\/@afiipl\",\"https:\\\/\\\/www.instagram.com\\\/afiipl\",\"https:\\\/\\\/www.instagram.com\\\/perinistefan\"]}]}<\/script>\n<!-- \/ Yoast SEO plugin. -->","yoast_head_json":{"title":"Pressekonferenz: AFI-Barometer - Winter 2021\/2022 - AFI-IPL","robots":{"index":"index","follow":"follow","max-snippet":"max-snippet:-1","max-image-preview":"max-image-preview:large","max-video-preview":"max-video-preview:-1"},"canonical":"https:\/\/www.afi-ipl.org\/de\/afi_ipl_eventi\/pressekonferenz-afi-barometer-winter-2021-2022\/","og_locale":"de_DE","og_type":"article","og_title":"Pressekonferenz: AFI-Barometer - Winter 2021\/2022 - AFI-IPL","og_description":"Donnerstag, 20. J\u00e4nner 2022 09:30 &#8211; 10:15 Uhr Innenhof Palais Widmann, Silvius-Magnago-Platz 1 \u2013 Bozen In Pr\u00e4senz Teilnahme nur mit Super Green Pass In Anwesenheit von Arbeits-Landesrat Philipp Achammer stellt das AFI | Arbeitsf\u00f6rderungsinstitut die Ergebnisse der 35. Ausgabe des AFI-Barometers vor. Es handelt sich um eine repr\u00e4sentative Umfrage zu Konjunktur und Arbeitsmarkt in S\u00fcdtirol, [&hellip;]","og_url":"https:\/\/www.afi-ipl.org\/de\/afi_ipl_eventi\/pressekonferenz-afi-barometer-winter-2021-2022\/","og_site_name":"AFI-IPL","article_publisher":"https:\/\/www.facebook.com\/afi.ipl","article_modified_time":"2024-09-24T17:33:45+00:00","og_image":[{"width":1920,"height":1280,"url":"https:\/\/www.afi-ipl.org\/wp-content\/uploads\/trees-gb9a8dd789_1920.jpg","type":"image\/jpeg"}],"twitter_card":"summary_large_image","twitter_site":"@afi_ipl","twitter_misc":{"Gesch\u00e4tzte Lesezeit":"1\u00a0Minute"},"schema":{"@context":"https:\/\/schema.org","@graph":[{"@type":"WebPage","@id":"https:\/\/www.afi-ipl.org\/de\/afi_ipl_eventi\/pressekonferenz-afi-barometer-winter-2021-2022\/","url":"https:\/\/www.afi-ipl.org\/de\/afi_ipl_eventi\/pressekonferenz-afi-barometer-winter-2021-2022\/","name":"Pressekonferenz: AFI-Barometer - Winter 2021\/2022 - AFI-IPL","isPartOf":{"@id":"https:\/\/www.afi-ipl.org\/de\/#website"},"primaryImageOfPage":{"@id":"https:\/\/www.afi-ipl.org\/de\/afi_ipl_eventi\/pressekonferenz-afi-barometer-winter-2021-2022\/#primaryimage"},"image":{"@id":"https:\/\/www.afi-ipl.org\/de\/afi_ipl_eventi\/pressekonferenz-afi-barometer-winter-2021-2022\/#primaryimage"},"thumbnailUrl":"https:\/\/www.afi-ipl.org\/wp-content\/uploads\/trees-gb9a8dd789_1920.jpg","datePublished":"2022-01-18T07:55:59+00:00","dateModified":"2024-09-24T17:33:45+00:00","breadcrumb":{"@id":"https:\/\/www.afi-ipl.org\/de\/afi_ipl_eventi\/pressekonferenz-afi-barometer-winter-2021-2022\/#breadcrumb"},"inLanguage":"de","potentialAction":[{"@type":"ReadAction","target":["https:\/\/www.afi-ipl.org\/de\/afi_ipl_eventi\/pressekonferenz-afi-barometer-winter-2021-2022\/"]}]},{"@type":"ImageObject","inLanguage":"de","@id":"https:\/\/www.afi-ipl.org\/de\/afi_ipl_eventi\/pressekonferenz-afi-barometer-winter-2021-2022\/#primaryimage","url":"https:\/\/www.afi-ipl.org\/wp-content\/uploads\/trees-gb9a8dd789_1920.jpg","contentUrl":"https:\/\/www.afi-ipl.org\/wp-content\/uploads\/trees-gb9a8dd789_1920.jpg","width":1920,"height":1280},{"@type":"BreadcrumbList","@id":"https:\/\/www.afi-ipl.org\/de\/afi_ipl_eventi\/pressekonferenz-afi-barometer-winter-2021-2022\/#breadcrumb","itemListElement":[{"@type":"ListItem","position":1,"name":"Home","item":"https:\/\/www.afi-ipl.org\/de\/"},{"@type":"ListItem","position":2,"name":"Pressekonferenz: AFI-Barometer &#8211; Winter 2021\/2022"}]},{"@type":"WebSite","@id":"https:\/\/www.afi-ipl.org\/de\/#website","url":"https:\/\/www.afi-ipl.org\/de\/","name":"AFI-IPL","description":"","publisher":{"@id":"https:\/\/www.afi-ipl.org\/de\/#organization"},"potentialAction":[{"@type":"SearchAction","target":{"@type":"EntryPoint","urlTemplate":"https:\/\/www.afi-ipl.org\/de\/?s={search_term_string}"},"query-input":{"@type":"PropertyValueSpecification","valueRequired":true,"valueName":"search_term_string"}}],"inLanguage":"de"},{"@type":"Organization","@id":"https:\/\/www.afi-ipl.org\/de\/#organization","name":"AFI-IPL","url":"https:\/\/www.afi-ipl.org\/de\/","logo":{"@type":"ImageObject","inLanguage":"de","@id":"https:\/\/www.afi-ipl.org\/de\/#\/schema\/logo\/image\/","url":"https:\/\/www.afi-ipl.org\/wp-content\/uploads\/Logo-mit-Zusatz.svg","contentUrl":"https:\/\/www.afi-ipl.org\/wp-content\/uploads\/Logo-mit-Zusatz.svg","width":241,"height":58,"caption":"AFI-IPL"},"image":{"@id":"https:\/\/www.afi-ipl.org\/de\/#\/schema\/logo\/image\/"},"sameAs":["https:\/\/www.facebook.com\/afi.ipl","https:\/\/x.com\/afi_ipl","https:\/\/www.youtube.com\/@afiipl","https:\/\/www.instagram.com\/afiipl","https:\/\/www.instagram.com\/perinistefan"]}]}},"_links":{"self":[{"href":"https:\/\/www.afi-ipl.org\/de\/wp-json\/wp\/v2\/afi_ipl_eventi\/33812","targetHints":{"allow":["GET"]}}],"collection":[{"href":"https:\/\/www.afi-ipl.org\/de\/wp-json\/wp\/v2\/afi_ipl_eventi"}],"about":[{"href":"https:\/\/www.afi-ipl.org\/de\/wp-json\/wp\/v2\/types\/afi_ipl_eventi"}],"version-history":[{"count":2,"href":"https:\/\/www.afi-ipl.org\/de\/wp-json\/wp\/v2\/afi_ipl_eventi\/33812\/revisions"}],"predecessor-version":[{"id":34135,"href":"https:\/\/www.afi-ipl.org\/de\/wp-json\/wp\/v2\/afi_ipl_eventi\/33812\/revisions\/34135"}],"wp:featuredmedia":[{"embeddable":true,"href":"https:\/\/www.afi-ipl.org\/de\/wp-json\/wp\/v2\/media\/10025"}],"wp:attachment":[{"href":"https:\/\/www.afi-ipl.org\/de\/wp-json\/wp\/v2\/media?parent=33812"}],"curies":[{"name":"wp","href":"https:\/\/api.w.org\/{rel}","templated":true}]}}