{"id":33814,"date":"2022-04-19T09:56:14","date_gmt":"2022-04-19T07:56:14","guid":{"rendered":"https:\/\/new.afi-ipl.org\/afi_ipl_eventi\/conferenza-stampa-barometro-ipl-primavera-2022\/"},"modified":"2024-10-16T14:35:40","modified_gmt":"2024-10-16T12:35:40","slug":"pressekonferenz-afi-barometer-fruehjahr-2022","status":"publish","type":"afi_ipl_eventi","link":"https:\/\/www.afi-ipl.org\/de\/afi_ipl_eventi\/pressekonferenz-afi-barometer-fruehjahr-2022\/","title":{"rendered":"Pressekonferenz: AFI-Barometer &#8211; Fr\u00fchjahr 2022"},"content":{"rendered":"<p><strong>Donnerstag, 21. April 2022<br \/>\n11:00-11:45 Uhr<br \/>\nPressesaal, Palais Widmann (Landhaus 1), Silvius-Magnago-Platz 1 &#8211; Bozen<\/strong><\/p>\n<p><strong>In Pr\u00e4senz. Teilnahme nur mit Green Pass<\/strong><\/p>\n<p>In Anwesenheit von Arbeits-Landesrat Philipp Achammer stellt das AFI | Arbeitsf\u00f6rderungsinstitut die Ergebnisse der 36. Ausgabe des AFI-Barometers vor. Es handelt sich um eine repr\u00e4sentative Umfrage zu Konjunktur und Arbeitsmarkt in S\u00fcdtirol, die alle drei Monate unter den rund 220.000 S\u00fcdtiroler Arbeitnehmer\/Innen durchgef\u00fchrt wird.<\/p>\n<p>Die Themen der Pressekonferenz:<\/p>\n<ul>\n<li>Inwiefern f\u00e4rbt der Ukraine-Krieg auf die Stimmung von S\u00fcdtirols Arbeitnehmern ab?<\/li>\n<li>M\u00fcssen die Lohnabh\u00e4ngigen in S\u00fcdtirol um ihren Arbeitsplatz f\u00fcrchten?<\/li>\n<li>Mit welchen Aspekten der Arbeit sind die befragten Arbeitnehmer zufrieden\/unzufrieden?<\/li>\n<li>Warum sich die Inflation im 4. Quartal 2022 auf unter 5% zur\u00fcckbilden wird.<\/li>\n<\/ul>\n<p>Die Redner stehen vor und nach der Pressekonferenz f\u00fcr Interviews zur Verf\u00fcgung.<\/p>\n<ul>\n<li><a href=\"https:\/\/afi-ipl.org\/wp-content\/uploads\/2022-04-21-Programm-Programma.pdf\"><strong>Zum Programm <\/strong><\/a><\/li>\n<\/ul>\n","protected":false},"featured_media":2485,"template":"","class_list":["post-33814","afi_ipl_eventi","type-afi_ipl_eventi","status-publish","has-post-thumbnail","hentry","unterteilungen-pressekonferenzen"],"acf":[],"aioseo_notices":[],"yoast_head":"<!-- This site is optimized with the Yoast SEO plugin v27.4 - https:\/\/yoast.com\/product\/yoast-seo-wordpress\/ -->\n<title>Pressekonferenz: AFI-Barometer - Fr\u00fchjahr 2022 - AFI-IPL<\/title>\n<meta name=\"robots\" content=\"index, follow, max-snippet:-1, max-image-preview:large, max-video-preview:-1\" \/>\n<link rel=\"canonical\" href=\"https:\/\/www.afi-ipl.org\/de\/afi_ipl_eventi\/pressekonferenz-afi-barometer-fruehjahr-2022\/\" \/>\n<meta property=\"og:locale\" content=\"de_DE\" \/>\n<meta property=\"og:type\" content=\"article\" \/>\n<meta property=\"og:title\" content=\"Pressekonferenz: AFI-Barometer - Fr\u00fchjahr 2022 - AFI-IPL\" \/>\n<meta property=\"og:description\" content=\"Donnerstag, 21. April 2022 11:00-11:45 Uhr Pressesaal, Palais Widmann (Landhaus 1), Silvius-Magnago-Platz 1 &#8211; Bozen In Pr\u00e4senz. Teilnahme nur mit Green Pass In Anwesenheit von Arbeits-Landesrat Philipp Achammer stellt das AFI | Arbeitsf\u00f6rderungsinstitut die Ergebnisse der 36. Ausgabe des AFI-Barometers vor. Es handelt sich um eine repr\u00e4sentative Umfrage zu Konjunktur und Arbeitsmarkt in S\u00fcdtirol, die [&hellip;]\" \/>\n<meta property=\"og:url\" content=\"https:\/\/www.afi-ipl.org\/de\/afi_ipl_eventi\/pressekonferenz-afi-barometer-fruehjahr-2022\/\" \/>\n<meta property=\"og:site_name\" content=\"AFI-IPL\" \/>\n<meta property=\"article:publisher\" content=\"https:\/\/www.facebook.com\/afi.ipl\" \/>\n<meta property=\"article:modified_time\" content=\"2024-10-16T12:35:40+00:00\" \/>\n<meta property=\"og:image\" content=\"https:\/\/www.afi-ipl.org\/wp-content\/uploads\/magnolia-trees-pixabay.jpg\" \/>\n\t<meta property=\"og:image:width\" content=\"960\" \/>\n\t<meta property=\"og:image:height\" content=\"640\" \/>\n\t<meta property=\"og:image:type\" content=\"image\/jpeg\" \/>\n<meta name=\"twitter:card\" content=\"summary_large_image\" \/>\n<meta name=\"twitter:site\" content=\"@afi_ipl\" \/>\n<meta name=\"twitter:label1\" content=\"Gesch\u00e4tzte Lesezeit\" \/>\n\t<meta name=\"twitter:data1\" content=\"1\u00a0Minute\" \/>\n<script type=\"application\/ld+json\" class=\"yoast-schema-graph\">{\"@context\":\"https:\\\/\\\/schema.org\",\"@graph\":[{\"@type\":\"WebPage\",\"@id\":\"https:\\\/\\\/www.afi-ipl.org\\\/de\\\/afi_ipl_eventi\\\/pressekonferenz-afi-barometer-fruehjahr-2022\\\/\",\"url\":\"https:\\\/\\\/www.afi-ipl.org\\\/de\\\/afi_ipl_eventi\\\/pressekonferenz-afi-barometer-fruehjahr-2022\\\/\",\"name\":\"Pressekonferenz: AFI-Barometer - Fr\u00fchjahr 2022 - AFI-IPL\",\"isPartOf\":{\"@id\":\"https:\\\/\\\/www.afi-ipl.org\\\/de\\\/#website\"},\"primaryImageOfPage\":{\"@id\":\"https:\\\/\\\/www.afi-ipl.org\\\/de\\\/afi_ipl_eventi\\\/pressekonferenz-afi-barometer-fruehjahr-2022\\\/#primaryimage\"},\"image\":{\"@id\":\"https:\\\/\\\/www.afi-ipl.org\\\/de\\\/afi_ipl_eventi\\\/pressekonferenz-afi-barometer-fruehjahr-2022\\\/#primaryimage\"},\"thumbnailUrl\":\"https:\\\/\\\/www.afi-ipl.org\\\/wp-content\\\/uploads\\\/magnolia-trees-pixabay.jpg\",\"datePublished\":\"2022-04-19T07:56:14+00:00\",\"dateModified\":\"2024-10-16T12:35:40+00:00\",\"breadcrumb\":{\"@id\":\"https:\\\/\\\/www.afi-ipl.org\\\/de\\\/afi_ipl_eventi\\\/pressekonferenz-afi-barometer-fruehjahr-2022\\\/#breadcrumb\"},\"inLanguage\":\"de\",\"potentialAction\":[{\"@type\":\"ReadAction\",\"target\":[\"https:\\\/\\\/www.afi-ipl.org\\\/de\\\/afi_ipl_eventi\\\/pressekonferenz-afi-barometer-fruehjahr-2022\\\/\"]}]},{\"@type\":\"ImageObject\",\"inLanguage\":\"de\",\"@id\":\"https:\\\/\\\/www.afi-ipl.org\\\/de\\\/afi_ipl_eventi\\\/pressekonferenz-afi-barometer-fruehjahr-2022\\\/#primaryimage\",\"url\":\"https:\\\/\\\/www.afi-ipl.org\\\/wp-content\\\/uploads\\\/magnolia-trees-pixabay.jpg\",\"contentUrl\":\"https:\\\/\\\/www.afi-ipl.org\\\/wp-content\\\/uploads\\\/magnolia-trees-pixabay.jpg\",\"width\":960,\"height\":640},{\"@type\":\"BreadcrumbList\",\"@id\":\"https:\\\/\\\/www.afi-ipl.org\\\/de\\\/afi_ipl_eventi\\\/pressekonferenz-afi-barometer-fruehjahr-2022\\\/#breadcrumb\",\"itemListElement\":[{\"@type\":\"ListItem\",\"position\":1,\"name\":\"Home\",\"item\":\"https:\\\/\\\/www.afi-ipl.org\\\/de\\\/\"},{\"@type\":\"ListItem\",\"position\":2,\"name\":\"Pressekonferenz: AFI-Barometer &#8211; Fr\u00fchjahr 2022\"}]},{\"@type\":\"WebSite\",\"@id\":\"https:\\\/\\\/www.afi-ipl.org\\\/de\\\/#website\",\"url\":\"https:\\\/\\\/www.afi-ipl.org\\\/de\\\/\",\"name\":\"AFI-IPL\",\"description\":\"\",\"publisher\":{\"@id\":\"https:\\\/\\\/www.afi-ipl.org\\\/de\\\/#organization\"},\"potentialAction\":[{\"@type\":\"SearchAction\",\"target\":{\"@type\":\"EntryPoint\",\"urlTemplate\":\"https:\\\/\\\/www.afi-ipl.org\\\/de\\\/?s={search_term_string}\"},\"query-input\":{\"@type\":\"PropertyValueSpecification\",\"valueRequired\":true,\"valueName\":\"search_term_string\"}}],\"inLanguage\":\"de\"},{\"@type\":\"Organization\",\"@id\":\"https:\\\/\\\/www.afi-ipl.org\\\/de\\\/#organization\",\"name\":\"AFI-IPL\",\"url\":\"https:\\\/\\\/www.afi-ipl.org\\\/de\\\/\",\"logo\":{\"@type\":\"ImageObject\",\"inLanguage\":\"de\",\"@id\":\"https:\\\/\\\/www.afi-ipl.org\\\/de\\\/#\\\/schema\\\/logo\\\/image\\\/\",\"url\":\"https:\\\/\\\/www.afi-ipl.org\\\/wp-content\\\/uploads\\\/Logo-mit-Zusatz.svg\",\"contentUrl\":\"https:\\\/\\\/www.afi-ipl.org\\\/wp-content\\\/uploads\\\/Logo-mit-Zusatz.svg\",\"width\":241,\"height\":58,\"caption\":\"AFI-IPL\"},\"image\":{\"@id\":\"https:\\\/\\\/www.afi-ipl.org\\\/de\\\/#\\\/schema\\\/logo\\\/image\\\/\"},\"sameAs\":[\"https:\\\/\\\/www.facebook.com\\\/afi.ipl\",\"https:\\\/\\\/x.com\\\/afi_ipl\",\"https:\\\/\\\/www.youtube.com\\\/@afiipl\",\"https:\\\/\\\/www.instagram.com\\\/afiipl\",\"https:\\\/\\\/www.instagram.com\\\/perinistefan\"]}]}<\/script>\n<!-- \/ Yoast SEO plugin. -->","yoast_head_json":{"title":"Pressekonferenz: AFI-Barometer - Fr\u00fchjahr 2022 - AFI-IPL","robots":{"index":"index","follow":"follow","max-snippet":"max-snippet:-1","max-image-preview":"max-image-preview:large","max-video-preview":"max-video-preview:-1"},"canonical":"https:\/\/www.afi-ipl.org\/de\/afi_ipl_eventi\/pressekonferenz-afi-barometer-fruehjahr-2022\/","og_locale":"de_DE","og_type":"article","og_title":"Pressekonferenz: AFI-Barometer - Fr\u00fchjahr 2022 - AFI-IPL","og_description":"Donnerstag, 21. April 2022 11:00-11:45 Uhr Pressesaal, Palais Widmann (Landhaus 1), Silvius-Magnago-Platz 1 &#8211; Bozen In Pr\u00e4senz. Teilnahme nur mit Green Pass In Anwesenheit von Arbeits-Landesrat Philipp Achammer stellt das AFI | Arbeitsf\u00f6rderungsinstitut die Ergebnisse der 36. Ausgabe des AFI-Barometers vor. Es handelt sich um eine repr\u00e4sentative Umfrage zu Konjunktur und Arbeitsmarkt in S\u00fcdtirol, die [&hellip;]","og_url":"https:\/\/www.afi-ipl.org\/de\/afi_ipl_eventi\/pressekonferenz-afi-barometer-fruehjahr-2022\/","og_site_name":"AFI-IPL","article_publisher":"https:\/\/www.facebook.com\/afi.ipl","article_modified_time":"2024-10-16T12:35:40+00:00","og_image":[{"width":960,"height":640,"url":"https:\/\/www.afi-ipl.org\/wp-content\/uploads\/magnolia-trees-pixabay.jpg","type":"image\/jpeg"}],"twitter_card":"summary_large_image","twitter_site":"@afi_ipl","twitter_misc":{"Gesch\u00e4tzte Lesezeit":"1\u00a0Minute"},"schema":{"@context":"https:\/\/schema.org","@graph":[{"@type":"WebPage","@id":"https:\/\/www.afi-ipl.org\/de\/afi_ipl_eventi\/pressekonferenz-afi-barometer-fruehjahr-2022\/","url":"https:\/\/www.afi-ipl.org\/de\/afi_ipl_eventi\/pressekonferenz-afi-barometer-fruehjahr-2022\/","name":"Pressekonferenz: AFI-Barometer - Fr\u00fchjahr 2022 - AFI-IPL","isPartOf":{"@id":"https:\/\/www.afi-ipl.org\/de\/#website"},"primaryImageOfPage":{"@id":"https:\/\/www.afi-ipl.org\/de\/afi_ipl_eventi\/pressekonferenz-afi-barometer-fruehjahr-2022\/#primaryimage"},"image":{"@id":"https:\/\/www.afi-ipl.org\/de\/afi_ipl_eventi\/pressekonferenz-afi-barometer-fruehjahr-2022\/#primaryimage"},"thumbnailUrl":"https:\/\/www.afi-ipl.org\/wp-content\/uploads\/magnolia-trees-pixabay.jpg","datePublished":"2022-04-19T07:56:14+00:00","dateModified":"2024-10-16T12:35:40+00:00","breadcrumb":{"@id":"https:\/\/www.afi-ipl.org\/de\/afi_ipl_eventi\/pressekonferenz-afi-barometer-fruehjahr-2022\/#breadcrumb"},"inLanguage":"de","potentialAction":[{"@type":"ReadAction","target":["https:\/\/www.afi-ipl.org\/de\/afi_ipl_eventi\/pressekonferenz-afi-barometer-fruehjahr-2022\/"]}]},{"@type":"ImageObject","inLanguage":"de","@id":"https:\/\/www.afi-ipl.org\/de\/afi_ipl_eventi\/pressekonferenz-afi-barometer-fruehjahr-2022\/#primaryimage","url":"https:\/\/www.afi-ipl.org\/wp-content\/uploads\/magnolia-trees-pixabay.jpg","contentUrl":"https:\/\/www.afi-ipl.org\/wp-content\/uploads\/magnolia-trees-pixabay.jpg","width":960,"height":640},{"@type":"BreadcrumbList","@id":"https:\/\/www.afi-ipl.org\/de\/afi_ipl_eventi\/pressekonferenz-afi-barometer-fruehjahr-2022\/#breadcrumb","itemListElement":[{"@type":"ListItem","position":1,"name":"Home","item":"https:\/\/www.afi-ipl.org\/de\/"},{"@type":"ListItem","position":2,"name":"Pressekonferenz: AFI-Barometer &#8211; Fr\u00fchjahr 2022"}]},{"@type":"WebSite","@id":"https:\/\/www.afi-ipl.org\/de\/#website","url":"https:\/\/www.afi-ipl.org\/de\/","name":"AFI-IPL","description":"","publisher":{"@id":"https:\/\/www.afi-ipl.org\/de\/#organization"},"potentialAction":[{"@type":"SearchAction","target":{"@type":"EntryPoint","urlTemplate":"https:\/\/www.afi-ipl.org\/de\/?s={search_term_string}"},"query-input":{"@type":"PropertyValueSpecification","valueRequired":true,"valueName":"search_term_string"}}],"inLanguage":"de"},{"@type":"Organization","@id":"https:\/\/www.afi-ipl.org\/de\/#organization","name":"AFI-IPL","url":"https:\/\/www.afi-ipl.org\/de\/","logo":{"@type":"ImageObject","inLanguage":"de","@id":"https:\/\/www.afi-ipl.org\/de\/#\/schema\/logo\/image\/","url":"https:\/\/www.afi-ipl.org\/wp-content\/uploads\/Logo-mit-Zusatz.svg","contentUrl":"https:\/\/www.afi-ipl.org\/wp-content\/uploads\/Logo-mit-Zusatz.svg","width":241,"height":58,"caption":"AFI-IPL"},"image":{"@id":"https:\/\/www.afi-ipl.org\/de\/#\/schema\/logo\/image\/"},"sameAs":["https:\/\/www.facebook.com\/afi.ipl","https:\/\/x.com\/afi_ipl","https:\/\/www.youtube.com\/@afiipl","https:\/\/www.instagram.com\/afiipl","https:\/\/www.instagram.com\/perinistefan"]}]}},"_links":{"self":[{"href":"https:\/\/www.afi-ipl.org\/de\/wp-json\/wp\/v2\/afi_ipl_eventi\/33814","targetHints":{"allow":["GET"]}}],"collection":[{"href":"https:\/\/www.afi-ipl.org\/de\/wp-json\/wp\/v2\/afi_ipl_eventi"}],"about":[{"href":"https:\/\/www.afi-ipl.org\/de\/wp-json\/wp\/v2\/types\/afi_ipl_eventi"}],"version-history":[{"count":3,"href":"https:\/\/www.afi-ipl.org\/de\/wp-json\/wp\/v2\/afi_ipl_eventi\/33814\/revisions"}],"predecessor-version":[{"id":54151,"href":"https:\/\/www.afi-ipl.org\/de\/wp-json\/wp\/v2\/afi_ipl_eventi\/33814\/revisions\/54151"}],"wp:featuredmedia":[{"embeddable":true,"href":"https:\/\/www.afi-ipl.org\/de\/wp-json\/wp\/v2\/media\/2485"}],"wp:attachment":[{"href":"https:\/\/www.afi-ipl.org\/de\/wp-json\/wp\/v2\/media?parent=33814"}],"curies":[{"name":"wp","href":"https:\/\/api.w.org\/{rel}","templated":true}]}}