{"id":33818,"date":"2022-12-14T10:00:32","date_gmt":"2022-12-14T09:00:32","guid":{"rendered":"https:\/\/new.afi-ipl.org\/afi_ipl_eventi\/convegno-la-mobilita-sociale-in-alto-adige\/"},"modified":"2024-09-24T19:32:59","modified_gmt":"2024-09-24T17:32:59","slug":"tagung-soziale-mobilitaet-in-suedtirol","status":"publish","type":"afi_ipl_eventi","link":"https:\/\/www.afi-ipl.org\/de\/afi_ipl_eventi\/tagung-soziale-mobilitaet-in-suedtirol\/","title":{"rendered":"Tagung: &#8222;Soziale Mobilit\u00e4t in S\u00fcdtirol&#8220;"},"content":{"rendered":"<p style=\"text-align: justify;\"><strong>Donnerstag, 15. Dezember 2022<br \/>\n11:00-13:30 Uhr<br \/>\nInnenhof Palais Widmann, Silvius-Magnago-Platz 1 &#8211; Bozen<\/strong><\/p>\n<p style=\"text-align: justify;\">Soziale Mobilit\u00e4t ist ein in S\u00fcdtirol noch wenig erforschtes Ph\u00e4nomen, welches aber grundlegende Fragen zu Struktur und Selbstverst\u00e4ndnis unserer Gesellschaft aufwirft. Wie schwer ist es, die soziale Leiter emporzuklettern? Sind wir das Land der unbegrenzten M\u00f6glichkeiten oder m\u00fcssen wir von einem Land der eingeschr\u00e4nkten Entwicklungschancen sprechen? Wie stark bestimmt der famili\u00e4re Hintergrund die eigene Biografie? Mit diesen Fragen hat sich ein Forschungsprojekt des Center for Advanced Studies von Eurac Research und des AFI | Arbeitsf\u00f6rderungsinstituts auseinandergesetzt.<\/p>\n<p><a href=\"https:\/\/afi-ipl.org\/wp-content\/uploads\/Einladung_TagungSozialeMobilitaet.pdf\"><strong>Zum Programm<\/strong><\/a><\/p>\n<p><a href=\"https:\/\/afi-ipl.org\/wp-content\/uploads\/2022-12-15-PM-Soziale-Mobiltaet-1.pdf\"><strong>Zur Pressemitteilung<\/strong><\/a><\/p>\n<p><a href=\"https:\/\/afi-ipl.org\/wp-content\/uploads\/Soziale-Mobilita\u0308t.pdf\"><strong>Zur Studie<\/strong><\/a><\/p>\n<p><a href=\"https:\/\/www.youtube.com\/watch?v=uteVbHWWPOg\"><strong>Zur Aufnahme der Tagung<\/strong><\/a><\/p>\n<p><iframe loading=\"lazy\" src=\"\/\/www.youtube.com\/embed\/uteVbHWWPOg\" width=\"560\" height=\"314\" allowfullscreen=\"allowfullscreen\"><\/iframe><\/p>\n\n","protected":false},"featured_media":10065,"template":"","class_list":["post-33818","afi_ipl_eventi","type-afi_ipl_eventi","status-publish","has-post-thumbnail","hentry","unterteilungen-tagungen-und-webinare"],"acf":[],"aioseo_notices":[],"yoast_head":"<!-- This site is optimized with the Yoast SEO plugin v27.4 - https:\/\/yoast.com\/product\/yoast-seo-wordpress\/ -->\n<title>Tagung: &quot;Soziale Mobilit\u00e4t in S\u00fcdtirol&quot; - AFI-IPL<\/title>\n<meta name=\"robots\" content=\"index, follow, max-snippet:-1, max-image-preview:large, max-video-preview:-1\" \/>\n<link rel=\"canonical\" href=\"https:\/\/www.afi-ipl.org\/de\/afi_ipl_eventi\/tagung-soziale-mobilitaet-in-suedtirol\/\" \/>\n<meta property=\"og:locale\" content=\"de_DE\" \/>\n<meta property=\"og:type\" content=\"article\" \/>\n<meta property=\"og:title\" content=\"Tagung: &quot;Soziale Mobilit\u00e4t in S\u00fcdtirol&quot; - AFI-IPL\" \/>\n<meta property=\"og:description\" content=\"Donnerstag, 15. Dezember 2022 11:00-13:30 Uhr Innenhof Palais Widmann, Silvius-Magnago-Platz 1 &#8211; Bozen Soziale Mobilit\u00e4t ist ein in S\u00fcdtirol noch wenig erforschtes Ph\u00e4nomen, welches aber grundlegende Fragen zu Struktur und Selbstverst\u00e4ndnis unserer Gesellschaft aufwirft. Wie schwer ist es, die soziale Leiter emporzuklettern? Sind wir das Land der unbegrenzten M\u00f6glichkeiten oder m\u00fcssen wir von einem Land [&hellip;]\" \/>\n<meta property=\"og:url\" content=\"https:\/\/www.afi-ipl.org\/de\/afi_ipl_eventi\/tagung-soziale-mobilitaet-in-suedtirol\/\" \/>\n<meta property=\"og:site_name\" content=\"AFI-IPL\" \/>\n<meta property=\"article:publisher\" content=\"https:\/\/www.facebook.com\/afi.ipl\" \/>\n<meta property=\"article:modified_time\" content=\"2024-09-24T17:32:59+00:00\" \/>\n<meta property=\"og:image\" content=\"https:\/\/www.afi-ipl.org\/wp-content\/uploads\/SozMob_Relatoren.jpg\" \/>\n\t<meta property=\"og:image:width\" content=\"2048\" \/>\n\t<meta property=\"og:image:height\" content=\"1536\" \/>\n\t<meta property=\"og:image:type\" content=\"image\/jpeg\" \/>\n<meta name=\"twitter:card\" content=\"summary_large_image\" \/>\n<meta name=\"twitter:site\" content=\"@afi_ipl\" \/>\n<meta name=\"twitter:label1\" content=\"Gesch\u00e4tzte Lesezeit\" \/>\n\t<meta name=\"twitter:data1\" content=\"1\u00a0Minute\" \/>\n<script type=\"application\/ld+json\" class=\"yoast-schema-graph\">{\"@context\":\"https:\\\/\\\/schema.org\",\"@graph\":[{\"@type\":\"WebPage\",\"@id\":\"https:\\\/\\\/www.afi-ipl.org\\\/de\\\/afi_ipl_eventi\\\/tagung-soziale-mobilitaet-in-suedtirol\\\/\",\"url\":\"https:\\\/\\\/www.afi-ipl.org\\\/de\\\/afi_ipl_eventi\\\/tagung-soziale-mobilitaet-in-suedtirol\\\/\",\"name\":\"Tagung: \\\"Soziale Mobilit\u00e4t in S\u00fcdtirol\\\" - AFI-IPL\",\"isPartOf\":{\"@id\":\"https:\\\/\\\/www.afi-ipl.org\\\/de\\\/#website\"},\"primaryImageOfPage\":{\"@id\":\"https:\\\/\\\/www.afi-ipl.org\\\/de\\\/afi_ipl_eventi\\\/tagung-soziale-mobilitaet-in-suedtirol\\\/#primaryimage\"},\"image\":{\"@id\":\"https:\\\/\\\/www.afi-ipl.org\\\/de\\\/afi_ipl_eventi\\\/tagung-soziale-mobilitaet-in-suedtirol\\\/#primaryimage\"},\"thumbnailUrl\":\"https:\\\/\\\/www.afi-ipl.org\\\/wp-content\\\/uploads\\\/SozMob_Relatoren.jpg\",\"datePublished\":\"2022-12-14T09:00:32+00:00\",\"dateModified\":\"2024-09-24T17:32:59+00:00\",\"breadcrumb\":{\"@id\":\"https:\\\/\\\/www.afi-ipl.org\\\/de\\\/afi_ipl_eventi\\\/tagung-soziale-mobilitaet-in-suedtirol\\\/#breadcrumb\"},\"inLanguage\":\"de\",\"potentialAction\":[{\"@type\":\"ReadAction\",\"target\":[\"https:\\\/\\\/www.afi-ipl.org\\\/de\\\/afi_ipl_eventi\\\/tagung-soziale-mobilitaet-in-suedtirol\\\/\"]}]},{\"@type\":\"ImageObject\",\"inLanguage\":\"de\",\"@id\":\"https:\\\/\\\/www.afi-ipl.org\\\/de\\\/afi_ipl_eventi\\\/tagung-soziale-mobilitaet-in-suedtirol\\\/#primaryimage\",\"url\":\"https:\\\/\\\/www.afi-ipl.org\\\/wp-content\\\/uploads\\\/SozMob_Relatoren.jpg\",\"contentUrl\":\"https:\\\/\\\/www.afi-ipl.org\\\/wp-content\\\/uploads\\\/SozMob_Relatoren.jpg\",\"width\":2048,\"height\":1536,\"caption\":\"|||||||||||||\"},{\"@type\":\"BreadcrumbList\",\"@id\":\"https:\\\/\\\/www.afi-ipl.org\\\/de\\\/afi_ipl_eventi\\\/tagung-soziale-mobilitaet-in-suedtirol\\\/#breadcrumb\",\"itemListElement\":[{\"@type\":\"ListItem\",\"position\":1,\"name\":\"Home\",\"item\":\"https:\\\/\\\/www.afi-ipl.org\\\/de\\\/\"},{\"@type\":\"ListItem\",\"position\":2,\"name\":\"Tagung: &#8220;Soziale Mobilit\u00e4t in S\u00fcdtirol&#8221;\"}]},{\"@type\":\"WebSite\",\"@id\":\"https:\\\/\\\/www.afi-ipl.org\\\/de\\\/#website\",\"url\":\"https:\\\/\\\/www.afi-ipl.org\\\/de\\\/\",\"name\":\"AFI-IPL\",\"description\":\"\",\"publisher\":{\"@id\":\"https:\\\/\\\/www.afi-ipl.org\\\/de\\\/#organization\"},\"potentialAction\":[{\"@type\":\"SearchAction\",\"target\":{\"@type\":\"EntryPoint\",\"urlTemplate\":\"https:\\\/\\\/www.afi-ipl.org\\\/de\\\/?s={search_term_string}\"},\"query-input\":{\"@type\":\"PropertyValueSpecification\",\"valueRequired\":true,\"valueName\":\"search_term_string\"}}],\"inLanguage\":\"de\"},{\"@type\":\"Organization\",\"@id\":\"https:\\\/\\\/www.afi-ipl.org\\\/de\\\/#organization\",\"name\":\"AFI-IPL\",\"url\":\"https:\\\/\\\/www.afi-ipl.org\\\/de\\\/\",\"logo\":{\"@type\":\"ImageObject\",\"inLanguage\":\"de\",\"@id\":\"https:\\\/\\\/www.afi-ipl.org\\\/de\\\/#\\\/schema\\\/logo\\\/image\\\/\",\"url\":\"https:\\\/\\\/www.afi-ipl.org\\\/wp-content\\\/uploads\\\/Logo-mit-Zusatz.svg\",\"contentUrl\":\"https:\\\/\\\/www.afi-ipl.org\\\/wp-content\\\/uploads\\\/Logo-mit-Zusatz.svg\",\"width\":241,\"height\":58,\"caption\":\"AFI-IPL\"},\"image\":{\"@id\":\"https:\\\/\\\/www.afi-ipl.org\\\/de\\\/#\\\/schema\\\/logo\\\/image\\\/\"},\"sameAs\":[\"https:\\\/\\\/www.facebook.com\\\/afi.ipl\",\"https:\\\/\\\/x.com\\\/afi_ipl\",\"https:\\\/\\\/www.youtube.com\\\/@afiipl\",\"https:\\\/\\\/www.instagram.com\\\/afiipl\",\"https:\\\/\\\/www.instagram.com\\\/perinistefan\"]}]}<\/script>\n<!-- \/ Yoast SEO plugin. -->","yoast_head_json":{"title":"Tagung: \"Soziale Mobilit\u00e4t in S\u00fcdtirol\" - AFI-IPL","robots":{"index":"index","follow":"follow","max-snippet":"max-snippet:-1","max-image-preview":"max-image-preview:large","max-video-preview":"max-video-preview:-1"},"canonical":"https:\/\/www.afi-ipl.org\/de\/afi_ipl_eventi\/tagung-soziale-mobilitaet-in-suedtirol\/","og_locale":"de_DE","og_type":"article","og_title":"Tagung: \"Soziale Mobilit\u00e4t in S\u00fcdtirol\" - AFI-IPL","og_description":"Donnerstag, 15. Dezember 2022 11:00-13:30 Uhr Innenhof Palais Widmann, Silvius-Magnago-Platz 1 &#8211; Bozen Soziale Mobilit\u00e4t ist ein in S\u00fcdtirol noch wenig erforschtes Ph\u00e4nomen, welches aber grundlegende Fragen zu Struktur und Selbstverst\u00e4ndnis unserer Gesellschaft aufwirft. Wie schwer ist es, die soziale Leiter emporzuklettern? Sind wir das Land der unbegrenzten M\u00f6glichkeiten oder m\u00fcssen wir von einem Land [&hellip;]","og_url":"https:\/\/www.afi-ipl.org\/de\/afi_ipl_eventi\/tagung-soziale-mobilitaet-in-suedtirol\/","og_site_name":"AFI-IPL","article_publisher":"https:\/\/www.facebook.com\/afi.ipl","article_modified_time":"2024-09-24T17:32:59+00:00","og_image":[{"width":2048,"height":1536,"url":"https:\/\/www.afi-ipl.org\/wp-content\/uploads\/SozMob_Relatoren.jpg","type":"image\/jpeg"}],"twitter_card":"summary_large_image","twitter_site":"@afi_ipl","twitter_misc":{"Gesch\u00e4tzte Lesezeit":"1\u00a0Minute"},"schema":{"@context":"https:\/\/schema.org","@graph":[{"@type":"WebPage","@id":"https:\/\/www.afi-ipl.org\/de\/afi_ipl_eventi\/tagung-soziale-mobilitaet-in-suedtirol\/","url":"https:\/\/www.afi-ipl.org\/de\/afi_ipl_eventi\/tagung-soziale-mobilitaet-in-suedtirol\/","name":"Tagung: \"Soziale Mobilit\u00e4t in S\u00fcdtirol\" - AFI-IPL","isPartOf":{"@id":"https:\/\/www.afi-ipl.org\/de\/#website"},"primaryImageOfPage":{"@id":"https:\/\/www.afi-ipl.org\/de\/afi_ipl_eventi\/tagung-soziale-mobilitaet-in-suedtirol\/#primaryimage"},"image":{"@id":"https:\/\/www.afi-ipl.org\/de\/afi_ipl_eventi\/tagung-soziale-mobilitaet-in-suedtirol\/#primaryimage"},"thumbnailUrl":"https:\/\/www.afi-ipl.org\/wp-content\/uploads\/SozMob_Relatoren.jpg","datePublished":"2022-12-14T09:00:32+00:00","dateModified":"2024-09-24T17:32:59+00:00","breadcrumb":{"@id":"https:\/\/www.afi-ipl.org\/de\/afi_ipl_eventi\/tagung-soziale-mobilitaet-in-suedtirol\/#breadcrumb"},"inLanguage":"de","potentialAction":[{"@type":"ReadAction","target":["https:\/\/www.afi-ipl.org\/de\/afi_ipl_eventi\/tagung-soziale-mobilitaet-in-suedtirol\/"]}]},{"@type":"ImageObject","inLanguage":"de","@id":"https:\/\/www.afi-ipl.org\/de\/afi_ipl_eventi\/tagung-soziale-mobilitaet-in-suedtirol\/#primaryimage","url":"https:\/\/www.afi-ipl.org\/wp-content\/uploads\/SozMob_Relatoren.jpg","contentUrl":"https:\/\/www.afi-ipl.org\/wp-content\/uploads\/SozMob_Relatoren.jpg","width":2048,"height":1536,"caption":"|||||||||||||"},{"@type":"BreadcrumbList","@id":"https:\/\/www.afi-ipl.org\/de\/afi_ipl_eventi\/tagung-soziale-mobilitaet-in-suedtirol\/#breadcrumb","itemListElement":[{"@type":"ListItem","position":1,"name":"Home","item":"https:\/\/www.afi-ipl.org\/de\/"},{"@type":"ListItem","position":2,"name":"Tagung: &#8220;Soziale Mobilit\u00e4t in S\u00fcdtirol&#8221;"}]},{"@type":"WebSite","@id":"https:\/\/www.afi-ipl.org\/de\/#website","url":"https:\/\/www.afi-ipl.org\/de\/","name":"AFI-IPL","description":"","publisher":{"@id":"https:\/\/www.afi-ipl.org\/de\/#organization"},"potentialAction":[{"@type":"SearchAction","target":{"@type":"EntryPoint","urlTemplate":"https:\/\/www.afi-ipl.org\/de\/?s={search_term_string}"},"query-input":{"@type":"PropertyValueSpecification","valueRequired":true,"valueName":"search_term_string"}}],"inLanguage":"de"},{"@type":"Organization","@id":"https:\/\/www.afi-ipl.org\/de\/#organization","name":"AFI-IPL","url":"https:\/\/www.afi-ipl.org\/de\/","logo":{"@type":"ImageObject","inLanguage":"de","@id":"https:\/\/www.afi-ipl.org\/de\/#\/schema\/logo\/image\/","url":"https:\/\/www.afi-ipl.org\/wp-content\/uploads\/Logo-mit-Zusatz.svg","contentUrl":"https:\/\/www.afi-ipl.org\/wp-content\/uploads\/Logo-mit-Zusatz.svg","width":241,"height":58,"caption":"AFI-IPL"},"image":{"@id":"https:\/\/www.afi-ipl.org\/de\/#\/schema\/logo\/image\/"},"sameAs":["https:\/\/www.facebook.com\/afi.ipl","https:\/\/x.com\/afi_ipl","https:\/\/www.youtube.com\/@afiipl","https:\/\/www.instagram.com\/afiipl","https:\/\/www.instagram.com\/perinistefan"]}]}},"_links":{"self":[{"href":"https:\/\/www.afi-ipl.org\/de\/wp-json\/wp\/v2\/afi_ipl_eventi\/33818","targetHints":{"allow":["GET"]}}],"collection":[{"href":"https:\/\/www.afi-ipl.org\/de\/wp-json\/wp\/v2\/afi_ipl_eventi"}],"about":[{"href":"https:\/\/www.afi-ipl.org\/de\/wp-json\/wp\/v2\/types\/afi_ipl_eventi"}],"version-history":[{"count":2,"href":"https:\/\/www.afi-ipl.org\/de\/wp-json\/wp\/v2\/afi_ipl_eventi\/33818\/revisions"}],"predecessor-version":[{"id":34141,"href":"https:\/\/www.afi-ipl.org\/de\/wp-json\/wp\/v2\/afi_ipl_eventi\/33818\/revisions\/34141"}],"wp:featuredmedia":[{"embeddable":true,"href":"https:\/\/www.afi-ipl.org\/de\/wp-json\/wp\/v2\/media\/10065"}],"wp:attachment":[{"href":"https:\/\/www.afi-ipl.org\/de\/wp-json\/wp\/v2\/media?parent=33818"}],"curies":[{"name":"wp","href":"https:\/\/api.w.org\/{rel}","templated":true}]}}