{"id":56509,"date":"2025-04-03T10:00:26","date_gmt":"2025-04-03T08:00:26","guid":{"rendered":"https:\/\/www.afi-ipl.org\/?post_type=afi_ipl_eventi&#038;p=56509"},"modified":"2025-04-10T15:39:41","modified_gmt":"2025-04-10T13:39:41","slug":"pressekonferenz-afi-barometer-fruehjahr-2025","status":"publish","type":"afi_ipl_eventi","link":"https:\/\/www.afi-ipl.org\/de\/afi_ipl_eventi\/pressekonferenz-afi-barometer-fruehjahr-2025\/","title":{"rendered":"Pressekonferenz: AFI-Barometer, Fr\u00fchjahr 2025"},"content":{"rendered":"<p>Das Stimmungsbild der S\u00fcdtiroler Arbeitnehmer:innen wird im Rahmen einer Pressekonferenz in Anwesenheit von AFI-Pr\u00e4sident Andreas Dorigoni und Arbeits-Landesr\u00e4tin Magdalena Amhof vorgestellt.<\/p>\n<p>Die Daten werden von AFI-Direktor Stefan Perini pr\u00e4sentiert.<\/p>\n<p>Die Themen der Pressekonferenz:<\/p>\n<ul type=\"disc\">\n<li><em>Welche Auswirkungen auf die S\u00fcdtiroler Wirtschaft sind durch die neue Zollpolitik der USA zu erwarten?<\/em><\/li>\n<li><em>Zeichnet sich f\u00fcr S\u00fcdtirol eine Rezession ab?<\/em><\/li>\n<li><em>Wird die Inflation wieder aufflammen?<\/em><\/li>\n<li><em>Welche Entwicklung erwarten S\u00fcdtirols Arbeitnehmer:innen kurzfristig?<\/em><\/li>\n<\/ul>\n<p>Die Redner:innen stehen vor und nach der Pressekonferenz f\u00fcr Interviews zur Verf\u00fcgung.<\/p>\n\n\t\t<style type=\"text\/css\">\n\t\t\t#gallery-1 {\n\t\t\t\tmargin: auto;\n\t\t\t}\n\t\t\t#gallery-1 .gallery-item {\n\t\t\t\tfloat: left;\n\t\t\t\tmargin-top: 10px;\n\t\t\t\ttext-align: center;\n\t\t\t\twidth: 33%;\n\t\t\t}\n\t\t\t#gallery-1 img {\n\t\t\t\tborder: 2px solid #cfcfcf;\n\t\t\t}\n\t\t\t#gallery-1 .gallery-caption {\n\t\t\t\tmargin-left: 0;\n\t\t\t}\n\t\t\t\/* see gallery_shortcode() in wp-includes\/media.php *\/\n\t\t<\/style>\n\t\t<div id='gallery-1' class='gallery galleryid-56509 gallery-columns-3 gallery-size-medium'><dl class='gallery-item'>\n\t\t\t<dt class='gallery-icon landscape'>\n\t\t\t\t<a href='https:\/\/www.afi-ipl.org\/wp-content\/uploads\/WhatsApp-Image-2025-04-10-at-10.37.25-5.jpeg'><img loading=\"lazy\" decoding=\"async\" width=\"300\" height=\"169\" src=\"https:\/\/www.afi-ipl.org\/wp-content\/uploads\/WhatsApp-Image-2025-04-10-at-10.37.25-5-300x169.jpeg\" class=\"attachment-medium size-medium\" alt=\"\" srcset=\"https:\/\/www.afi-ipl.org\/wp-content\/uploads\/WhatsApp-Image-2025-04-10-at-10.37.25-5-300x169.jpeg 300w, https:\/\/www.afi-ipl.org\/wp-content\/uploads\/WhatsApp-Image-2025-04-10-at-10.37.25-5-1024x577.jpeg 1024w, https:\/\/www.afi-ipl.org\/wp-content\/uploads\/WhatsApp-Image-2025-04-10-at-10.37.25-5-768x432.jpeg 768w, https:\/\/www.afi-ipl.org\/wp-content\/uploads\/WhatsApp-Image-2025-04-10-at-10.37.25-5-1536x865.jpeg 1536w, https:\/\/www.afi-ipl.org\/wp-content\/uploads\/WhatsApp-Image-2025-04-10-at-10.37.25-5.jpeg 2000w\" sizes=\"auto, (max-width: 300px) 100vw, 300px\" \/><\/a>\n\t\t\t<\/dt><\/dl><dl class='gallery-item'>\n\t\t\t<dt class='gallery-icon landscape'>\n\t\t\t\t<a href='https:\/\/www.afi-ipl.org\/wp-content\/uploads\/WhatsApp-Image-2025-04-10-at-11.32.13-4.jpeg'><img loading=\"lazy\" decoding=\"async\" width=\"300\" height=\"225\" src=\"https:\/\/www.afi-ipl.org\/wp-content\/uploads\/WhatsApp-Image-2025-04-10-at-11.32.13-4-300x225.jpeg\" class=\"attachment-medium size-medium\" alt=\"\" srcset=\"https:\/\/www.afi-ipl.org\/wp-content\/uploads\/WhatsApp-Image-2025-04-10-at-11.32.13-4-300x225.jpeg 300w, https:\/\/www.afi-ipl.org\/wp-content\/uploads\/WhatsApp-Image-2025-04-10-at-11.32.13-4-1024x768.jpeg 1024w, https:\/\/www.afi-ipl.org\/wp-content\/uploads\/WhatsApp-Image-2025-04-10-at-11.32.13-4-768x576.jpeg 768w, https:\/\/www.afi-ipl.org\/wp-content\/uploads\/WhatsApp-Image-2025-04-10-at-11.32.13-4-1536x1152.jpeg 1536w, https:\/\/www.afi-ipl.org\/wp-content\/uploads\/WhatsApp-Image-2025-04-10-at-11.32.13-4-2000x1500.jpeg 2000w, https:\/\/www.afi-ipl.org\/wp-content\/uploads\/WhatsApp-Image-2025-04-10-at-11.32.13-4.jpeg 2048w\" sizes=\"auto, (max-width: 300px) 100vw, 300px\" \/><\/a>\n\t\t\t<\/dt><\/dl><dl class='gallery-item'>\n\t\t\t<dt class='gallery-icon landscape'>\n\t\t\t\t<a href='https:\/\/www.afi-ipl.org\/wp-content\/uploads\/WhatsApp-Image-2025-04-10-at-10.37.24-4.jpeg'><img loading=\"lazy\" decoding=\"async\" width=\"300\" height=\"169\" src=\"https:\/\/www.afi-ipl.org\/wp-content\/uploads\/WhatsApp-Image-2025-04-10-at-10.37.24-4-300x169.jpeg\" class=\"attachment-medium size-medium\" alt=\"\" srcset=\"https:\/\/www.afi-ipl.org\/wp-content\/uploads\/WhatsApp-Image-2025-04-10-at-10.37.24-4-300x169.jpeg 300w, https:\/\/www.afi-ipl.org\/wp-content\/uploads\/WhatsApp-Image-2025-04-10-at-10.37.24-4-1024x577.jpeg 1024w, https:\/\/www.afi-ipl.org\/wp-content\/uploads\/WhatsApp-Image-2025-04-10-at-10.37.24-4-768x432.jpeg 768w, https:\/\/www.afi-ipl.org\/wp-content\/uploads\/WhatsApp-Image-2025-04-10-at-10.37.24-4-1536x865.jpeg 1536w, https:\/\/www.afi-ipl.org\/wp-content\/uploads\/WhatsApp-Image-2025-04-10-at-10.37.24-4.jpeg 2000w\" sizes=\"auto, (max-width: 300px) 100vw, 300px\" \/><\/a>\n\t\t\t<\/dt><\/dl><br style=\"clear: both\" \/><dl class='gallery-item'>\n\t\t\t<dt class='gallery-icon landscape'>\n\t\t\t\t<a href='https:\/\/www.afi-ipl.org\/wp-content\/uploads\/WhatsApp-Image-2025-04-10-at-10.37.25-3.jpeg'><img loading=\"lazy\" decoding=\"async\" width=\"300\" height=\"169\" src=\"https:\/\/www.afi-ipl.org\/wp-content\/uploads\/WhatsApp-Image-2025-04-10-at-10.37.25-3-300x169.jpeg\" class=\"attachment-medium size-medium\" alt=\"\" srcset=\"https:\/\/www.afi-ipl.org\/wp-content\/uploads\/WhatsApp-Image-2025-04-10-at-10.37.25-3-300x169.jpeg 300w, https:\/\/www.afi-ipl.org\/wp-content\/uploads\/WhatsApp-Image-2025-04-10-at-10.37.25-3-1024x577.jpeg 1024w, https:\/\/www.afi-ipl.org\/wp-content\/uploads\/WhatsApp-Image-2025-04-10-at-10.37.25-3-768x432.jpeg 768w, https:\/\/www.afi-ipl.org\/wp-content\/uploads\/WhatsApp-Image-2025-04-10-at-10.37.25-3-1536x865.jpeg 1536w, https:\/\/www.afi-ipl.org\/wp-content\/uploads\/WhatsApp-Image-2025-04-10-at-10.37.25-3.jpeg 2000w\" sizes=\"auto, (max-width: 300px) 100vw, 300px\" \/><\/a>\n\t\t\t<\/dt><\/dl><dl class='gallery-item'>\n\t\t\t<dt class='gallery-icon landscape'>\n\t\t\t\t<a href='https:\/\/www.afi-ipl.org\/wp-content\/uploads\/WhatsApp-Image-2025-04-10-at-11.32.04-1.jpeg'><img loading=\"lazy\" decoding=\"async\" width=\"300\" height=\"225\" src=\"https:\/\/www.afi-ipl.org\/wp-content\/uploads\/WhatsApp-Image-2025-04-10-at-11.32.04-1-300x225.jpeg\" class=\"attachment-medium size-medium\" alt=\"\" srcset=\"https:\/\/www.afi-ipl.org\/wp-content\/uploads\/WhatsApp-Image-2025-04-10-at-11.32.04-1-300x225.jpeg 300w, https:\/\/www.afi-ipl.org\/wp-content\/uploads\/WhatsApp-Image-2025-04-10-at-11.32.04-1-1024x768.jpeg 1024w, https:\/\/www.afi-ipl.org\/wp-content\/uploads\/WhatsApp-Image-2025-04-10-at-11.32.04-1-768x576.jpeg 768w, https:\/\/www.afi-ipl.org\/wp-content\/uploads\/WhatsApp-Image-2025-04-10-at-11.32.04-1-1536x1152.jpeg 1536w, https:\/\/www.afi-ipl.org\/wp-content\/uploads\/WhatsApp-Image-2025-04-10-at-11.32.04-1-2000x1500.jpeg 2000w, https:\/\/www.afi-ipl.org\/wp-content\/uploads\/WhatsApp-Image-2025-04-10-at-11.32.04-1.jpeg 2048w\" sizes=\"auto, (max-width: 300px) 100vw, 300px\" \/><\/a>\n\t\t\t<\/dt><\/dl><dl class='gallery-item'>\n\t\t\t<dt class='gallery-icon landscape'>\n\t\t\t\t<a href='https:\/\/www.afi-ipl.org\/wp-content\/uploads\/WhatsApp-Image-2025-04-10-at-10.37.26-1.jpeg'><img loading=\"lazy\" decoding=\"async\" width=\"300\" height=\"169\" src=\"https:\/\/www.afi-ipl.org\/wp-content\/uploads\/WhatsApp-Image-2025-04-10-at-10.37.26-1-300x169.jpeg\" class=\"attachment-medium size-medium\" alt=\"\" srcset=\"https:\/\/www.afi-ipl.org\/wp-content\/uploads\/WhatsApp-Image-2025-04-10-at-10.37.26-1-300x169.jpeg 300w, https:\/\/www.afi-ipl.org\/wp-content\/uploads\/WhatsApp-Image-2025-04-10-at-10.37.26-1-1024x577.jpeg 1024w, https:\/\/www.afi-ipl.org\/wp-content\/uploads\/WhatsApp-Image-2025-04-10-at-10.37.26-1-768x432.jpeg 768w, https:\/\/www.afi-ipl.org\/wp-content\/uploads\/WhatsApp-Image-2025-04-10-at-10.37.26-1-1536x865.jpeg 1536w, https:\/\/www.afi-ipl.org\/wp-content\/uploads\/WhatsApp-Image-2025-04-10-at-10.37.26-1.jpeg 2000w\" sizes=\"auto, (max-width: 300px) 100vw, 300px\" \/><\/a>\n\t\t\t<\/dt><\/dl><br style=\"clear: both\" \/><dl class='gallery-item'>\n\t\t\t<dt class='gallery-icon landscape'>\n\t\t\t\t<a href='https:\/\/www.afi-ipl.org\/wp-content\/uploads\/WhatsApp-Image-2025-04-10-at-10.37.26-2.jpeg'><img loading=\"lazy\" decoding=\"async\" width=\"300\" height=\"169\" src=\"https:\/\/www.afi-ipl.org\/wp-content\/uploads\/WhatsApp-Image-2025-04-10-at-10.37.26-2-300x169.jpeg\" class=\"attachment-medium size-medium\" alt=\"\" srcset=\"https:\/\/www.afi-ipl.org\/wp-content\/uploads\/WhatsApp-Image-2025-04-10-at-10.37.26-2-300x169.jpeg 300w, https:\/\/www.afi-ipl.org\/wp-content\/uploads\/WhatsApp-Image-2025-04-10-at-10.37.26-2-1024x577.jpeg 1024w, https:\/\/www.afi-ipl.org\/wp-content\/uploads\/WhatsApp-Image-2025-04-10-at-10.37.26-2-768x432.jpeg 768w, https:\/\/www.afi-ipl.org\/wp-content\/uploads\/WhatsApp-Image-2025-04-10-at-10.37.26-2-1536x865.jpeg 1536w, https:\/\/www.afi-ipl.org\/wp-content\/uploads\/WhatsApp-Image-2025-04-10-at-10.37.26-2.jpeg 2000w\" sizes=\"auto, (max-width: 300px) 100vw, 300px\" \/><\/a>\n\t\t\t<\/dt><\/dl><dl class='gallery-item'>\n\t\t\t<dt class='gallery-icon landscape'>\n\t\t\t\t<a href='https:\/\/www.afi-ipl.org\/wp-content\/uploads\/WhatsApp-Image-2025-04-10-at-10.37.24.jpeg'><img loading=\"lazy\" decoding=\"async\" width=\"300\" height=\"169\" src=\"https:\/\/www.afi-ipl.org\/wp-content\/uploads\/WhatsApp-Image-2025-04-10-at-10.37.24-300x169.jpeg\" class=\"attachment-medium size-medium\" alt=\"\" srcset=\"https:\/\/www.afi-ipl.org\/wp-content\/uploads\/WhatsApp-Image-2025-04-10-at-10.37.24-300x169.jpeg 300w, https:\/\/www.afi-ipl.org\/wp-content\/uploads\/WhatsApp-Image-2025-04-10-at-10.37.24-1024x577.jpeg 1024w, https:\/\/www.afi-ipl.org\/wp-content\/uploads\/WhatsApp-Image-2025-04-10-at-10.37.24-768x432.jpeg 768w, https:\/\/www.afi-ipl.org\/wp-content\/uploads\/WhatsApp-Image-2025-04-10-at-10.37.24-1536x865.jpeg 1536w, https:\/\/www.afi-ipl.org\/wp-content\/uploads\/WhatsApp-Image-2025-04-10-at-10.37.24.jpeg 2000w\" sizes=\"auto, (max-width: 300px) 100vw, 300px\" \/><\/a>\n\t\t\t<\/dt><\/dl>\n\t\t\t<br style='clear: both' \/>\n\t\t<\/div>\n\n","protected":false},"featured_media":56506,"template":"","class_list":["post-56509","afi_ipl_eventi","type-afi_ipl_eventi","status-publish","has-post-thumbnail","hentry","unterteilungen-pressekonferenzen"],"acf":[],"aioseo_notices":[],"yoast_head":"<!-- This site is optimized with the Yoast SEO plugin v27.4 - https:\/\/yoast.com\/product\/yoast-seo-wordpress\/ -->\n<title>Pressekonferenz: AFI-Barometer, Fr\u00fchjahr 2025 - AFI-IPL<\/title>\n<meta name=\"robots\" content=\"index, follow, max-snippet:-1, max-image-preview:large, max-video-preview:-1\" \/>\n<link rel=\"canonical\" href=\"https:\/\/www.afi-ipl.org\/de\/afi_ipl_eventi\/pressekonferenz-afi-barometer-fruehjahr-2025\/\" \/>\n<meta property=\"og:locale\" content=\"de_DE\" \/>\n<meta property=\"og:type\" content=\"article\" \/>\n<meta property=\"og:title\" content=\"Pressekonferenz: AFI-Barometer, Fr\u00fchjahr 2025 - AFI-IPL\" \/>\n<meta property=\"og:description\" content=\"Das Stimmungsbild der S\u00fcdtiroler Arbeitnehmer:innen wird im Rahmen einer Pressekonferenz in Anwesenheit von AFI-Pr\u00e4sident Andreas Dorigoni und Arbeits-Landesr\u00e4tin Magdalena Amhof vorgestellt. Die Daten werden von AFI-Direktor Stefan Perini pr\u00e4sentiert. Die Themen der Pressekonferenz: Welche Auswirkungen auf die S\u00fcdtiroler Wirtschaft sind durch die neue Zollpolitik der USA zu erwarten? Zeichnet sich f\u00fcr S\u00fcdtirol eine Rezession ab? [&hellip;]\" \/>\n<meta property=\"og:url\" content=\"https:\/\/www.afi-ipl.org\/de\/afi_ipl_eventi\/pressekonferenz-afi-barometer-fruehjahr-2025\/\" \/>\n<meta property=\"og:site_name\" content=\"AFI-IPL\" \/>\n<meta property=\"article:publisher\" content=\"https:\/\/www.facebook.com\/afi.ipl\" \/>\n<meta property=\"article:modified_time\" content=\"2025-04-10T13:39:41+00:00\" \/>\n<meta property=\"og:image\" content=\"https:\/\/www.afi-ipl.org\/wp-content\/uploads\/Fruhling_Primavera-2-e1743576929329.png\" \/>\n\t<meta property=\"og:image:width\" content=\"751\" \/>\n\t<meta property=\"og:image:height\" content=\"584\" \/>\n\t<meta property=\"og:image:type\" content=\"image\/png\" \/>\n<meta name=\"twitter:card\" content=\"summary_large_image\" \/>\n<meta name=\"twitter:site\" content=\"@afi_ipl\" \/>\n<meta name=\"twitter:label1\" content=\"Gesch\u00e4tzte Lesezeit\" \/>\n\t<meta name=\"twitter:data1\" content=\"1\u00a0Minute\" \/>\n<script type=\"application\/ld+json\" class=\"yoast-schema-graph\">{\"@context\":\"https:\\\/\\\/schema.org\",\"@graph\":[{\"@type\":\"WebPage\",\"@id\":\"https:\\\/\\\/www.afi-ipl.org\\\/de\\\/afi_ipl_eventi\\\/pressekonferenz-afi-barometer-fruehjahr-2025\\\/\",\"url\":\"https:\\\/\\\/www.afi-ipl.org\\\/de\\\/afi_ipl_eventi\\\/pressekonferenz-afi-barometer-fruehjahr-2025\\\/\",\"name\":\"Pressekonferenz: AFI-Barometer, Fr\u00fchjahr 2025 - AFI-IPL\",\"isPartOf\":{\"@id\":\"https:\\\/\\\/www.afi-ipl.org\\\/de\\\/#website\"},\"primaryImageOfPage\":{\"@id\":\"https:\\\/\\\/www.afi-ipl.org\\\/de\\\/afi_ipl_eventi\\\/pressekonferenz-afi-barometer-fruehjahr-2025\\\/#primaryimage\"},\"image\":{\"@id\":\"https:\\\/\\\/www.afi-ipl.org\\\/de\\\/afi_ipl_eventi\\\/pressekonferenz-afi-barometer-fruehjahr-2025\\\/#primaryimage\"},\"thumbnailUrl\":\"https:\\\/\\\/www.afi-ipl.org\\\/wp-content\\\/uploads\\\/Fruhling_Primavera-2-e1743576929329.png\",\"datePublished\":\"2025-04-03T08:00:26+00:00\",\"dateModified\":\"2025-04-10T13:39:41+00:00\",\"breadcrumb\":{\"@id\":\"https:\\\/\\\/www.afi-ipl.org\\\/de\\\/afi_ipl_eventi\\\/pressekonferenz-afi-barometer-fruehjahr-2025\\\/#breadcrumb\"},\"inLanguage\":\"de\",\"potentialAction\":[{\"@type\":\"ReadAction\",\"target\":[\"https:\\\/\\\/www.afi-ipl.org\\\/de\\\/afi_ipl_eventi\\\/pressekonferenz-afi-barometer-fruehjahr-2025\\\/\"]}]},{\"@type\":\"ImageObject\",\"inLanguage\":\"de\",\"@id\":\"https:\\\/\\\/www.afi-ipl.org\\\/de\\\/afi_ipl_eventi\\\/pressekonferenz-afi-barometer-fruehjahr-2025\\\/#primaryimage\",\"url\":\"https:\\\/\\\/www.afi-ipl.org\\\/wp-content\\\/uploads\\\/Fruhling_Primavera-2-e1743576929329.png\",\"contentUrl\":\"https:\\\/\\\/www.afi-ipl.org\\\/wp-content\\\/uploads\\\/Fruhling_Primavera-2-e1743576929329.png\",\"width\":751,\"height\":584},{\"@type\":\"BreadcrumbList\",\"@id\":\"https:\\\/\\\/www.afi-ipl.org\\\/de\\\/afi_ipl_eventi\\\/pressekonferenz-afi-barometer-fruehjahr-2025\\\/#breadcrumb\",\"itemListElement\":[{\"@type\":\"ListItem\",\"position\":1,\"name\":\"Home\",\"item\":\"https:\\\/\\\/www.afi-ipl.org\\\/de\\\/\"},{\"@type\":\"ListItem\",\"position\":2,\"name\":\"Pressekonferenz: AFI-Barometer, Fr\u00fchjahr 2025\"}]},{\"@type\":\"WebSite\",\"@id\":\"https:\\\/\\\/www.afi-ipl.org\\\/de\\\/#website\",\"url\":\"https:\\\/\\\/www.afi-ipl.org\\\/de\\\/\",\"name\":\"AFI-IPL\",\"description\":\"\",\"publisher\":{\"@id\":\"https:\\\/\\\/www.afi-ipl.org\\\/de\\\/#organization\"},\"potentialAction\":[{\"@type\":\"SearchAction\",\"target\":{\"@type\":\"EntryPoint\",\"urlTemplate\":\"https:\\\/\\\/www.afi-ipl.org\\\/de\\\/?s={search_term_string}\"},\"query-input\":{\"@type\":\"PropertyValueSpecification\",\"valueRequired\":true,\"valueName\":\"search_term_string\"}}],\"inLanguage\":\"de\"},{\"@type\":\"Organization\",\"@id\":\"https:\\\/\\\/www.afi-ipl.org\\\/de\\\/#organization\",\"name\":\"AFI-IPL\",\"url\":\"https:\\\/\\\/www.afi-ipl.org\\\/de\\\/\",\"logo\":{\"@type\":\"ImageObject\",\"inLanguage\":\"de\",\"@id\":\"https:\\\/\\\/www.afi-ipl.org\\\/de\\\/#\\\/schema\\\/logo\\\/image\\\/\",\"url\":\"https:\\\/\\\/www.afi-ipl.org\\\/wp-content\\\/uploads\\\/Logo-mit-Zusatz.svg\",\"contentUrl\":\"https:\\\/\\\/www.afi-ipl.org\\\/wp-content\\\/uploads\\\/Logo-mit-Zusatz.svg\",\"width\":241,\"height\":58,\"caption\":\"AFI-IPL\"},\"image\":{\"@id\":\"https:\\\/\\\/www.afi-ipl.org\\\/de\\\/#\\\/schema\\\/logo\\\/image\\\/\"},\"sameAs\":[\"https:\\\/\\\/www.facebook.com\\\/afi.ipl\",\"https:\\\/\\\/x.com\\\/afi_ipl\",\"https:\\\/\\\/www.youtube.com\\\/@afiipl\",\"https:\\\/\\\/www.instagram.com\\\/afiipl\",\"https:\\\/\\\/www.instagram.com\\\/perinistefan\"]}]}<\/script>\n<!-- \/ Yoast SEO plugin. -->","yoast_head_json":{"title":"Pressekonferenz: AFI-Barometer, Fr\u00fchjahr 2025 - AFI-IPL","robots":{"index":"index","follow":"follow","max-snippet":"max-snippet:-1","max-image-preview":"max-image-preview:large","max-video-preview":"max-video-preview:-1"},"canonical":"https:\/\/www.afi-ipl.org\/de\/afi_ipl_eventi\/pressekonferenz-afi-barometer-fruehjahr-2025\/","og_locale":"de_DE","og_type":"article","og_title":"Pressekonferenz: AFI-Barometer, Fr\u00fchjahr 2025 - AFI-IPL","og_description":"Das Stimmungsbild der S\u00fcdtiroler Arbeitnehmer:innen wird im Rahmen einer Pressekonferenz in Anwesenheit von AFI-Pr\u00e4sident Andreas Dorigoni und Arbeits-Landesr\u00e4tin Magdalena Amhof vorgestellt. Die Daten werden von AFI-Direktor Stefan Perini pr\u00e4sentiert. Die Themen der Pressekonferenz: Welche Auswirkungen auf die S\u00fcdtiroler Wirtschaft sind durch die neue Zollpolitik der USA zu erwarten? Zeichnet sich f\u00fcr S\u00fcdtirol eine Rezession ab? [&hellip;]","og_url":"https:\/\/www.afi-ipl.org\/de\/afi_ipl_eventi\/pressekonferenz-afi-barometer-fruehjahr-2025\/","og_site_name":"AFI-IPL","article_publisher":"https:\/\/www.facebook.com\/afi.ipl","article_modified_time":"2025-04-10T13:39:41+00:00","og_image":[{"width":751,"height":584,"url":"https:\/\/www.afi-ipl.org\/wp-content\/uploads\/Fruhling_Primavera-2-e1743576929329.png","type":"image\/png"}],"twitter_card":"summary_large_image","twitter_site":"@afi_ipl","twitter_misc":{"Gesch\u00e4tzte Lesezeit":"1\u00a0Minute"},"schema":{"@context":"https:\/\/schema.org","@graph":[{"@type":"WebPage","@id":"https:\/\/www.afi-ipl.org\/de\/afi_ipl_eventi\/pressekonferenz-afi-barometer-fruehjahr-2025\/","url":"https:\/\/www.afi-ipl.org\/de\/afi_ipl_eventi\/pressekonferenz-afi-barometer-fruehjahr-2025\/","name":"Pressekonferenz: AFI-Barometer, Fr\u00fchjahr 2025 - AFI-IPL","isPartOf":{"@id":"https:\/\/www.afi-ipl.org\/de\/#website"},"primaryImageOfPage":{"@id":"https:\/\/www.afi-ipl.org\/de\/afi_ipl_eventi\/pressekonferenz-afi-barometer-fruehjahr-2025\/#primaryimage"},"image":{"@id":"https:\/\/www.afi-ipl.org\/de\/afi_ipl_eventi\/pressekonferenz-afi-barometer-fruehjahr-2025\/#primaryimage"},"thumbnailUrl":"https:\/\/www.afi-ipl.org\/wp-content\/uploads\/Fruhling_Primavera-2-e1743576929329.png","datePublished":"2025-04-03T08:00:26+00:00","dateModified":"2025-04-10T13:39:41+00:00","breadcrumb":{"@id":"https:\/\/www.afi-ipl.org\/de\/afi_ipl_eventi\/pressekonferenz-afi-barometer-fruehjahr-2025\/#breadcrumb"},"inLanguage":"de","potentialAction":[{"@type":"ReadAction","target":["https:\/\/www.afi-ipl.org\/de\/afi_ipl_eventi\/pressekonferenz-afi-barometer-fruehjahr-2025\/"]}]},{"@type":"ImageObject","inLanguage":"de","@id":"https:\/\/www.afi-ipl.org\/de\/afi_ipl_eventi\/pressekonferenz-afi-barometer-fruehjahr-2025\/#primaryimage","url":"https:\/\/www.afi-ipl.org\/wp-content\/uploads\/Fruhling_Primavera-2-e1743576929329.png","contentUrl":"https:\/\/www.afi-ipl.org\/wp-content\/uploads\/Fruhling_Primavera-2-e1743576929329.png","width":751,"height":584},{"@type":"BreadcrumbList","@id":"https:\/\/www.afi-ipl.org\/de\/afi_ipl_eventi\/pressekonferenz-afi-barometer-fruehjahr-2025\/#breadcrumb","itemListElement":[{"@type":"ListItem","position":1,"name":"Home","item":"https:\/\/www.afi-ipl.org\/de\/"},{"@type":"ListItem","position":2,"name":"Pressekonferenz: AFI-Barometer, Fr\u00fchjahr 2025"}]},{"@type":"WebSite","@id":"https:\/\/www.afi-ipl.org\/de\/#website","url":"https:\/\/www.afi-ipl.org\/de\/","name":"AFI-IPL","description":"","publisher":{"@id":"https:\/\/www.afi-ipl.org\/de\/#organization"},"potentialAction":[{"@type":"SearchAction","target":{"@type":"EntryPoint","urlTemplate":"https:\/\/www.afi-ipl.org\/de\/?s={search_term_string}"},"query-input":{"@type":"PropertyValueSpecification","valueRequired":true,"valueName":"search_term_string"}}],"inLanguage":"de"},{"@type":"Organization","@id":"https:\/\/www.afi-ipl.org\/de\/#organization","name":"AFI-IPL","url":"https:\/\/www.afi-ipl.org\/de\/","logo":{"@type":"ImageObject","inLanguage":"de","@id":"https:\/\/www.afi-ipl.org\/de\/#\/schema\/logo\/image\/","url":"https:\/\/www.afi-ipl.org\/wp-content\/uploads\/Logo-mit-Zusatz.svg","contentUrl":"https:\/\/www.afi-ipl.org\/wp-content\/uploads\/Logo-mit-Zusatz.svg","width":241,"height":58,"caption":"AFI-IPL"},"image":{"@id":"https:\/\/www.afi-ipl.org\/de\/#\/schema\/logo\/image\/"},"sameAs":["https:\/\/www.facebook.com\/afi.ipl","https:\/\/x.com\/afi_ipl","https:\/\/www.youtube.com\/@afiipl","https:\/\/www.instagram.com\/afiipl","https:\/\/www.instagram.com\/perinistefan"]}]}},"_links":{"self":[{"href":"https:\/\/www.afi-ipl.org\/de\/wp-json\/wp\/v2\/afi_ipl_eventi\/56509","targetHints":{"allow":["GET"]}}],"collection":[{"href":"https:\/\/www.afi-ipl.org\/de\/wp-json\/wp\/v2\/afi_ipl_eventi"}],"about":[{"href":"https:\/\/www.afi-ipl.org\/de\/wp-json\/wp\/v2\/types\/afi_ipl_eventi"}],"version-history":[{"count":8,"href":"https:\/\/www.afi-ipl.org\/de\/wp-json\/wp\/v2\/afi_ipl_eventi\/56509\/revisions"}],"predecessor-version":[{"id":56755,"href":"https:\/\/www.afi-ipl.org\/de\/wp-json\/wp\/v2\/afi_ipl_eventi\/56509\/revisions\/56755"}],"wp:featuredmedia":[{"embeddable":true,"href":"https:\/\/www.afi-ipl.org\/de\/wp-json\/wp\/v2\/media\/56506"}],"wp:attachment":[{"href":"https:\/\/www.afi-ipl.org\/de\/wp-json\/wp\/v2\/media?parent=56509"}],"curies":[{"name":"wp","href":"https:\/\/api.w.org\/{rel}","templated":true}]}}