{"id":29136,"date":"2023-12-14T08:10:27","date_gmt":"2023-12-14T07:10:27","guid":{"rendered":"https:\/\/new.afi-ipl.org\/colofone\/"},"modified":"2024-10-16T16:16:50","modified_gmt":"2024-10-16T14:16:50","slug":"impressum","status":"publish","type":"page","link":"https:\/\/www.afi-ipl.org\/de\/impressum\/","title":{"rendered":"Impressum"},"content":{"rendered":"<p><strong>AFI | Arbeitsf\u00f6rderungsinstitut<\/strong><br \/>\nK\u00f6rperschaft \u00f6ffentlichen Rechts f\u00fcr Forschung, Bildung und Information im Bereich Arbeit.<\/p>\n<p>Landhaus 12<br \/>\nKanonikus-Michael-Gamper-Stra\u00dfe 1<br \/>\nI \u2013 39100 Bozen<\/p>\n<p>Telefon: +39 0471 41 88 30<br \/>\nE-Mail: <a href=\"mailto:info@afi-ipl.org\">info@afi-ipl.org<\/a> \u2013 <a href=\"mailto:afi-ipl@pec.it\">afi-ipl@pec.it<\/a><\/p>\n<p>Steuernummer: 94047040210<\/p>\n<p><strong>Presserechtlich verantwortlich:<\/strong><br \/>\nStefan Perini<\/p>\n<p><strong>Redaktion<\/strong><br \/>\nTommaso Badia, Denise Ganthaler<\/p>\n<p><strong>Web-Administrator<\/strong><br \/>\n&#8211;<\/p>\n<p><strong>Realisierung<\/strong><br \/>\nEffekt GmbH<\/p>\n<p><strong>Haftungsauschluss<\/strong><br \/>\nTrotz sorgf\u00e4ltiger inhaltlicher Kontrolle \u00fcbernehmen wir keine Haftung f\u00fcr die Inhalte externer Links. F\u00fcr den Inhalt der verlinkten Seiten sind ausschlie\u00dflich deren BetreiberInnen verantwortlich.<\/p>\n<p>&nbsp;<\/p>\n<button  href=\"#consent-change\" role=\"button\" id=\"rcb-sc-link-change\" data-success-message=\"\" class=\"rcb-sc-link rcb-sc-link-change \">Privatsph\u00e4re-Einstellungen \u00e4ndern<\/button>\n<div>\n<div class=\"\">\n<p class=\"\"><button  href=\"#consent-history\" role=\"button\" id=\"rcb-sc-link-history\" data-success-message=\"\" class=\"rcb-sc-link rcb-sc-link-history \">Historie der Privatsph\u00e4re-Einstellungen<\/button><\/p>\n<p class=\"\"><button  href=\"#consent-revoke\" role=\"button\" id=\"rcb-sc-link-revoke\" data-success-message=\"Du hast die Einwilligung erfolgreich widerrufen. Die Seite wird nun neu geladen.\" class=\"rcb-sc-link rcb-sc-link-revoke \">Einwilligungen widerrufen<\/button><\/p>\n<\/div>\n<\/div>\n<p>&nbsp;<\/p>\n<p><strong>Informationen zur Online-Streitbeilegung gem\u00e4\u00df Art. 14, Abs. 1 der Verordnung (EU) Nr. 524\/2013 \u00fcber Online-Streitbeilegung in Verbraucherangelegenheiten (ODR-Verordnung):<\/strong><\/p>\n<p>Die EU-Kommission hat eine Internetplattform zur Online-Beilegung von Streitigkeiten (&#8222;OS-Plattform&#8220;) bereitgestellt. Die OS-Plattform kann als Anlaufstelle zur au\u00dfergerichtlichen Beilegung von Streitigkeiten aus Online-Kaufvertr\u00e4gen oder Dienstleistungsvertr\u00e4gen dienen. Die OS-Plattform ist unter der Internet-Adresse <strong><a href=\"https:\/\/ec.europa.eu\/consumers\/odr\" target=\"_blank\" rel=\"noopener\">ec.europa.eu\/consumers\/odr<\/a><\/strong> erreichbar.<\/p>\n","protected":false},"excerpt":{"rendered":"<p>AFI | Arbeitsf\u00f6rderungsinstitut K\u00f6rperschaft \u00f6ffentlichen Rechts f\u00fcr Forschung, Bildung und Information im Bereich Arbeit. Landhaus 12 Kanonikus-Michael-Gamper-Stra\u00dfe 1 I \u2013 39100 Bozen Telefon: +39 0471 41 88 30 E-Mail: info@afi-ipl.org \u2013 afi-ipl@pec.it Steuernummer: 94047040210 Presserechtlich verantwortlich: Stefan Perini Redaktion Tommaso Badia, Denise Ganthaler Web-Administrator &#8211; Realisierung Effekt GmbH Haftungsauschluss Trotz sorgf\u00e4ltiger inhaltlicher Kontrolle \u00fcbernehmen wir [&hellip;]<\/p>\n","protected":false},"author":1,"featured_media":0,"parent":0,"menu_order":801,"comment_status":"closed","ping_status":"closed","template":"template-dsgvo-impressum.php","meta":{"_acf_changed":false,"_monsterinsights_skip_tracking":false,"_monsterinsights_sitenote_active":false,"_monsterinsights_sitenote_note":"","_monsterinsights_sitenote_category":0,"footnotes":""},"class_list":["post-29136","page","type-page","status-publish","hentry"],"acf":[],"aioseo_notices":[],"yoast_head":"<!-- This site is optimized with the Yoast SEO plugin v27.4 - https:\/\/yoast.com\/product\/yoast-seo-wordpress\/ -->\n<title>Impressum des AFI | Arbeitsf\u00f6rderungsinstitut<\/title>\n<meta name=\"description\" content=\"Erfahren Sie mehr \u00fcber das Arbeitsf\u00f6rderungsinstitut (AFI) - Eine K\u00f6rperschaft \u00f6ffentlichen Rechts f\u00fcr Forschung, Bildung und Information im Bereich Arbeit.\" \/>\n<meta name=\"robots\" content=\"index, follow, max-snippet:-1, max-image-preview:large, max-video-preview:-1\" \/>\n<link rel=\"canonical\" href=\"https:\/\/www.afi-ipl.org\/de\/impressum\/\" \/>\n<meta property=\"og:locale\" content=\"de_DE\" \/>\n<meta property=\"og:type\" content=\"article\" \/>\n<meta property=\"og:title\" content=\"Impressum des AFI | Arbeitsf\u00f6rderungsinstitut\" \/>\n<meta property=\"og:description\" content=\"Erfahren Sie mehr \u00fcber das Arbeitsf\u00f6rderungsinstitut (AFI) - Eine K\u00f6rperschaft \u00f6ffentlichen Rechts f\u00fcr Forschung, Bildung und Information im Bereich Arbeit.\" \/>\n<meta property=\"og:url\" content=\"https:\/\/www.afi-ipl.org\/de\/impressum\/\" \/>\n<meta property=\"og:site_name\" content=\"AFI-IPL\" \/>\n<meta property=\"article:publisher\" content=\"https:\/\/www.facebook.com\/afi.ipl\" \/>\n<meta property=\"article:modified_time\" content=\"2024-10-16T14:16:50+00:00\" \/>\n<meta name=\"twitter:card\" content=\"summary_large_image\" \/>\n<meta name=\"twitter:site\" content=\"@afi_ipl\" \/>\n<meta name=\"twitter:label1\" content=\"Gesch\u00e4tzte Lesezeit\" \/>\n\t<meta name=\"twitter:data1\" content=\"1\u00a0Minute\" \/>\n<script type=\"application\/ld+json\" class=\"yoast-schema-graph\">{\"@context\":\"https:\\\/\\\/schema.org\",\"@graph\":[{\"@type\":\"WebPage\",\"@id\":\"https:\\\/\\\/www.afi-ipl.org\\\/de\\\/impressum\\\/\",\"url\":\"https:\\\/\\\/www.afi-ipl.org\\\/de\\\/impressum\\\/\",\"name\":\"Impressum des AFI | Arbeitsf\u00f6rderungsinstitut\",\"isPartOf\":{\"@id\":\"https:\\\/\\\/www.afi-ipl.org\\\/de\\\/#website\"},\"datePublished\":\"2023-12-14T07:10:27+00:00\",\"dateModified\":\"2024-10-16T14:16:50+00:00\",\"description\":\"Erfahren Sie mehr \u00fcber das Arbeitsf\u00f6rderungsinstitut (AFI) - Eine K\u00f6rperschaft \u00f6ffentlichen Rechts f\u00fcr Forschung, Bildung und Information im Bereich Arbeit.\",\"breadcrumb\":{\"@id\":\"https:\\\/\\\/www.afi-ipl.org\\\/de\\\/impressum\\\/#breadcrumb\"},\"inLanguage\":\"de\",\"potentialAction\":[{\"@type\":\"ReadAction\",\"target\":[\"https:\\\/\\\/www.afi-ipl.org\\\/de\\\/impressum\\\/\"]}]},{\"@type\":\"BreadcrumbList\",\"@id\":\"https:\\\/\\\/www.afi-ipl.org\\\/de\\\/impressum\\\/#breadcrumb\",\"itemListElement\":[{\"@type\":\"ListItem\",\"position\":1,\"name\":\"Home\",\"item\":\"https:\\\/\\\/www.afi-ipl.org\\\/de\\\/\"},{\"@type\":\"ListItem\",\"position\":2,\"name\":\"Impressum\"}]},{\"@type\":\"WebSite\",\"@id\":\"https:\\\/\\\/www.afi-ipl.org\\\/de\\\/#website\",\"url\":\"https:\\\/\\\/www.afi-ipl.org\\\/de\\\/\",\"name\":\"AFI-IPL\",\"description\":\"\",\"publisher\":{\"@id\":\"https:\\\/\\\/www.afi-ipl.org\\\/de\\\/#organization\"},\"potentialAction\":[{\"@type\":\"SearchAction\",\"target\":{\"@type\":\"EntryPoint\",\"urlTemplate\":\"https:\\\/\\\/www.afi-ipl.org\\\/de\\\/?s={search_term_string}\"},\"query-input\":{\"@type\":\"PropertyValueSpecification\",\"valueRequired\":true,\"valueName\":\"search_term_string\"}}],\"inLanguage\":\"de\"},{\"@type\":\"Organization\",\"@id\":\"https:\\\/\\\/www.afi-ipl.org\\\/de\\\/#organization\",\"name\":\"AFI-IPL\",\"url\":\"https:\\\/\\\/www.afi-ipl.org\\\/de\\\/\",\"logo\":{\"@type\":\"ImageObject\",\"inLanguage\":\"de\",\"@id\":\"https:\\\/\\\/www.afi-ipl.org\\\/de\\\/#\\\/schema\\\/logo\\\/image\\\/\",\"url\":\"https:\\\/\\\/www.afi-ipl.org\\\/wp-content\\\/uploads\\\/Logo-mit-Zusatz.svg\",\"contentUrl\":\"https:\\\/\\\/www.afi-ipl.org\\\/wp-content\\\/uploads\\\/Logo-mit-Zusatz.svg\",\"width\":241,\"height\":58,\"caption\":\"AFI-IPL\"},\"image\":{\"@id\":\"https:\\\/\\\/www.afi-ipl.org\\\/de\\\/#\\\/schema\\\/logo\\\/image\\\/\"},\"sameAs\":[\"https:\\\/\\\/www.facebook.com\\\/afi.ipl\",\"https:\\\/\\\/x.com\\\/afi_ipl\",\"https:\\\/\\\/www.youtube.com\\\/@afiipl\",\"https:\\\/\\\/www.instagram.com\\\/afiipl\",\"https:\\\/\\\/www.instagram.com\\\/perinistefan\"]}]}<\/script>\n<!-- \/ Yoast SEO plugin. -->","yoast_head_json":{"title":"Impressum des AFI | Arbeitsf\u00f6rderungsinstitut","description":"Erfahren Sie mehr \u00fcber das Arbeitsf\u00f6rderungsinstitut (AFI) - Eine K\u00f6rperschaft \u00f6ffentlichen Rechts f\u00fcr Forschung, Bildung und Information im Bereich Arbeit.","robots":{"index":"index","follow":"follow","max-snippet":"max-snippet:-1","max-image-preview":"max-image-preview:large","max-video-preview":"max-video-preview:-1"},"canonical":"https:\/\/www.afi-ipl.org\/de\/impressum\/","og_locale":"de_DE","og_type":"article","og_title":"Impressum des AFI | Arbeitsf\u00f6rderungsinstitut","og_description":"Erfahren Sie mehr \u00fcber das Arbeitsf\u00f6rderungsinstitut (AFI) - Eine K\u00f6rperschaft \u00f6ffentlichen Rechts f\u00fcr Forschung, Bildung und Information im Bereich Arbeit.","og_url":"https:\/\/www.afi-ipl.org\/de\/impressum\/","og_site_name":"AFI-IPL","article_publisher":"https:\/\/www.facebook.com\/afi.ipl","article_modified_time":"2024-10-16T14:16:50+00:00","twitter_card":"summary_large_image","twitter_site":"@afi_ipl","twitter_misc":{"Gesch\u00e4tzte Lesezeit":"1\u00a0Minute"},"schema":{"@context":"https:\/\/schema.org","@graph":[{"@type":"WebPage","@id":"https:\/\/www.afi-ipl.org\/de\/impressum\/","url":"https:\/\/www.afi-ipl.org\/de\/impressum\/","name":"Impressum des AFI | Arbeitsf\u00f6rderungsinstitut","isPartOf":{"@id":"https:\/\/www.afi-ipl.org\/de\/#website"},"datePublished":"2023-12-14T07:10:27+00:00","dateModified":"2024-10-16T14:16:50+00:00","description":"Erfahren Sie mehr \u00fcber das Arbeitsf\u00f6rderungsinstitut (AFI) - Eine K\u00f6rperschaft \u00f6ffentlichen Rechts f\u00fcr Forschung, Bildung und Information im Bereich Arbeit.","breadcrumb":{"@id":"https:\/\/www.afi-ipl.org\/de\/impressum\/#breadcrumb"},"inLanguage":"de","potentialAction":[{"@type":"ReadAction","target":["https:\/\/www.afi-ipl.org\/de\/impressum\/"]}]},{"@type":"BreadcrumbList","@id":"https:\/\/www.afi-ipl.org\/de\/impressum\/#breadcrumb","itemListElement":[{"@type":"ListItem","position":1,"name":"Home","item":"https:\/\/www.afi-ipl.org\/de\/"},{"@type":"ListItem","position":2,"name":"Impressum"}]},{"@type":"WebSite","@id":"https:\/\/www.afi-ipl.org\/de\/#website","url":"https:\/\/www.afi-ipl.org\/de\/","name":"AFI-IPL","description":"","publisher":{"@id":"https:\/\/www.afi-ipl.org\/de\/#organization"},"potentialAction":[{"@type":"SearchAction","target":{"@type":"EntryPoint","urlTemplate":"https:\/\/www.afi-ipl.org\/de\/?s={search_term_string}"},"query-input":{"@type":"PropertyValueSpecification","valueRequired":true,"valueName":"search_term_string"}}],"inLanguage":"de"},{"@type":"Organization","@id":"https:\/\/www.afi-ipl.org\/de\/#organization","name":"AFI-IPL","url":"https:\/\/www.afi-ipl.org\/de\/","logo":{"@type":"ImageObject","inLanguage":"de","@id":"https:\/\/www.afi-ipl.org\/de\/#\/schema\/logo\/image\/","url":"https:\/\/www.afi-ipl.org\/wp-content\/uploads\/Logo-mit-Zusatz.svg","contentUrl":"https:\/\/www.afi-ipl.org\/wp-content\/uploads\/Logo-mit-Zusatz.svg","width":241,"height":58,"caption":"AFI-IPL"},"image":{"@id":"https:\/\/www.afi-ipl.org\/de\/#\/schema\/logo\/image\/"},"sameAs":["https:\/\/www.facebook.com\/afi.ipl","https:\/\/x.com\/afi_ipl","https:\/\/www.youtube.com\/@afiipl","https:\/\/www.instagram.com\/afiipl","https:\/\/www.instagram.com\/perinistefan"]}]}},"_links":{"self":[{"href":"https:\/\/www.afi-ipl.org\/de\/wp-json\/wp\/v2\/pages\/29136","targetHints":{"allow":["GET"]}}],"collection":[{"href":"https:\/\/www.afi-ipl.org\/de\/wp-json\/wp\/v2\/pages"}],"about":[{"href":"https:\/\/www.afi-ipl.org\/de\/wp-json\/wp\/v2\/types\/page"}],"author":[{"embeddable":true,"href":"https:\/\/www.afi-ipl.org\/de\/wp-json\/wp\/v2\/users\/1"}],"replies":[{"embeddable":true,"href":"https:\/\/www.afi-ipl.org\/de\/wp-json\/wp\/v2\/comments?post=29136"}],"version-history":[{"count":8,"href":"https:\/\/www.afi-ipl.org\/de\/wp-json\/wp\/v2\/pages\/29136\/revisions"}],"predecessor-version":[{"id":54030,"href":"https:\/\/www.afi-ipl.org\/de\/wp-json\/wp\/v2\/pages\/29136\/revisions\/54030"}],"wp:attachment":[{"href":"https:\/\/www.afi-ipl.org\/de\/wp-json\/wp\/v2\/media?parent=29136"}],"curies":[{"name":"wp","href":"https:\/\/api.w.org\/{rel}","templated":true}]}}